{"id":802,"date":"2025-03-01T13:26:17","date_gmt":"2025-03-01T13:26:17","guid":{"rendered":"https:\/\/www.szentkuthymiklos.hu\/web\/?page_id=802"},"modified":"2025-03-01T13:39:11","modified_gmt":"2025-03-01T13:39:11","slug":"rugasi-gyula-szent-orpheus-arckepe","status":"publish","type":"page","link":"https:\/\/www.szentkuthymiklos.hu\/web\/rola-szolo-muvek\/rugasi-gyula-szent-orpheus-arckepe\/","title":{"rendered":"Rug\u00e1si Gyula: Szent Orpheus arck\u00e9pe"},"content":{"rendered":"\n<p class=\"has-text-align-center\">Rug\u00e1si Gyula: Szent Orpheus arck\u00e9pe<\/p>\n\n\n\n<p class=\"has-text-align-center\">J\u00f3zsef Attila K\u00f6r-Pesti Szalon K\u00f6nyvkiad\u00f3, 1992.<\/p>\n\n\n\n<p>Az\u00f3ta, hogy a Prae \u00edr\u00f3j\u00e1t kritikusa, Hevesi Andr\u00e1s egyszerre nevezte sz\u00f6rnyetegnek \u00e9s literary gentlemannek, Szentkuthy Mikl\u00f3s m\u0171veit az \u00edr\u00f3i rend \u00e9s az olvas\u00f3k\u00f6z\u00f6ns\u00e9g egyk\u00e9nt ellentmond\u00e1sosan fogadta. Az olvas\u00f3 sz\u00e1m\u00e1ra \u00fatveszt\u0151nek t\u0171nhet Szentkuthy sokezer oldalas \u00e9letm\u0171ve, a rengeteg \u00e1larc, t\u00f6rt\u00e9net, sz\u00f3j\u00e1t\u00e9k, elm\u00e9lked\u00e9s \u00e9s barokk mondat. Rug\u00e1si Gyula tanulm\u00e1nya azonban arra h\u00edvja fel a figyelm\u00fcnket, hogy a Szentkuthy-m\u0171vek ugyanazon ide\u00e1lis t\u00e9rben \u00e9s id\u0151ben j\u00e1tsz\u00f3dnak, a Mediterraneumban \u00e9s a XVIII. sz\u00e1zadban, s e k\u00f6nyvekb\u0151l a t\u00f6rt\u00e9nelem egszerre mutatja fel\u00e9nk antik \u00e9s kereszt\u00e9ny arc\u00e1t: &#8222;Szentkuthy Orpheus-sorozat\u00e1nak fundamentum\u00e1t a kereszt\u00e9ny civiliz\u00e1ci\u00f3 k\u00e9tezer \u00e9v\u00e9nek egyetlen egys\u00e9gben val\u00f3 \u00e1tfog\u00e1sa, egyetlen dr\u00e1mai szinpadon val\u00f3 megjelen\u00edt\u00e9se jelenti.&#8221; Rug\u00e1si Gyula Szentkuthy-kalauz\u00e1nak k\u00f6z\u00e9ppontj\u00e1ban a f\u0151m\u0171, a Szent Orpheus Brevi\u00e1riuma \u00e1ll.<\/p>\n","protected":false},"excerpt":{"rendered":"<p>Rug\u00e1si Gyula: Szent Orpheus arck\u00e9pe J\u00f3zsef Attila K\u00f6r-Pesti Szalon K\u00f6nyvkiad\u00f3, 1992. Az\u00f3ta, hogy a Prae \u00edr\u00f3j\u00e1t kritikusa, Hevesi Andr\u00e1s egyszerre nevezte sz\u00f6rnyetegnek \u00e9s literary gentlemannek, Szentkuthy Mikl\u00f3s m\u0171veit az \u00edr\u00f3i rend \u00e9s az olvas\u00f3k\u00f6z\u00f6ns\u00e9g egyk\u00e9nt ellentmond\u00e1sosan fogadta. Az olvas\u00f3 sz\u00e1m\u00e1ra \u00fatveszt\u0151nek t\u0171nhet Szentkuthy sokezer oldalas \u00e9letm\u0171ve, a rengeteg \u00e1larc, t\u00f6rt\u00e9net, sz\u00f3j\u00e1t\u00e9k, elm\u00e9lked\u00e9s \u00e9s barokk mondat. [&hellip;]<\/p>\n","protected":false},"author":4,"featured_media":0,"parent":505,"menu_order":7,"comment_status":"closed","ping_status":"closed","template":"","meta":{"footnotes":""},"categories":[54],"class_list":["post-802","page","type-page","status-publish","hentry","category-rola-szolo-muvek"],"_links":{"self":[{"href":"https:\/\/www.szentkuthymiklos.hu\/web\/wp-json\/wp\/v2\/pages\/802","targetHints":{"allow":["GET"]}}],"collection":[{"href":"https:\/\/www.szentkuthymiklos.hu\/web\/wp-json\/wp\/v2\/pages"}],"about":[{"href":"https:\/\/www.szentkuthymiklos.hu\/web\/wp-json\/wp\/v2\/types\/page"}],"author":[{"embeddable":true,"href":"https:\/\/www.szentkuthymiklos.hu\/web\/wp-json\/wp\/v2\/users\/4"}],"replies":[{"embeddable":true,"href":"https:\/\/www.szentkuthymiklos.hu\/web\/wp-json\/wp\/v2\/comments?post=802"}],"version-history":[{"count":1,"href":"https:\/\/www.szentkuthymiklos.hu\/web\/wp-json\/wp\/v2\/pages\/802\/revisions"}],"predecessor-version":[{"id":803,"href":"https:\/\/www.szentkuthymiklos.hu\/web\/wp-json\/wp\/v2\/pages\/802\/revisions\/803"}],"up":[{"embeddable":true,"href":"https:\/\/www.szentkuthymiklos.hu\/web\/wp-json\/wp\/v2\/pages\/505"}],"wp:attachment":[{"href":"https:\/\/www.szentkuthymiklos.hu\/web\/wp-json\/wp\/v2\/media?parent=802"}],"wp:term":[{"taxonomy":"category","embeddable":true,"href":"https:\/\/www.szentkuthymiklos.hu\/web\/wp-json\/wp\/v2\/categories?post=802"}],"curies":[{"name":"wp","href":"https:\/\/api.w.org\/{rel}","templated":true}]}}