{"id":792,"date":"2025-03-01T13:16:04","date_gmt":"2025-03-01T13:16:04","guid":{"rendered":"https:\/\/www.szentkuthymiklos.hu\/web\/?page_id=792"},"modified":"2025-03-01T13:16:04","modified_gmt":"2025-03-01T13:16:04","slug":"fekete-j-jozsef-elmelet-helyett","status":"publish","type":"page","link":"https:\/\/www.szentkuthymiklos.hu\/web\/rola-szolo-muvek\/fekete-j-jozsef-elmelet-helyett\/","title":{"rendered":"Fekete J. J\u00f3zsef: Elm\u00e9let helyett"},"content":{"rendered":"\n<p class=\"has-text-align-center\">Fekete J. J\u00f3zsef: Elm\u00e9let helyett: koreogr\u00e1fia<\/p>\n\n\n\n<p class=\"has-text-align-center\">C\u00e9drus M\u0171v\u00e9szeti Alap\u00edtv\u00e1ny-Napk\u00fat Kiad\u00f3, 2010.<\/p>\n\n\n\n<p>Szentkuty Mikl\u00f3s \u00e9letm\u0171ve a mai napig izgalmakat \u00e9s titkokat rejt mind az olvas\u00f3k, mind az irodalomt\u00f6rt\u00e9n\u00e9szek sz\u00e1m\u00e1ra. Kiadatlan napl\u00f3k, k\u00e9ziratok jelzik, hogy jelent\u0151s munka v\u00e1r m\u00e9g a filol\u00f3gusra, ahogyan az olvas\u00f3ra is. Fekete J. J\u00f3zsef amellett, hogy kijel\u00f6li az elv\u00e9gzend\u0151 munka lehets\u00e9ges ir\u00e1nyait, m\u00e1r r\u00e9szt is v\u00e1llal mindebb\u0151l: k\u00e9ziratokat elemez \u00e9s az \u00e9letm\u0171 egy-egy darabj\u00e1nak adja \u00fajabb olvasat\u00e1t. K\u00f6tet\u00e9ben k\u00f6vetkezetesen visszat\u00e9r\u0151 szempont a Szentkuthy-\u00e1larcok leleplez\u00e9se, azonban jelent\u0151s szerephez jut az \u00edr\u00f3 v\u00e1llalta hagyom\u00e1ny \u00e9s az \u00e1ltala k\u00e9pviselte \u00f6r\u00f6ks\u00e9g felt\u00e9rk\u00e9pez\u00e9se is. Mik\u00f6zben Fekete J. J\u00f3zsef megk\u00eds\u00e9rli az egyes m\u0171vek r\u00e9szletes \u00e9rtelmez\u00e9s\u00e9t, egyszer sem vesz\u00edti szem el\u0151l ezeknek az (ismert) Eg\u00e9szhez val\u00f3 viszony\u00e1t.<\/p>\n","protected":false},"excerpt":{"rendered":"<p>Fekete J. J\u00f3zsef: Elm\u00e9let helyett: koreogr\u00e1fia C\u00e9drus M\u0171v\u00e9szeti Alap\u00edtv\u00e1ny-Napk\u00fat Kiad\u00f3, 2010. Szentkuty Mikl\u00f3s \u00e9letm\u0171ve a mai napig izgalmakat \u00e9s titkokat rejt mind az olvas\u00f3k, mind az irodalomt\u00f6rt\u00e9n\u00e9szek sz\u00e1m\u00e1ra. Kiadatlan napl\u00f3k, k\u00e9ziratok jelzik, hogy jelent\u0151s munka v\u00e1r m\u00e9g a filol\u00f3gusra, ahogyan az olvas\u00f3ra is. Fekete J. J\u00f3zsef amellett, hogy kijel\u00f6li az elv\u00e9gzend\u0151 munka lehets\u00e9ges ir\u00e1nyait, m\u00e1r [&hellip;]<\/p>\n","protected":false},"author":4,"featured_media":0,"parent":505,"menu_order":3,"comment_status":"closed","ping_status":"closed","template":"","meta":{"footnotes":""},"categories":[54],"class_list":["post-792","page","type-page","status-publish","hentry","category-rola-szolo-muvek"],"_links":{"self":[{"href":"https:\/\/www.szentkuthymiklos.hu\/web\/wp-json\/wp\/v2\/pages\/792","targetHints":{"allow":["GET"]}}],"collection":[{"href":"https:\/\/www.szentkuthymiklos.hu\/web\/wp-json\/wp\/v2\/pages"}],"about":[{"href":"https:\/\/www.szentkuthymiklos.hu\/web\/wp-json\/wp\/v2\/types\/page"}],"author":[{"embeddable":true,"href":"https:\/\/www.szentkuthymiklos.hu\/web\/wp-json\/wp\/v2\/users\/4"}],"replies":[{"embeddable":true,"href":"https:\/\/www.szentkuthymiklos.hu\/web\/wp-json\/wp\/v2\/comments?post=792"}],"version-history":[{"count":1,"href":"https:\/\/www.szentkuthymiklos.hu\/web\/wp-json\/wp\/v2\/pages\/792\/revisions"}],"predecessor-version":[{"id":793,"href":"https:\/\/www.szentkuthymiklos.hu\/web\/wp-json\/wp\/v2\/pages\/792\/revisions\/793"}],"up":[{"embeddable":true,"href":"https:\/\/www.szentkuthymiklos.hu\/web\/wp-json\/wp\/v2\/pages\/505"}],"wp:attachment":[{"href":"https:\/\/www.szentkuthymiklos.hu\/web\/wp-json\/wp\/v2\/media?parent=792"}],"wp:term":[{"taxonomy":"category","embeddable":true,"href":"https:\/\/www.szentkuthymiklos.hu\/web\/wp-json\/wp\/v2\/categories?post=792"}],"curies":[{"name":"wp","href":"https:\/\/api.w.org\/{rel}","templated":true}]}}