{"id":739,"date":"2025-02-16T12:21:57","date_gmt":"2025-02-16T12:21:57","guid":{"rendered":"https:\/\/www.szentkuthymiklos.hu\/web\/?page_id=739"},"modified":"2025-02-16T12:21:58","modified_gmt":"2025-02-16T12:21:58","slug":"reszlet","status":"publish","type":"page","link":"https:\/\/www.szentkuthymiklos.hu\/web\/regenyek\/barokk-robert\/reszlet\/","title":{"rendered":"R\u00e9szlet"},"content":{"rendered":"\n<p class=\"has-text-align-center\"><em>Szentkuthy Mikl\u00f3s: Barokk R\u00f3bert <\/em><\/p>\n\n\n\n<p class=\"has-text-align-center\"><strong>R\u00e9szlet<\/strong><\/p>\n\n\n\n<p>Mik\u00f6zben a harm\u00f3niumon j\u00e1tszottunk, n\u00e9ztem a tisztelend\u0151 \u00far kez\u00e9t. Kem\u00e9ny, csontos, sz\u00e1raz \u00e9s tiszt\u00e1ra mosott kezek. Eg\u00e9szen m\u00e1sok, mint a vil\u00e1giak\u00e9. Figyeltem a hangj\u00e1t: milyen b\u00e1tran \u00e9nekelt, hangosan, nem t\u00f6r\u0151d\u00f6tt vele, hogy iskol\u00e1zatlan, sz\u00edntelen \u00e9s pr\u00f3zai. \u00c9n sohasem \u00e9nekeltem k\u00f6z\u00f6s \u00e9nekn\u00e9l a templomban, csak a sz\u00e1mat mozgattam. De most l\u00e1zba j\u00f6ttem: \u00e9reztem a \u201em\u00faltamat\u201d, annak jelent\u0151s\u00e9g\u00e9t, \u00e9s abban az \u00e1lomban ringattam magam, hogy ezzel a reg\u00e9ny-\u00f6tletk\u00e9vel \u2013 Uram bocs\u00e1ss! \u2013 m\u0171v\u00e9szi form\u00e1ban is \u00e9rt\u00e9kes\u00edteni tudn\u00e1m tanuls\u00e1gait. Hogy sohasem fogom meg\u00edrni, az val\u00f3sz\u00edn\u0171. Mit fogok \u00e9n meg\u00edrni?<\/p>\n\n\n\n<p>M\u00e1r gondoltam arra, hogy k\u00f6nyvet \u00edrok ilyen c\u00edmmel: Essz\u00e9k nem \u00e9lt \u00edr\u00f3kr\u00f3l, \u00e9s ebben pr\u00f3teuszi egy\u00e9nis\u00e9gemet fogom elemezni: minden hajland\u00f3s\u00e1gomb\u00f3l egy k\u00fcl\u00f6n egy\u00e9nt kre\u00e1lva \u00e9s k\u00fcl\u00f6nb\u00f6z\u0151 ir\u00e1ny\u00fa terveimet, b\u0151 kivonatokban \u00e9s id\u00e9zetekkel telegazdag\u00edtva, egy-egy k\u00e9pzelt f\u00e9rfira tukm\u00e1lva. S\u0151t az essz\u00e9k is k\u00fcl\u00f6nf\u00e9l\u00e9k lenn\u00e9nek: volna filol\u00f3giai pontoss\u00e1g\u00fa, b\u0151s\u00e9ges lapalji jegyzetekkel \u00e9s kital\u00e1lt k\u00f6nyv- \u00e9s cikkc\u00edmekkel, \u00e9s a kital\u00e1lt k\u00f6nyvekb\u0151l is id\u00e9zn\u00e9k, c\u00e1foln\u00e1m \u0151ket, megsz\u00e1moln\u00e1m, h\u00e1ny k-bet\u0171 van a reg\u00e9nyben, \u00e9s hogy december 31-\u00e9n \u00e9jjel vagy janu\u00e1r 1-\u00e9n hajnalban fogott-e a szerz\u0151 a munk\u00e1hoz. Egy m\u00e1sik essz\u00e9ben iriz\u00e1l\u00f3 st\u00edl-koloritokkal \u00edrn\u00e9k l\u00edrikusakat a szerz\u0151r\u0151l: m\u00e1sik p\u00f3lus.<\/p>\n\n\n\n<p>\u2013 Parancsolj \u2013 mondta a tisztelend\u0151 \u00far, \u00e9s ny\u00e1jasan az uzsonn\u00e1ra mutatott.<\/p>\n\n\n\n<p>\u2013 \u00d3, k\u00f6sz\u00f6n\u00f6m.<\/p>\n\n\n\n<p>\u2013 Na, csak foglalj helyet. Cukrot is tegy\u00e9l bele, \u00fagy.<\/p>\n\n\n\n<p>Ev\u00e9s el\u0151tt a tisztelend\u0151 \u00far sz\u00e9p, nagy, szab\u00e1lyos \u00e9s f\u00e9rfias keresztet vetett a mell\u00e9re: szinte l\u00e1ttam, amint nyoma ottmaradt a ruh\u00e1n. \u00c9ppen t\u00f6rtem egyet a kiflib\u0151l (a szemtelen r\u00e9miszt\u0151en morzsol\u00f3dott), mikor a tisztelend\u0151 \u00far halkan \u00edgy sz\u00f3lt:<\/p>\n\n\n\n<p>\u2013 Lelkiekben hogy \u00e1llsz?<\/p>\n\n\n\n<p>R\u00f6gt\u00f6n r\u00e1v\u00e1gtam, mint aki nem szereti a k\u00f6nt\u00f6rfalaz\u00e1st:<\/p>\n\n\n\n<p>\u2013 Fogok gy\u00f3nni, de most m\u00e9g pihennem kell. \u00d3, ha lehetne egy\u00fcgy\u0171en gy\u00f3nni, sz\u00edvb\u0151l \u00e9s hogy \u00fagy mondjam, az ihlet pillanat\u00e1ban! Most\u2026 p\u00e9ld\u00e1ul.<\/p>\n\n\n\n<p>\u2013 Mi\u00e9rt, hogy gondolod?<\/p>\n\n\n\n<p>\u2013 V\u00e9gigmenni a lelkit\u00fck\u00f6r sz\u0151rsz\u00e1lhasogat\u00f3 kateg\u00f3ri\u00e1in: voltam-e kishit\u0171, voltam-e t\u00falbizakod\u00f3, gondoltam-e, hogy megszegem a b\u00f6jt\u00f6t, sat\u00f6bbi. Ez ideges\u00edt, \u00e9s mire az eml\u00e9kezetemet v\u00e9giggy\u00f6t\u00f6rtem, nem \u00e9rzek semmit, csak nagy-nagy f\u00e1radts\u00e1got a fejemben. A b\u00e1nat hely\u00e9n \u00fct\u00f6m a mellem, izzadtra er\u0151ltetem magam, de az \u00e9rz\u00e9snek nyoma sincs m\u00e1r. Mikor a bibliai asszony gy\u00f3nt, bizony\u00e1ra nem t\u00f6rte a fej\u00e9t: naponta h\u00e1nyszor tettben, sz\u00f3val, hetenk\u00e9nt h\u00e1nyszor gondolatban, naponta, beleegyez\u00e9s volt-e, vagy r\u00f6gt\u00f6n el\u0171zted, mennyi ideig volt beleegyez\u00e9s a gondolatba\u2026<\/p>\n\n\n\n<p>\u2013 R\u00f3bert!<\/p>\n\n\n\n<p>\u2013 Nagyon szemtelen vagyok, bocs\u00e1nat, bocs\u00e1nat.<\/p>\n\n\n\n<p>\u2013 Az Isten t\u00e9ged meggy\u00f3gy\u00edtott, tehets\u00e9get adott\u2026<\/p>\n\n\n\n<p>\u2013 Vajon tehets\u00e9get adott? Vajon meggy\u00f3gy\u00edtott? H\u00e1l\u00e1snak kell lennem, im\u00e1dkozni fogok. Mindennap im\u00e1dkozni fogok. Csak tudn\u00e9k \u00e9rezni, \u00e9rzelmes lenni. De \u00e9n eg\u00e9sz \u00e9letemben irtogattam az \u00e9rz\u00e9st magamb\u00f3l, mert henceg\u0151 \u00e9s buta l\u00e9temre nem tudtam megk\u00fcl\u00f6nb\u00f6ztetni az \u00e9rz\u00e9st az \u00e9rzelg\u0151ss\u00e9gt\u0151l. Sokszor k\u00e9rdeztem magamt\u00f3l: \u201eR\u00f3bert, mi\u00e9rt takarod el a sz\u00edvedet?\u201d \u2013 de m\u00e9g ezt a k\u00e9rd\u00e9st is undor\u00edt\u00f3an affekt\u00e1ltnak tartottam. \u00cdgy: az eg\u00e9sz m\u0171v\u00e9szetet nevets\u00e9ges affekt\u00e1ci\u00f3nak tal\u00e1lom.<\/p>\n","protected":false},"excerpt":{"rendered":"<p>Szentkuthy Mikl\u00f3s: Barokk R\u00f3bert R\u00e9szlet Mik\u00f6zben a harm\u00f3niumon j\u00e1tszottunk, n\u00e9ztem a tisztelend\u0151 \u00far kez\u00e9t. Kem\u00e9ny, csontos, sz\u00e1raz \u00e9s tiszt\u00e1ra mosott kezek. Eg\u00e9szen m\u00e1sok, mint a vil\u00e1giak\u00e9. Figyeltem a hangj\u00e1t: milyen b\u00e1tran \u00e9nekelt, hangosan, nem t\u00f6r\u0151d\u00f6tt vele, hogy iskol\u00e1zatlan, sz\u00edntelen \u00e9s pr\u00f3zai. \u00c9n sohasem \u00e9nekeltem k\u00f6z\u00f6s \u00e9nekn\u00e9l a templomban, csak a sz\u00e1mat mozgattam. De most l\u00e1zba [&hellip;]<\/p>\n","protected":false},"author":4,"featured_media":0,"parent":737,"menu_order":1,"comment_status":"closed","ping_status":"closed","template":"","meta":{"footnotes":""},"categories":[3],"class_list":["post-739","page","type-page","status-publish","hentry","category-regenyek"],"_links":{"self":[{"href":"https:\/\/www.szentkuthymiklos.hu\/web\/wp-json\/wp\/v2\/pages\/739","targetHints":{"allow":["GET"]}}],"collection":[{"href":"https:\/\/www.szentkuthymiklos.hu\/web\/wp-json\/wp\/v2\/pages"}],"about":[{"href":"https:\/\/www.szentkuthymiklos.hu\/web\/wp-json\/wp\/v2\/types\/page"}],"author":[{"embeddable":true,"href":"https:\/\/www.szentkuthymiklos.hu\/web\/wp-json\/wp\/v2\/users\/4"}],"replies":[{"embeddable":true,"href":"https:\/\/www.szentkuthymiklos.hu\/web\/wp-json\/wp\/v2\/comments?post=739"}],"version-history":[{"count":1,"href":"https:\/\/www.szentkuthymiklos.hu\/web\/wp-json\/wp\/v2\/pages\/739\/revisions"}],"predecessor-version":[{"id":740,"href":"https:\/\/www.szentkuthymiklos.hu\/web\/wp-json\/wp\/v2\/pages\/739\/revisions\/740"}],"up":[{"embeddable":true,"href":"https:\/\/www.szentkuthymiklos.hu\/web\/wp-json\/wp\/v2\/pages\/737"}],"wp:attachment":[{"href":"https:\/\/www.szentkuthymiklos.hu\/web\/wp-json\/wp\/v2\/media?parent=739"}],"wp:term":[{"taxonomy":"category","embeddable":true,"href":"https:\/\/www.szentkuthymiklos.hu\/web\/wp-json\/wp\/v2\/categories?post=739"}],"curies":[{"name":"wp","href":"https:\/\/api.w.org\/{rel}","templated":true}]}}