{"id":732,"date":"2025-02-16T12:12:52","date_gmt":"2025-02-16T12:12:52","guid":{"rendered":"https:\/\/www.szentkuthymiklos.hu\/web\/?page_id=732"},"modified":"2025-02-16T12:12:52","modified_gmt":"2025-02-16T12:12:52","slug":"tartalommutato","status":"publish","type":"page","link":"https:\/\/www.szentkuthymiklos.hu\/web\/regenyek\/a-megszabaditott-jeruzsalem\/tartalommutato\/","title":{"rendered":"Tartalommutat\u00f3"},"content":{"rendered":"\n<p class=\"has-text-align-center\"><em>Szentkuthy Mikl\u00f3s: A megszabad\u00edtott Jeruzs\u00e1lem <\/em><\/p>\n\n\n\n<p class=\"has-text-align-center\"><strong>Tartalommutat\u00f3<\/strong><\/p>\n\n\n\n<p>I. \u00dcr\u00fcgy<\/p>\n\n\n\n<p>Els\u0151 fejezet<\/p>\n\n\n\n<p>Biz\u00e1nc eleste 1453<\/p>\n\n\n\n<p>egy \u201eateista\u201d egyh\u00e1zjog\u00e1sz<\/p>\n\n\n\n<p>R\u00f3ma \u00e9s Biz\u00e1nc egyes\u00fcl\u00e9s\u00e9nek medd\u0151 k\u00eds\u00e9rletei<\/p>\n\n\n\n<p>a feudalizmus kritikai Summ\u00e1-j\u00e1nak terve<\/p>\n\n\n\n<p>illusztr\u00e1ci\u00f3: Szents\u00edr helyett Biz\u00e1nc elfoglal\u00e1sa \u00e9s az el\u00e1tkozott Szents\u00edr<\/p>\n\n\n\n<p>Atheosz atya egy\u00e9b vil\u00e1gt\u00f6rt\u00e9nelmi eml\u00e9kei \u00e9s \u00e9lm\u00e9nyei<\/p>\n\n\n\n<p>utaz\u00e1sai 1453 ut\u00e1n, leteleped\u00e9se Szic\u00edli\u00e1ban<\/p>\n\n\n\n<p>vil\u00e1gt\u00f6rt\u00e9nelmi \u00e9lm\u00e9nyek ut\u00e1n m\u0171v\u00e9szeti \u00e9lm\u00e9nyei<\/p>\n\n\n\n<p>r\u00e9gi angol sz\u00ednh\u00e1z<\/p>\n\n\n\n<p>a szerz\u0151 legr\u00f6videbben mag\u00e1r\u00f3l<\/p>\n\n\n\n<p>M\u00e1sodik fejezet<\/p>\n\n\n\n<p>t\u00f6rt\u00e9netszeml\u00e9let, id\u0151szer\u0171s\u00e9g, reg\u00e9ny-m\u0171faj, t\u00falz\u00e1s k\u00e9rd\u00e9sei<\/p>\n\n\n\n<p>II. Hazugs\u00e1g<\/p>\n\n\n\n<p>Els\u0151 fejezet<\/p>\n\n\n\n<p>Izs\u00e1k cs\u00e1sz\u00e1r inkognit\u00f3ban a kofahaj\u00f3n<\/p>\n\n\n\n<p>az intim orgia vagy \u201ediplom\u00e1ciai\u201d lakoma el\u0151k\u00e9sz\u00fcletei<\/p>\n\n\n\n<p>Eufrozina (d\u00edsz\u00edtik)<\/p>\n\n\n\n<p>els\u0151 portr\u00e9 Eufrozina f\u00e9rj\u00e9r\u0151l<\/p>\n\n\n\n<p>nagy \u201edivatlapi\u201d k\u00e9p Eufrozin\u00e1r\u00f3l<\/p>\n\n\n\n<p>itt a cs\u00e1sz\u00e1r! (vagyis bej\u00f6tt a v\u00e1g\u00f3h\u00eddra)<\/p>\n\n\n\n<p>b\u00e1tyja fogadja<\/p>\n\n\n\n<p>Izs\u00e1k cs\u00e1sz\u00e1r laikus ikonja<\/p>\n\n\n\n<p>lakoma; egyiptomi t\u00e1nc<\/p>\n\n\n\n<p>cs\u00f3k \u00e9s h\u00e1ny\u00e1s a kertben; kocka<\/p>\n\n\n\n<p>Alexiosz k\u00e9pe (k\u00e9sz\u00fcl a mer\u00e9nylet)<\/p>\n\n\n\n<p>a mer\u00e9nylet hely\u00e9nek sz\u00ednpadi berendez\u00e9se; gy\u00e1va f\u00e9rj, kardos asszony<\/p>\n\n\n\n<p>Izs\u00e1k hal\u00e1lt\u00e1nca<\/p>\n\n\n\n<p>Alexiosz, a \u201eszent\u201d<\/p>\n\n\n\n<p>Alexiosz udvari papjai k\u00f6z\u00f6tt<\/p>\n\n\n\n<p>Eufrozina: Delila<\/p>\n\n\n\n<p>Izs\u00e1k: S\u00e1mson<\/p>\n\n\n\n<p>Z\u00e9n\u00f3n legszentebb szentbesz\u00e9de Alexiosz megnyugtat\u00e1s\u00e1ra<\/p>\n\n\n\n<p>Izs\u00e1k cs\u00e1sz\u00e1rt fogolyk\u00e9nt elhurcolj\u00e1k<\/p>\n\n\n\n<p>udvari k\u00f6lt\u0151 himnusza Izs\u00e1k cs\u00e1sz\u00e1r vaks\u00e1g\u00e1r\u00f3l<\/p>\n\n\n\n<p>\u00edzs\u00e1kot pinc\u00e9be eresztik<\/p>\n\n\n\n<p>barokk vers a kis Alexioszr\u00f3l<\/p>\n\n\n\n<p>a tr\u00f3nbitorl\u00f3 diadalmenete<\/p>\n\n\n\n<p>kis Alexiosz: Victoria legk\u00ednosabb cirkuszi szerep\u00e9ben<\/p>\n\n\n\n<p>szemkitol\u00e1s orvostana (doktorok \u00e9s k\u00eds\u00e9rleti m\u0171hely)<\/p>\n\n\n\n<p>a hervadt \u201eVictori\u00e1t\u201d valahogy els\u0151seg\u00e9lyben r\u00e9szes\u00edtik; sz\u00e9p udvarh\u00f6lgyek<\/p>\n\n\n\n<p>Alexiosz a templomban: ez azt\u00e1n a biz\u00e1nci bazilika!<\/p>\n\n\n\n<p>Alexiosz, a sz\u00edn\u00e9sz, ar\u00e1nylag \u0151szint\u00e9n el\u00e1jul; elviszik<\/p>\n\n\n\n<p>M\u00e1sodik fejezet<\/p>\n\n\n\n<p>sz\u00f6kik a palot\u00e1b\u00f3l; egy crucifixum<\/p>\n\n\n\n<p>nyugatra? keletre? t\u00f6r\u00f6kkel? Velenc\u00e9vel?<\/p>\n\n\n\n<p>Alexiosz egy kik\u00f6t\u0151i szodomita t\u00f6r\u00f6k kocsm\u00e1ban; portr\u00e9k<\/p>\n\n\n\n<p>velencei flotta k\u00f6vete a tr\u00f3nbitorl\u00f3n\u00e1l a bazilik\u00e1ban<\/p>\n\n\n\n<p>v\u00e1ltozatok Alexiosz sz\u00f6k\u00e9s\u00e9r\u0151l; Alexiosz els\u0151 sz\u00edn\u00e9szi \u00e1larca<\/p>\n\n\n\n<p>Alexiosz a haj\u00f3n verset hallgat (pedig el\u00e9g m\u00fazs\u00e1tlan gyermek)<\/p>\n\n\n\n<p>a tenger: az \u00e9let alf\u00e1ja \u00e9s \u00f3meg\u00e1ja<\/p>\n\n\n\n<p>Harmadik fejezet<\/p>\n\n\n\n<p>Alexiosz Szic\u00edli\u00e1ban: ravasz tervei III. Ince p\u00e1p\u00e1val (k\u00f6lt\u00e9szet mehet a pokolba)<\/p>\n\n\n\n<p>gyorsan ut\u00e1na: minden m\u00edtosz is mehet a pokolba<\/p>\n\n\n\n<p>Szic\u00edlia: a vil\u00e1g szaporod\u00f3 \u201ek\u00f6zepei\u201d k\u00f6z\u00fcl egyik<\/p>\n\n\n\n<p>sz\u00e9p a n\u0151, szebb a politika (m\u00e9g mindig Szic\u00edli\u00e1ban)<\/p>\n\n\n\n<p>legszebb: III. Ince<\/p>\n\n\n\n<p>szic\u00edliai katedr\u00e1lokban Alexiosz politikai besz\u00e9deket tart<\/p>\n\n\n\n<p>\u201eIII. Ince: J\u00f3 P\u00e1sztor \u00e9s Caesar egy szem\u00e9lyben\u201d \u2013 nem sz\u00e9p ez az \u00e1rtatlan Alexiosz-ima?<\/p>\n\n\n\n<p>Velence is van, nemcsak p\u00e1pa: err\u0151l is tud szentenci\u00e1t a szent mozaikokkal kapcsolatban az ifj\u00fa sz\u00e9lh\u00e1mos<\/p>\n\n\n\n<p>Szentf\u00f6ld lesz! g\u00f6r\u00f6g\u2013r\u00f3mai egyh\u00e1zi egyes\u00fcl\u00e9s lesz! Eretnek nem lesz! (Az \u00fcr\u00fcgy: egy szerencs\u00e9tlen Neptun-mozaik)<\/p>\n\n\n\n<p>utcai szentk\u00e9pek Szic\u00edli\u00e1ban<\/p>\n\n\n\n<p>Alexiosz egy kriptak\u00e1poln\u00e1ban; rekviem; \u00fczlet<\/p>\n\n\n\n<p>\u00f6rd\u00f6gi pap jelenik meg (gyan\u00fas)<\/p>\n\n\n\n<p>pokoli pletyk\u00e1k III. Ince megv\u00e1laszt\u00e1s\u00e1r\u00f3l<\/p>\n\n\n\n<p>menek\u00fcl\u0151 szim\u00f3ni\u00e1s p\u00fcsp\u00f6k<\/p>\n\n\n\n<p>III. Ince demag\u00f3g tr\u00fckkjei tov\u00e1bb (fizet\u00e9sek k\u00f6r\u00fcl)<\/p>\n\n\n\n<p>azt\u00e1n \u201ekalm\u00e1rok ki\u0171zet\u00e9se\u201d<\/p>\n\n\n\n<p>keresztes hadj\u00e1rat<\/p>\n\n\n\n<p>III. Ince sem fogad el minden hazugs\u00e1got (elv\u00e9gre az\u00e9rt hazug)<\/p>\n\n\n\n<p>toled\u00f3i \u00e9rsek \u00e9s r\u00f3mai p\u00e1pa du\u00f3ja Osti\u00e1ban (ez is m\u00e9g a hazugs\u00e1g n\u00f3t\u00e1j\u00e1ra)<\/p>\n\n\n\n<p>anat\u00e9ma \u00e9s fekete sz\u00ednh\u00e1z<\/p>\n\n\n\n<p>az Ince-gyal\u00e1z\u00f3 pap v\u00e9gre, v\u00e9gre elt\u0171nik<\/p>\n\n\n\n<p>Negyedik fejezet<\/p>\n\n\n\n<p>mindezek ut\u00e1n Alexiosz: R\u00f3m\u00e1ba! III. Inc\u00e9hez!<\/p>\n\n\n\n<p>Alexiosz bolondos jelmeze R\u00f3m\u00e1ban<\/p>\n\n\n\n<p>de m\u00e9g bolondosabban: le a jelmezzel!<\/p>\n\n\n\n<p>Alexiosz \u2013 r\u00f3mai csib\u00e9sz \u2013 leg\u00fajabb szerepe<\/p>\n\n\n\n<p>III. Ince fogadja az \u00faj biz\u00e1nci zsarnok k\u00f6veteit<\/p>\n\n\n\n<p>portr\u00e9 III. Inc\u00e9r\u0151l<\/p>\n\n\n\n<p>az els\u0151 k\u00f6vet retorikus \u00f3cs\u00e1rl\u00e1sa a megvak\u00edtott Izs\u00e1kr\u00f3l<\/p>\n\n\n\n<p>a m\u00e1sodik k\u00f6vet: sz\u0171zies<\/p>\n\n\n\n<p>harmadik: agg, agg bizony<\/p>\n\n\n\n<p>a negyedik: n\u0151! ap\u00e1ca!<\/p>\n\n\n\n<p>Alexiosz r\u00f6gt\u00f6nz\u00f6tt \u00f6lt\u00f6z\u0151je; most \u0151 ugrik III. Ince p\u00e1pa el\u00e9<\/p>\n\n\n\n<p>nagy sz\u00f3noklata apja mellett<\/p>\n\n\n\n<p>k\u00e9retlen k\u00f6zj\u00e1t\u00e9k megzavarja: utcai harc<\/p>\n\n\n\n<p>III. Ince a b\u00e9ke oroszl\u00e1nja<\/p>\n\n\n\n<p>Alexiosz a harc gy\u00e1va nyula<\/p>\n\n\n\n<p>\u00d6t\u00f6dik fejezet<\/p>\n\n\n\n<p>eg\u00e9sz rokonszenves bokorba ker\u00fcl (Ir\u00e9ne udvarh\u00f6lgyei)<\/p>\n\n\n\n<p>a h\u00f6lgyek egyenk\u00e9nt<\/p>\n\n\n\n<p>mes\u00e9lnek mindent Ir\u00e9n\u00e9r\u0151l<\/p>\n\n\n\n<p>a nagy Hildeg\u00e1rd a nagy kr\u00f3nik\u00e1j\u00e1val (\u00e9s has\u00e1val)<\/p>\n\n\n\n<p>Sv\u00e1b F\u00fcl\u00f6p \u00e9letrajz\u00e1b\u00f3l ez \u00e9s amaz<\/p>\n\n\n\n<p>p\u00fcsp\u00f6knek sz\u00e1nt\u00e1k, Nagy S\u00e1ndor \u00c9let\u00e9-t olvassa; szerelem \u00e9s imp\u00e9rium<\/p>\n\n\n\n<p>nem lesz p\u00fcsp\u00f6k<\/p>\n\n\n\n<p>Ir\u00e9ne-h\u00e1zass\u00e1g, t\u00e1nc<\/p>\n\n\n\n<p>Hildeg\u00e1rd nagy jelen\u00e9se a b\u00e1lon<\/p>\n\n\n\n<p>Ir\u00e9ne \u00e9s Hildeg\u00e1rd; a sz\u00f3 szoros \u00e9rtelm\u00e9ben \u201eolt\u00e1ri\u201d f\u00e9lt\u00e9kenys\u00e9g<\/p>\n\n\n\n<p>Hildeg\u00e1rd vissza a t\u00e1ncba (\u00fajra Nagy S\u00e1ndor \u00c9letrajz\u00e1-val\u2026)<\/p>\n\n\n\n<p>szent Hildeg\u00e1rd: b\u0171n\u00f6s Szal\u00f3me<\/p>\n\n\n\n<p>ap\u00e1c\u00e1nak megy<\/p>\n\n\n\n<p>Sv\u00e1b F\u00fcl\u00f6p ellens\u00e9gei fegyverben: Hildeg\u00e1rd besz\u00e9l vel\u00fck<\/p>\n\n\n\n<p>a p\u00e1pa: Ott\u00f3 mellett; \u201ePhilippchen\u201d: anat\u00e9ma<\/p>\n\n\n\n<p>Hatodik fejezet<\/p>\n\n\n\n<p>III. Ince \u00e9s Alexiosz<\/p>\n\n\n\n<p>Hetedik fejezet<\/p>\n\n\n\n<p>Alexiosz Velenc\u00e9ben; francia \u201ekeresztes\u201d k\u00f6vets\u00e9g Dandolo d\u00f3zs\u00e9hoz<\/p>\n\n\n\n<p>a francia \u201ekeresztes\u201d k\u00f6vets\u00e9get a Szents\u00edr barb\u00e1r papjai fogadj\u00e1k<\/p>\n\n\n\n<p>Alexiosz ladikj\u00e1ban, franci\u00e1k \u00e9s velenceiek k\u00f6z\u00f6tt<\/p>\n\n\n\n<p>a Szents\u00edr lovagja a legm\u00e9lyebb undorral t\u00e1rgyal a Szents\u00edr papj\u00e1val<\/p>\n\n\n\n<p>keresztesek a Giudecc\u00e1ban<\/p>\n\n\n\n<p>a \u201eszent\u201d franci\u00e1k szarac\u00e9n luxushaj\u00f3val tal\u00e1lkoznak Velenc\u00e9ben; egy kis f\u00e9lre\u00e9rt\u00e9s<\/p>\n\n\n\n<p>a velencei nyomor\u00fas\u00e1gos Szents\u00edr-k\u00e1polna; Alexiosz ott<\/p>\n\n\n\n<p>Dandolo d\u00f3zse arck\u00e9pe<\/p>\n\n\n\n<p>a d\u00f3zse egyed\u00fcl a franci\u00e1k el\u00e9<\/p>\n\n\n\n<p>Nyolcadik fejezet<\/p>\n\n\n\n<p>III. Ince p\u00e1pa besz\u00e9de az \u201eegy akol \u00e9s egy p\u00e1sztor\u201d vil\u00e1ghatalmi dogm\u00e1j\u00e1r\u00f3l, evil\u00e1g jelent\u0151s\u00e9g\u00e9r\u0151l, gonosz kir\u00e1lyokr\u00f3l, eretnekekr\u0151l<\/p>\n\n\n\n<p>de F\u00fcl\u00f6p \u00c1gost francia kir\u00e1ly sem marad a p\u00e1pa m\u00f6g\u00f6tt hasonl\u00f3 jelleg\u0171 \u00e1lmaival; a francia k\u00f6vet keser\u0171 k\u00e9pzelet\u00e9ben h\u00edven k\u00e9pviseli ezeket az \u00e1lmokat: h\u0171b\u00e9rurak \u00e9s az angol kir\u00e1ly lever\u00e9se<\/p>\n\n\n\n<p>\u00darfelmutat\u00e1s vagy urak?<\/p>\n\n\n\n<p>III. Ince a leckeoldalon a h\u00e1zass\u00e1gt\u00f6r\u00e9sr\u0151l leck\u00e9zteti a francia kir\u00e1lyt<\/p>\n\n\n\n<p>Judit \u00e9s Holofernes: sz\u00f6vegh\u0171 bibliai buja j\u00e1t\u00e9k a francia kir\u00e1lyi udvarban<\/p>\n\n\n\n<p>\u00fajabb papi tir\u00e1da az olt\u00e1rr\u00f3l a francia kir\u00e1ly nemi saj\u00e1ts\u00e1gaival kapcsolatban<\/p>\n\n\n\n<p>egy n\u00e9met pap n\u00e9met vil\u00e1ghatalmi \u00e1br\u00e1ndokkal sz\u00f3rakoztatja a p\u00e1pai templom f\u00f6ls\u0151 folyos\u00f3j\u00e1n a francia k\u00f6vetet<\/p>\n\n\n\n<p>Henrik n\u00e9met cs\u00e1sz\u00e1r minden \u2013 Celesztin p\u00e1pa senki, enn\u00e9lfogva L\u00e1szl\u00f3t szentt\u00e9 avatja<\/p>\n\n\n\n<p>utols\u00f3 kenet \u00e9s keresztel\u00e9s szoros cs\u00e1sz\u00e1ri szomsz\u00e9ds\u00e1gban (m\u00e9g mindig a n\u00e9met pap besz\u00e9l a francia k\u00f6vettel)<\/p>\n\n\n\n<p>Kilencedik fejezet<\/p>\n\n\n\n<p>III. Ince p\u00e1pa alattomosan el\u0151reugrik a \u201evil\u00e1g\u201d gy\u00f3ntat\u00f3sz\u00e9k\u00e9b\u0151l<\/p>\n\n\n\n<p>Becket Tam\u00e1s v\u00e9rtan\u00fas\u00e1g\u00e1r\u00f3l besz\u00e9l, k\u00e9pet is mutat err\u0151l: a vezekl\u0151 angol kir\u00e1ly; ez tal\u00e1n leh\u0171ti a franci\u00e1t \u00e9s n\u00e9metet<\/p>\n\n\n\n<p>Tizedik fejezet<\/p>\n\n\n\n<p>Ince p\u00e1pa kihirdeti a keresztes hadj\u00e1ratot: \u201eA mennyek minden lak\u00f3ja m\u00e1r a f\u00f6ldiek el\u0151tt harcba vonult\u201d<\/p>\n\n\n\n<p>felsz\u00f3l\u00edt\u00e1s franci\u00e1knak, angoloknak, n\u00e9meteknek, magyaroknak (a szentbesz\u00e9d er\u0151sen vil\u00e1gias hat\u00e1sai)<\/p>\n\n\n\n<p>p\u00e1pa-fal\u00f3, p\u00e1pa-kre\u00e1l\u00f3 n\u00e9met cs\u00e1sz\u00e1rok<\/p>\n\n\n\n<p>sz\u00ednpadias kirakat: p\u00fcsp\u00f6ki kincsek felaj\u00e1nl\u00e1sa a keresztes hadj\u00e1rat anyagi fedezetek\u00e9ppen<\/p>\n\n\n\n<p>k\u00f6vetkez\u0151 sz\u00ednpadi jelenet: szerzetesek perselyekkel \u2013 a n\u00e9p is ad\u00f3zz\u00e9k az \u00faj keresztes hadj\u00e1ratra, ad\u00f3zik is, de ezzel a p\u00e1pa nem dicsekedhet<\/p>\n\n\n\n<p>Jakab mester eretnek pr\u00e9dik\u00e1ci\u00f3ja III. Ince p\u00e1pa keresztes hadihaj\u00f3ja ellen<\/p>\n\n\n\n<p>igazi p\u00e1sztorok l\u00e1zad\u00e1sa a r\u00f3mai \u00c1l-P\u00e1sztor ellen<\/p>\n\n\n\n<p>a Hegyi Besz\u00e9d leg\u00e9lesebb, keresztes hadj\u00e1rat-ellenes komment\u00e1rja<\/p>\n\n\n\n<p>III. Ince p\u00e1pa \u00e9s a l\u00e1zad\u00f3 pr\u00e9dik\u00e1tor szembes\u00edt\u00e9se; hogy t\u0171rhetne a p\u00e1pa egy Krisztus-k\u00f6vet\u0151t szabadl\u00e1bon?<\/p>\n\n\n\n<p>Tizenegyedik fejezet<\/p>\n\n\n\n<p>p\u00e1pai keresztes hadj\u00e1ratot toborz\u00f3 k\u00f6vets\u00e9g a francia kir\u00e1lyi udvarban (pantomim?)<\/p>\n\n\n\n<p>olaszok egym\u00e1s k\u00f6zt (a p\u00e1pai k\u00f6vet \u00e9s egy udvari ap\u00e1ca)<\/p>\n\n\n\n<p>a francia kir\u00e1ly piszkos h\u00e1l\u00f3ingben \u00e9s alig tiszt\u00e1bb b\u0171nb\u00e1natban<\/p>\n\n\n\n<p>a francia kir\u00e1ly furcsa feloldoz\u00e1sa<\/p>\n\n\n\n<p>Tizenkettedik fejezet<\/p>\n\n\n\n<p>mir\u00e1kulum \u00e9s moralit\u00e1s-j\u00e1t\u00e9kok; kezd\u0151dik a szent kom\u00e9dia:<\/p>\n\n\n\n<p>1. franci\u00e1k \u00e9s velenceiek viharos szerz\u0151d\u00e9se<\/p>\n\n\n\n<p>2. a) a p\u00e1pa \u00e9s Alexiosz paktuma<\/p>\n\n\n\n<p>b) a francia kir\u00e1ly ravatal \u00e9s n\u00e1sz\u00e1gy k\u00f6z\u00f6tt<\/p>\n\n\n\n<p>c) Sv\u00e1b F\u00fcl\u00f6p udvar\u00e1ban<\/p>\n\n\n\n<p>d) Alexiosz (n\u0151j\u00e9vel \u00e9s k\u00eds\u00e9rettel)<\/p>\n\n\n\n<p>e) Alexiosz \u00e9s a d\u00f3zse<\/p>\n\n\n\n<p>3. a d\u00f3zse \u00e9s egyiptomiak titkos szerz\u0151d\u00e9se<\/p>\n\n\n\n<p>4. Szents\u00edr helyett Z\u00e1ra<\/p>\n\n\n\n<p>5. keresztes hadj\u00e1rat: kereszt\u00e9nyt \u00f6lni<\/p>\n\n\n\n<p>6. Alexiosz szir\u00e9nszavai Z\u00e1ra romtemplomai k\u00f6z\u00f6tt<\/p>\n\n\n\n<p>7. Biz\u00e1nc elfoglal\u00e1sa; vak rab \u00e9s gy\u00e1va zsarnok<\/p>\n\n\n\n<p>8. a gy\u00e1va zsarnok lop \u00e9s menek\u00fcl<\/p>\n\n\n\n<p>9. bolond Izs\u00e1k bolondos fi\u00e1val<\/p>\n\n\n\n<p>10. egyh\u00e1zak egyes\u00fcl\u00e9s\u00e9r\u0151l egyel\u0151re sz\u00f3 sincs; a k\u00e9tsz\u00e1zezer ez\u00fcstm\u00e1rka; franci\u00e1k fosztogatnak; g\u00f6r\u00f6g \u00fari kl\u00e9rus l\u00e1zad; Alexiosz im\u00e1ja \u00e9s haza\u00e1rul\u00e1sa<\/p>\n\n\n\n<p>11. francia diadal\u00edvek francia veres\u00e9ghez<\/p>\n\n\n\n<p>12. Alexiosz hal\u00e1la; sokoldal\u00faak a diadal\u00edvek<\/p>\n\n\n\n<p>13. biz\u00e1nci cs\u00e1sz\u00e1rv\u00e1laszt\u00e1s; a d\u00f3zse hal\u00e1la<\/p>\n\n\n\n<p>14. III. Ince Janus-arca<\/p>\n\n\n\n<p>III. \u00c1tok<\/p>\n\n\n\n<p>Els\u0151 fejezet<\/p>\n\n\n\n<p>II. Frigyes keresztes esk\u00fcje \u0151sei szobrai k\u00f6z\u00f6tt<\/p>\n\n\n\n<p>arck\u00e9pe; lopott, \u00e1sott antik szoborgy\u0171jtem\u00e9nye<\/p>\n\n\n\n<p>s\u00f3lyomgy\u0171jtem\u00e9nye<\/p>\n\n\n\n<p>a francia kir\u00e1ly nagy alkuja egy s\u00f3lyom\u00e9rt<\/p>\n\n\n\n<p>II. Frigyes k\u00f3rboncol\u00f3<\/p>\n\n\n\n<p>a Kor\u00e1n mint afrodizi\u00e1kum<\/p>\n\n\n\n<p>pog\u00e1ny \u00fcnnepek z\u00e1rt udvarban<\/p>\n\n\n\n<p>gyermekhiszt\u00e9ria ny\u00edlt utc\u00e1n<\/p>\n\n\n\n<p>bolond lyukb\u00f3l bolond sz\u00e9l, \u00e9s akiket elf\u00faj<\/p>\n\n\n\n<p>az igazi j\u00f3gyerek? balek! A csirkefog\u00f3? Szent D\u00e1vid!<\/p>\n\n\n\n<p>istenh\u00e1z\u00e1b\u00f3l bolondh\u00e1z; eszel\u0151s \u00e9s eszes any\u00e1k harca<\/p>\n\n\n\n<p>ne engedj\u00e9tek hozz\u00e1juk a kisdedeket: processzi\u00f3b\u00f3l le\u00e1nyv\u00e1s\u00e1r<\/p>\n\n\n\n<p>kolostorok \u00e9s m\u00e1sfajta h\u00e1zak a le\u00e1nygyermekek\u00e9rt<\/p>\n\n\n\n<p>Atheosz atya csak szenteket \u00e9s het\u00e9r\u00e1kat l\u00e1t a gyermekek hadj\u00e1rat\u00e1ban, pr\u00f3f\u00e9taszok\u00e1s szerint<\/p>\n\n\n\n<p>gyermekek a kik\u00f6t\u0151ben<\/p>\n\n\n\n<p>nagy k\u00f6rmenet Frigyes aacheni temploma k\u00f6r\u00fcl<\/p>\n\n\n\n<p>nagy b\u00f6rt\u00f6n, ugyanott, albigens eretnekekkel<\/p>\n\n\n\n<p>a rabok \u00e1tka a processzi\u00f3ra<\/p>\n\n\n\n<p>M\u00e1sodik fejezet<\/p>\n\n\n\n<p>II. Frigyes k\u00e9mlel\u0151ket k\u00fcld a Szentf\u00f6ldre<\/p>\n\n\n\n<p>sz\u00edriai kik\u00f6t\u0151; \u00e9rkez\u00e9s<\/p>\n\n\n\n<p>kereszt\u00e9nyek els\u0151 ellens\u00e9ge: a kereszt\u00e9ny; egy bar\u00e1ts\u00e1gtalan handl\u00e9haj\u00f3<\/p>\n\n\n\n<p>boldog cserekereskedelem kereszt\u00e9nyek \u00e9s mohamed\u00e1nok k\u00f6z\u00f6tt; \u201ekeresztesek maradjanak otthon!\u201d<\/p>\n\n\n\n<p>\u201ej\u00f3 szentk\u00e9pet csak pog\u00e1nyt\u00f3l!\u201d<\/p>\n\n\n\n<p>v\u00e9rtan\u00fas\u00e1g helyett k\u00e1v\u00e9h\u00e1zi idill<\/p>\n\n\n\n<p>vend\u00e9gszeret\u0151 szarac\u00e9nok: mi kell? \u00f6r\u00f6mh\u00e1z vagy imah\u00e1z?<\/p>\n\n\n\n<p>kereszt\u00e9ny nagytan\u00e1cs a v\u00e1rtet\u0151n: az udvariatlans\u00e1g \u00f6r\u00f6k mintak\u00e9pei<\/p>\n\n\n\n<p>nincs durv\u00e1bb fogadtat\u00e1s, elv\u00e9gre lovagok<\/p>\n\n\n\n<p>szentek \u00e9s keresked\u0151k sem k\u00fcl\u00f6nbek; tanuls\u00e1gos sz\u00edriai keresztes sz\u00f3noklatok<\/p>\n\n\n\n<p>szent \u00e9s keresked\u0151 ut\u00e1n diplomata \u00e9s katona besz\u00e9l minden keresztesek ellen<\/p>\n\n\n\n<p>keleti kereszt\u00e9nyek im\u00e1ja: \u201eMents meg, Uram, a keresztesekt\u0151l!\u201d<\/p>\n\n\n\n<p>nyugati zar\u00e1ndokokb\u00f3l: keleti kereszt\u00e9ny keresked\u0151k rabszolg\u00e1i<\/p>\n\n\n\n<p>Frigyes p\u00fcsp\u00f6k k\u00fcld\u00f6ttje a haj\u00f3n; \u0151t is megs\u00e9rtik a sz\u00edriai lovagok<\/p>\n\n\n\n<p>a p\u00fcsp\u00f6k \u00e9s a v\u00e1rparancsnok tal\u00e1lk\u00e1ja a haj\u00f3f\u00fclk\u00e9ben<\/p>\n\n\n\n<p>a keleti kereszt\u00e9nyek elutas\u00edtj\u00e1k Jeruzs\u00e1lem visszafoglal\u00e1s\u00e1nak gondolat\u00e1t<\/p>\n\n\n\n<p>Pel\u00e1gius p\u00e1pai k\u00f6vet viselt dolgai Damiett\u00e1ban: \u201eRag\u00e1lyos betegeket a tengerbe!\u201d<\/p>\n\n\n\n<p>Harmadik fejezet<\/p>\n\n\n\n<p>kezd\u0151dik Alkamil szult\u00e1n \u00e9s az assisi tal\u00e1lkoz\u00e1sa Egyiptomban<\/p>\n\n\n\n<p>az assisi \u00e9s a keleti hangszerek; rabn\u0151 \u00e9s sebes keresztel\u00e9s<\/p>\n\n\n\n<p>udvarh\u00f6lgyek, \u00e1llatmese, im\u00e1dkoz\u00f3 madarak<\/p>\n\n\n\n<p>egy h\u00fclye fekete h\u0171b\u00e9res<\/p>\n\n\n\n<p>az assisi keleti pomp\u00e1ban, t\u00fck\u00f6rrel<\/p>\n\n\n\n<p>egy csib\u00e9sz kis reneg\u00e1t; vonul a marhaad\u00f3<\/p>\n\n\n\n<p>Alkamil szult\u00e1n \u00e9s udvari j\u00f3sa<\/p>\n\n\n\n<p>Alkamil \u00e9s az assisi tal\u00e1lkoz\u00e1sa<\/p>\n\n\n\n<p>a keser\u0171 tolm\u00e1cs<\/p>\n\n\n\n<p>Alkamil \u00e9s az assisi p\u00e1holyb\u00f3l n\u00e9zik a damiettai csat\u00e1t<\/p>\n\n\n\n<p>h\u00e1remrabl\u00e1s in nomine Valami<\/p>\n\n\n\n<p>pomp\u00e9ji villa huncut fresk\u00f3i?<\/p>\n\n\n\n<p>az assisi majdnem meg\u00e1tkozza a kereszteseket<\/p>\n\n\n\n<p>mohamed\u00e1nok dics\u00e9rik a kereszt\u00e9ny rabl\u00f3lovagok f\u00e9nyoldalait a ki\u00e1br\u00e1ndult assisinek<\/p>\n\n\n\n<p>Alkamil k\u00f6vetei Pel\u00e1giushoz: j\u00f3zan parlamenterek \u00e9s szadista pr\u00f3f\u00e9ta<\/p>\n\n\n\n<p>Pel\u00e1gius a szult\u00e1n sz\u00edne el\u0151tt; keleti b\u00f6lcsek<\/p>\n\n\n\n<p>a p\u00e1pai leg\u00e1tusnak sem Jeruzs\u00e1lem, sem b\u00e9ke nem kell; pr\u00e9dik\u00e1ci\u00f3ja<\/p>\n\n\n\n<p>az assisi mindezt hallja; a p\u00e1pai k\u00f6vet veszett v\u00e1dbesz\u00e9dje az assisi ellen a szult\u00e1n tr\u00f3nusa el\u0151tt<\/p>\n\n\n\n<p>szarac\u00e9n gy\u0151zelem Damiett\u00e1n\u00e1l<\/p>\n\n\n\n<p>Pel\u00e1gius legel\u0151kel\u0151bb kitoloncol\u00e1sa<\/p>\n\n\n\n<p>kereszt\u00e9nyek v\u00e1dja Pel\u00e1gius ellen<\/p>\n\n\n\n<p>a szult\u00e1n d\u00edszk\u00eds\u00e9rete az assisinek<\/p>\n\n\n\n<p>Pel\u00e1gius utols\u00f3 \u00e1tka a szentre<\/p>\n\n\n\n<p>Negyedik fejezet<\/p>\n\n\n\n<p>III. Honorius p\u00e1pa \u00e9rtes\u00fcl Damietta elest\u00e9r\u0151l \u00e9s Pel\u00e1gius szertelens\u00e9geir\u0151l<\/p>\n\n\n\n<p>Honorius k\u00e9ts\u00e9gbeesett haragja Ince p\u00e1pa szarkof\u00e1gj\u00e1n\u00e1l<\/p>\n\n\n\n<p>vatik\u00e1ni \u00f6csike<\/p>\n\n\n\n<p>vatik\u00e1ni papag\u00e1j<\/p>\n\n\n\n<p>Honorius k\u00f6vetei<\/p>\n\n\n\n<p>II. Frigyes tengeri \u00e1llatokat tanulm\u00e1nyoz, \u00e9s t\u00e1n istenk\u00e1roml\u00e1sra is ragadtatja mag\u00e1t<\/p>\n\n\n\n<p>\u00e1lruh\u00e1s Frigyes besz\u00e9lget az \u0151t keres\u0151 Honorius p\u00e1pa k\u00f6veteivel: az \u00f6r\u00f6k \u201eAlexiosz-mot\u00edvum\u201d<\/p>\n\n\n\n<p>a p\u00e1pa bel\u00e9betegszik Damietta elveszt\u00e9s\u00e9be; fekete kom\u00e9di\u00e1i<\/p>\n\n\n\n<p>kuruzsl\u00f3k gy\u00f3gy\u00edtj\u00e1k (teljes b\u00facs\u00faval)<\/p>\n\n\n\n<p>tengeri t\u00e1j, \u00e9rkez\u0151 hajnali haj\u00f3: a jeruzs\u00e1lemi \u201ekoldus kir\u00e1ly\u00e9\u201d<\/p>\n\n\n\n<p>Frigyes \u00e1lruh\u00e1ban a haj\u00f3n<\/p>\n\n\n\n<p>a haldokl\u00f3 kir\u00e1lyn\u0151 arab orvosa<\/p>\n\n\n\n<p>a hal\u00e1l el\u0151j\u00e1t\u00e9k-fiziol\u00f3gi\u00e1ja \u00e9s Frigyes \u00faj h\u00e1zass\u00e1gterve<\/p>\n\n\n\n<p>Izabella: a jeruzs\u00e1lemi kir\u00e1lykisasszony<\/p>\n\n\n\n<p>beteg Honorius R\u00f3m\u00e1ba, Frigyes Szic\u00edli\u00e1ba<\/p>\n\n\n\n<p>Pel\u00e1gius haza Keletr\u0151l, bolond, mint r\u00e9gen<\/p>\n\n\n\n<p>a blaz\u00edrt jeruzs\u00e1lemi p\u00e1tri\u00e1rka<\/p>\n\n\n\n<p>Frigyes tal\u00e1lkozik feles\u00e9ge halotti menet\u00e9vel<\/p>\n\n\n\n<p>halotti maszk szavakb\u00f3l<\/p>\n\n\n\n<p>k\u00fcl\u00f6nb\u00f6z\u00f6tt a menyasszonyi maszkt\u00f3l?<\/p>\n\n\n\n<p>a pog\u00e1ny temet\u00e9si b\u00e1lv\u00e1ny; \u00e9kszerek<\/p>\n\n\n\n<p>nagy d\u00f3m vagy kicsi k\u00e1polna?<\/p>\n\n\n\n<p>keresztes toborz\u00f3k; sz\u00ednes v\u00e1laszt\u00e9k<\/p>\n\n\n\n<p>\u00d6t\u00f6dik fejezet<\/p>\n\n\n\n<p>a n\u00e9p v\u00e1lasza: \u201eNem megy\u00fcnk!\u201d<\/p>\n\n\n\n<p>vall\u00e1sos pr\u00e9dik\u00e1ci\u00f3 a p\u00e1pa sz\u00e1nd\u00e9ka ellen: \u201eA keresztes hadj\u00e1rat istenk\u00e1roml\u00e1s\u201d, mondja egy teol\u00f3gus hentes<\/p>\n\n\n\n<p>okos dolgok \u00e9letr\u0151l \u00e9s logik\u00e1r\u00f3l<\/p>\n\n\n\n<p>egy apuliai \u201eD\u00f3zsa Gy\u00f6rgy\u201d kegyetlen Summ\u00e1-ja a keresztesekr\u0151l<\/p>\n\n\n\n<p>szent kib\u00fav\u00f3k a szent harc el\u0151l<\/p>\n\n\n\n<p>a n\u00e9p\u00e1m\u00edt\u00e1snak ez egyszer befellegzett<\/p>\n\n\n\n<p>\u00e9ljen a damiettai vesztes\u00e9g!<\/p>\n\n\n\n<p>Bern\u00e1t blam\u00e1zs\u00e1t ki felejten\u00e9?<\/p>\n\n\n\n<p>rossz lovagok j\u00f3 katal\u00f3gusa<\/p>\n\n\n\n<p>a feudalizmus hittud\u00f3skod\u00f3 \u00e9s \u00e9des kis mim\u00f3z\u00e1ja<\/p>\n\n\n\n<p>Hatodik fejezet<\/p>\n\n\n\n<p>II. Frigyes egyed\u00fcl a D\u00f3m sz\u00f3sz\u00e9ke t\u00f6v\u00e9ben<\/p>\n\n\n\n<p>senki sem jelentkezik<\/p>\n\n\n\n<p>a pr\u00e9dik\u00e1tor: \u201eKoldus J\u00e1nos\u201d jeruzs\u00e1lemi kir\u00e1lyr\u00f3l<\/p>\n\n\n\n<p>J\u00e1nos \u00e9s az angol kir\u00e1ly k\u00f6vete: ez k\u00f3klernak n\u00e9zi<\/p>\n\n\n\n<p>J\u00e1nos \u00e9s a francia kir\u00e1ly k\u00f6vete: ez ap\u00e1ca-koszor\u00faval fogadja<\/p>\n\n\n\n<p>egy v\u00e9n szoror saj\u00e1tos \u00f6sszefoglal\u00e1sa a keresztesek tev\u00e9kenys\u00e9g\u00e9r\u0151l (m\u00e1sok is seg\u00edtenek neki)<\/p>\n\n\n\n<p>a pr\u00e9dik\u00e1tor befejezi lehangol\u00f3 t\u00f6rt\u00e9net\u00e9t<\/p>\n\n\n\n<p>Hetedik fejezet<\/p>\n\n\n\n<p>Jeruzs\u00e1lemi J\u00e1nos \u00e9s le\u00e1nya megjelen\u00e9se a csattan\u00f3<\/p>\n\n\n\n<p>Izabella: \u00edzel\u00edt\u0151 a keleti t\u00fal-barokk ir\u00e1lyb\u00f3l<\/p>\n\n\n\n<p>tisztelg\u00e9se a kistemplomban<\/p>\n\n\n\n<p>udvarl\u00e1s a kopors\u00f3n\u00e1l, more catholico (\u00e9s eljegyz\u00e9s)<\/p>\n\n\n\n<p>Nyolcadik fejezet<\/p>\n\n\n\n<p>Honorius p\u00e1pa megtudja; nagy hiszt\u00e9ria latin id\u00e9zetekkel<\/p>\n\n\n\n<p>botr\u00e1ny az olt\u00e1rn\u00e1l? De: sz\u00e9p r\u00e9gi szobrok<\/p>\n\n\n\n<p>bankh\u00e1zak \u00e9s kunyh\u00f3k a p\u00e1pai templom k\u00f6r\u00fcl<\/p>\n\n\n\n<p>a szeg\u00e9ny L\u00e1z\u00e1r nem grata persona a levantei p\u00e9nzint\u00e9zetekben<\/p>\n\n\n\n<p>de a szeg\u00e9nyeknek sem kell t\u00f6bb\u00e9 L\u00e1z\u00e1r be\u00edg\u00e9rt paradicsoma \u2013 kivonulnak<\/p>\n\n\n\n<p>Kilencedik fejezet<\/p>\n\n\n\n<p>II. Frigyes l\u00e9p be a p\u00e1pai templomba<\/p>\n\n\n\n<p>Levante boldog (\u201eez j\u00f3 nek\u00fcnk\u201d)<\/p>\n\n\n\n<p>p\u00e1pa \u00e9s cs\u00e1sz\u00e1r v\u00e9gre szemt\u0151l szembe<\/p>\n\n\n\n<p>az Antikrisztus szentbesz\u00e9de<\/p>\n\n\n\n<p>a jeruzs\u00e1lemi kir\u00e1lys\u00e1g jelv\u00e9nyei<\/p>\n\n\n\n<p>J\u00fad\u00e1s-p\u00e9nz<\/p>\n\n\n\n<p>Izabella p\u00f3zban<\/p>\n\n\n\n<p>J\u00e1nos kir\u00e1ly m\u00e9rg\u00e9ben; p\u00e1rbajozni akar Frigyessel<\/p>\n\n\n\n<p>Tizedik fejezet<\/p>\n\n\n\n<p>\u201ecsoda\u201d<\/p>\n\n\n\n<p>k\u00f6vets\u00e9g j\u00f6n Lombardi\u00e1b\u00f3l; bolond p\u00e1nc\u00e9lok<\/p>\n\n\n\n<p>a lombardiak nagyban t\u00e9pik Frigyes \u00e1larcait Honorius p\u00e1pa jelenl\u00e9t\u00e9ben<\/p>\n\n\n\n<p>utcai harc a templom el\u0151tt Frigyes \u00e9s lombardok k\u00f6z\u00f6tt<\/p>\n\n\n\n<p>a p\u00e1pai karossz\u00e9k bojtja<\/p>\n\n\n\n<p>b\u00e9ke besti\u00e1ja: mi minden sz\u00f3l a hangodb\u00f3l? \u00e1ld\u00e1s j\u00f6n-e \u00e1ld\u00f3 kezedb\u0151l?<\/p>\n\n\n\n<p>p\u00e1pa parasztszek\u00e9ren, lova a cs\u00e1sz\u00e1r: elv\u00e9gre vagy k\u00f6z\u00e9pkor, vagy nem?<\/p>\n\n\n\n<p>\u00e9s mivel az: l\u00e1sd ezt a boh\u00f3c \u201ekeresztes hadat\u201d R\u00f3ma r\u00e9gi h\u00eddj\u00e1n<\/p>\n\n\n\n<p>Tizenegyedik fejezet<\/p>\n\n\n\n<p>r\u00e9gi p\u00e1pa \u00e9s \u00faj p\u00e1pa nem keresett tal\u00e1lk\u00e1ja<\/p>\n\n\n\n<p>Honorius hal\u00e1la<\/p>\n\n\n\n<p>Tizenkettedik fejezet<\/p>\n\n\n\n<p>az \u00faj p\u00e1pa arck\u00e9pe; lesz-e Nagy Dial\u00f3gus IX. Gergely \u00e9s II. Frigyes k\u00f6z\u00f6tt?<\/p>\n\n\n\n<p>IX. Gergely nagy besz\u00e9de<\/p>\n\n\n\n<p>Tizenharmadik fejezet<\/p>\n\n\n\n<p>k\u00f6zj\u00e1t\u00e9k: r\u00f3mai term\u00e9szet, r\u00f3mai romok, r\u00f3mai n\u00e9p<\/p>\n\n\n\n<p>Tizennegyedik fejezet<\/p>\n\n\n\n<p>r\u00e9gi j\u00e1t\u00e9k: l\u00e1zad\u00f3 jobb\u00e1gyok menjenek a szarac\u00e9nokra \u2013 uraik helyett (Vunibald Angli\u00e1ban)<\/p>\n\n\n\n<p>Brueghel \u00e9s Bosch h\u00fcly\u00e9i a Vunibald toborz\u00e1s\u00e1n<\/p>\n\n\n\n<p>egyszerre de kedves Istennek \u00e9s p\u00e1p\u00e1nak a szeg\u00e9nys\u00e9g<\/p>\n\n\n\n<p>szent vetk\u0151z\u00e9s szent propagand\u00e1b\u00f3l, \u00e9s \u201eel\u00e9rkezik a szeg\u00e9nyek paradicsoma\u201d<\/p>\n\n\n\n<p>az els\u0151 angol herceg felveszi a keresztet (m\u00e9ghozz\u00e1 sz\u00f3 szerint!)<\/p>\n\n\n\n<p>becsapott parasztl\u00e1zad\u00e1s<\/p>\n\n\n\n<p>Tizen\u00f6t\u00f6dik fejezet<\/p>\n\n\n\n<p>angol keresztesek hi\u00e1ba Brindisibe; vez\u00e9r bemehet, csapat kinn maradhat<\/p>\n\n\n\n<p>vall\u00e1sos k\u00f6ny\u00f6rg\u00e9s Brindisiben: menjenek haza a keresztesek!<\/p>\n\n\n\n<p>haj\u00f3 \u00fagysincs!<\/p>\n\n\n\n<p>\u00e9h\u00edns\u00e9g van, v\u00edzhi\u00e1ny van<\/p>\n\n\n\n<p>a csal\u00f3dott keresztesek jelszava: istenk\u00e1roml\u00e1s<\/p>\n\n\n\n<p>rag\u00e1ly, babona, hiszt\u00e9ria<\/p>\n\n\n\n<p>nyomor\u00e9k k\u00f6vets\u00e9g II. Frigyeshez<\/p>\n\n\n\n<p>beteg k\u00e9j beteg k\u00f3dexe (Elogium Luxuriae)<\/p>\n\n\n\n<p>Tizenhatodik fejezet<\/p>\n\n\n\n<p>Frigyes Velenc\u00e9ben a p\u00e1pai nunciussal; a d\u00f3zse tukm\u00e1lt arany\u00e1rm\u00e1d\u00e1ja<\/p>\n\n\n\n<p>karnev\u00e1l; velencei k\u00fclv\u00e1ros<\/p>\n\n\n\n<p>Giudecca; palota; nihilista filoz\u00f3fus: j\u00f3 el\u0151k\u00e9sz\u00edt\u0151 egy keresztes hadj\u00e1ratra!<\/p>\n\n\n\n<p>Tizenhetedik fejezet<\/p>\n\n\n\n<p>Frigyes felboml\u00f3 serege<\/p>\n\n\n\n<p>de Frigyes most m\u00e1r k\u00f6zeledik \u00e1rva sereg\u00e9hez<\/p>\n\n\n\n<p>Frigyes betegen az Adri\u00e1n<\/p>\n\n\n\n<p>az angolok vez\u00e9re \u00e9ppolyan beteg; orvosaik \u00e9s m\u0171szereik (\u00e9s p\u00e1pai hajcs\u00e1rok)<\/p>\n\n\n\n<p>\u00e1jult kisz\u00e1ll\u00e1s Otrant\u00f3ban<\/p>\n\n\n\n<p>\u201eII. Frigyes t\u00f6r\u00f6k! II. Frigyes zsid\u00f3!\u201d<\/p>\n\n\n\n<p>zsid\u00f3\u00fcld\u00f6z\u00e9s (h\u00e1nyadszor, in nomine Domini?)<\/p>\n\n\n\n<p>templomi \u00e1ld\u00e1s helyett \u00e1tok Frigyesre<\/p>\n\n\n\n<p>asztrol\u00f3giai sz\u00f3noklat az \u00e1llatk\u00f6rr\u0151l<\/p>\n\n\n\n<p>Tizennyolcadik fejezet<\/p>\n\n\n\n<p>II. Endre le\u00e1nya a Wartburgban<\/p>\n\n\n\n<p>f\u00e9rje II. Frigyessel megy<\/p>\n\n\n\n<p>Erzs\u00e9bet \u00e1lma: Frigyes kik\u00f6z\u00f6s\u00edt\u00e9se<\/p>\n\n\n\n<p>f\u00e9rj\u00e9r\u0151l let\u00e9pik a keresztet a p\u00e1pa parancs\u00e1ra<\/p>\n\n\n\n<p>II. Frigyes \u00fajsz\u00fcl\u00f6tt fia, Izabella t\u00fcnd\u00e9ri sz\u00e9ps\u00e9ge<\/p>\n\n\n\n<p>Izabella hal\u00e1los betegs\u00e9ge<\/p>\n\n\n\n<p>Izabella hagym\u00e1zos zar\u00e1ndokl\u00e1sa a barlettai templomhoz<\/p>\n\n\n\n<p>Erzs\u00e9bet f\u00e9rje \u00e9s Izabella hal\u00e1los kett\u0151se<\/p>\n\n\n\n<p>Erzs\u00e9bet blaz\u00edrt udvarh\u00f6lgye<\/p>\n\n\n\n<p>egy el\u00e1tkozott templom belseje<\/p>\n\n\n\n<p>a babon\u00e1s n\u00e9p csod\u00e1t v\u00e1r a halott Izabell\u00e1t\u00f3l<\/p>\n\n\n\n<p>arab udvari gy\u00e1sz Izabell\u00e1\u00e9rt!<\/p>\n\n\n\n<p>Szent Erzs\u00e9bet? A S\u00e1t\u00e1n le\u00e1nya<\/p>\n\n\n\n<p>wartburgi arck\u00e9pcsarnok: f\u0151pr\u00f3ba egy Szent Johanna-perhez?<\/p>\n\n\n\n<p>arab par\u00e1znas\u00e1gok k\u00f3dexe<\/p>\n\n\n\n<p>Tizenkilencedik fejezet<\/p>\n\n\n\n<p>h\u00e1rem kereszt\u00e9ny vigasztal\u00e1sa<\/p>\n\n\n\n<p>Frigyes sz\u00e1ll\u00e1scsin\u00e1l\u00f3 k\u00f6vete, az acerrai gr\u00f3f, Sz\u00edri\u00e1ba haj\u00f3zik<\/p>\n\n\n\n<p>templomosok a keresztesek ellen<\/p>\n\n\n\n<p>a templomosok k\u00fcl\u00f6n\u00f6s temet\u00e9si szok\u00e1sai<\/p>\n\n\n\n<p>gyan\u00fas kopors\u00f3k<\/p>\n\n\n\n<p>h\u00e1rmas templomos k\u00f6vets\u00e9g az acerrai gr\u00f3f haj\u00f3j\u00e1n<\/p>\n\n\n\n<p>Balduin festett jeruzs\u00e1lemi kir\u00e1lys\u00e1ga<\/p>\n\n\n\n<p>templomosok kezdete, Hug\u00f3<\/p>\n\n\n\n<p>Salamon temploma<\/p>\n\n\n\n<p>\u201ezsid\u00f3 keresztes hadj\u00e1rat\u201d?<\/p>\n\n\n\n<p>Szent Bern\u00e1t \u00e9s M\u00f3zes a veronai amfite\u00e1trumban<\/p>\n\n\n\n<p>Bern\u00e1t \u00e9s a templomosok<\/p>\n\n\n\n<p>lovag, polg\u00e1r, paraszt: azonnal egym\u00e1s ellen a szent templomos rendben<\/p>\n\n\n\n<p>feud\u00e1lis csal\u00e1s \u00e9s terror in excelsis: keresked\u0151k palotaforradalma gr\u00f3fok ellen<\/p>\n\n\n\n<p>ebb\u0151l utcai harc, polg\u00e1rh\u00e1bor\u00fa<\/p>\n\n\n\n<p>az egyetlen igaz c\u00edmereslev\u00e9l: jobb\u00e1gyok rongya<\/p>\n\n\n\n<p>\u00e1lkopors\u00f3k<\/p>\n\n\n\n<p>Huszadik fejezet<\/p>\n\n\n\n<p>II. Frigyes Ciprus sziget\u00e9n<\/p>\n\n\n\n<p>a Barnab\u00e1s-legenda; II. Frigyes vizitje; M\u00e1t\u00e9-ereklye<\/p>\n\n\n\n<p>Frigyes tartuffe-ked\u00e9sei a ciprusi gyermekkir\u00e1ly el\u0151tt<\/p>\n\n\n\n<p>Huszonegyedik fejezet<\/p>\n\n\n\n<p>\u00f6reged\u0151 udvarmester\u00e9nek \u0151szi hangulat\u00fa feljegyz\u00e9sei<\/p>\n\n\n\n<p>Huszonkettedik fejezet<\/p>\n\n\n\n<p>Akkon v\u00e1rosa k\u00e9t r\u00e9szre szakad: Frigyes ellen \u00e9s Frigyes mellett<\/p>\n\n\n\n<p>a h\u00e9t szents\u00e9g tiltva Frigyes \u00e1rny\u00e9k\u00e1ban<\/p>\n\n\n\n<p>sz\u00edn\u00e9szek v\u00edzi\u00f3-kom\u00e9di\u00e1ja Frigyes ellen<\/p>\n\n\n\n<p>pap k\u00e9ri Frigyest: hagyja el a Szentf\u00f6ldet kereszteseivel<\/p>\n\n\n\n<p>m\u00e1sik pap R\u00f3m\u00e1ba invit\u00e1lja<\/p>\n\n\n\n<p>h\u00edvatlan udvari boh\u00f3cnak: egy remete<\/p>\n\n\n\n<p>bolond szent Jeromos-epigon Frigyes \u00e9jjeli vend\u00e9ge<\/p>\n\n\n\n<p>v\u00e9gre egy megsz\u00e1llott: h\u00edvja Frigyest a Szentf\u00f6ldre!<\/p>\n\n\n\n<p>vall\u00e1sos parasztoknak Frigyes kell, nem a p\u00e1pa<\/p>\n\n\n\n<p>Frigyes gy\u0151z, n\u00e9p\u00fcnnep\u00e9ly<\/p>\n\n\n\n<p>a legmodernebb teol\u00f3gia itt van! (ha ugyan m\u00e9g teol\u00f3gia a II. Frigyes liberalizmusa)<\/p>\n\n\n\n<p>\u201epog\u00e1ny\u201d zene, \u00e9nek, t\u00e1nc<\/p>\n\n\n\n<p>sz\u00e1nt\u00f3f\u00f6ld, nem Szentf\u00f6ld!<\/p>\n\n\n\n<p>csak semmi olcs\u00f3 \u201eoszt\u00e1lyok k\u00f6z\u00f6tti idill\u201d<\/p>\n\n\n\n<p>Huszonharmadik fejezet<\/p>\n\n\n\n<p>egyiptomi Alkamil szult\u00e1n k\u00f6vets\u00e9ge Frigyesn\u00e9l<\/p>\n\n\n\n<p>II. Frigyes visszavonul\u00e1sa egy kakadu el\u0151l<\/p>\n\n\n\n<p>ezeregy\u00e9jszak\u00e1k kell\u00e9kt\u00e1ra Frigyes l\u00e1bai el\u0151tt<\/p>\n\n\n\n<p>Huszonnegyedik fejezet<\/p>\n\n\n\n<p>Atheosz atya utols\u00f3 szavai:<\/p>\n\n\n\n<p>1. Vakbuzg\u00f3 szerzetesek siserehada Frigyesnek rohan<\/p>\n\n\n\n<p>2. kezdet\u00e9t veszi Frigyes alkuja Alkamillal a szabad Jeruzs\u00e1lem\u00e9rt<\/p>\n\n\n\n<p>3. a mesterfog\u00e1s: minden Isten nev\u00e9ben \u00e9s nem Frigyes nev\u00e9ben<\/p>\n\n\n\n<p>4. Frigyes \u00e9s Alkamil esk\u00fcje: \u00c1brah\u00e1m \u00e9s L\u00f3t<\/p>\n\n\n\n<p>5. a nagy szerz\u0151d\u00e9s<\/p>\n\n\n\n<p>6. Alkamil h\u00e1rem\u00e9ben d\u0151zs\u00f6l, de megzavarj\u00e1k<\/p>\n\n\n\n<p>7. keresztes n\u00e9p\u00fcnnep\u00e9ly, \u00f6r\u00f6ml\u00e1nyok konkl\u00e1v\u00e9ja<\/p>\n\n\n\n<p>8. Frigyes hittani nihilizmusa<\/p>\n\n\n\n<p>9. a jeruzs\u00e1lemi p\u00e1tri\u00e1rka sz\u00f3ba se \u00e1ll Jeruzs\u00e1lem visszaszerz\u0151j\u00e9vel<\/p>\n\n\n\n<p>10. feud\u00e1lis koron\u00e1z\u00e1s \u00e9s egy n\u00e9vtelen M\u00f3zes-hit\u0171 summ\u00e1ja J\u00e9zusr\u00f3l<\/p>\n\n\n\n<p>11. \u00e1tok Jeruzs\u00e1lemre!<\/p>\n\n\n\n<p>12. \u00e1ld\u00e1s Jeruzs\u00e1lemre!<\/p>\n\n\n\n<p>13. hitetlen b\u00e1nat, hitetlen feloldoz\u00e1s<\/p>\n","protected":false},"excerpt":{"rendered":"<p>Szentkuthy Mikl\u00f3s: A megszabad\u00edtott Jeruzs\u00e1lem Tartalommutat\u00f3 I. \u00dcr\u00fcgy Els\u0151 fejezet Biz\u00e1nc eleste 1453 egy \u201eateista\u201d egyh\u00e1zjog\u00e1sz R\u00f3ma \u00e9s Biz\u00e1nc egyes\u00fcl\u00e9s\u00e9nek medd\u0151 k\u00eds\u00e9rletei a feudalizmus kritikai Summ\u00e1-j\u00e1nak terve illusztr\u00e1ci\u00f3: Szents\u00edr helyett Biz\u00e1nc elfoglal\u00e1sa \u00e9s az el\u00e1tkozott Szents\u00edr Atheosz atya egy\u00e9b vil\u00e1gt\u00f6rt\u00e9nelmi eml\u00e9kei \u00e9s \u00e9lm\u00e9nyei utaz\u00e1sai 1453 ut\u00e1n, leteleped\u00e9se Szic\u00edli\u00e1ban vil\u00e1gt\u00f6rt\u00e9nelmi \u00e9lm\u00e9nyek ut\u00e1n m\u0171v\u00e9szeti \u00e9lm\u00e9nyei r\u00e9gi angol [&hellip;]<\/p>\n","protected":false},"author":4,"featured_media":0,"parent":730,"menu_order":1,"comment_status":"closed","ping_status":"closed","template":"","meta":{"footnotes":""},"categories":[3],"class_list":["post-732","page","type-page","status-publish","hentry","category-regenyek"],"_links":{"self":[{"href":"https:\/\/www.szentkuthymiklos.hu\/web\/wp-json\/wp\/v2\/pages\/732","targetHints":{"allow":["GET"]}}],"collection":[{"href":"https:\/\/www.szentkuthymiklos.hu\/web\/wp-json\/wp\/v2\/pages"}],"about":[{"href":"https:\/\/www.szentkuthymiklos.hu\/web\/wp-json\/wp\/v2\/types\/page"}],"author":[{"embeddable":true,"href":"https:\/\/www.szentkuthymiklos.hu\/web\/wp-json\/wp\/v2\/users\/4"}],"replies":[{"embeddable":true,"href":"https:\/\/www.szentkuthymiklos.hu\/web\/wp-json\/wp\/v2\/comments?post=732"}],"version-history":[{"count":1,"href":"https:\/\/www.szentkuthymiklos.hu\/web\/wp-json\/wp\/v2\/pages\/732\/revisions"}],"predecessor-version":[{"id":733,"href":"https:\/\/www.szentkuthymiklos.hu\/web\/wp-json\/wp\/v2\/pages\/732\/revisions\/733"}],"up":[{"embeddable":true,"href":"https:\/\/www.szentkuthymiklos.hu\/web\/wp-json\/wp\/v2\/pages\/730"}],"wp:attachment":[{"href":"https:\/\/www.szentkuthymiklos.hu\/web\/wp-json\/wp\/v2\/media?parent=732"}],"wp:term":[{"taxonomy":"category","embeddable":true,"href":"https:\/\/www.szentkuthymiklos.hu\/web\/wp-json\/wp\/v2\/categories?post=732"}],"curies":[{"name":"wp","href":"https:\/\/api.w.org\/{rel}","templated":true}]}}