{"id":716,"date":"2025-02-16T11:53:18","date_gmt":"2025-02-16T11:53:18","guid":{"rendered":"https:\/\/www.szentkuthymiklos.hu\/web\/?page_id=716"},"modified":"2025-02-16T11:53:44","modified_gmt":"2025-02-16T11:53:44","slug":"tartalom","status":"publish","type":"page","link":"https:\/\/www.szentkuthymiklos.hu\/web\/regenyek\/ot-eletrajzi-fantazia\/saturnus-fia\/tartalom\/","title":{"rendered":"Tartalommutat\u00f3"},"content":{"rendered":"\n<p class=\"has-text-align-center\"><em>Szentkuthy Mikl\u00f3s: Saturnus fia<\/em><\/p>\n\n\n\n<p class=\"has-text-align-center\"><strong>Tartalommutat\u00f3<\/strong><\/p>\n\n\n\n<p>El\u0151sz\u00f3<\/p>\n\n\n\n<p>1.<\/p>\n\n\n\n<p>Frigyes cs\u00e1sz\u00e1r m\u00e9zeskal\u00e1csot oszt a gyerekeknek<\/p>\n\n\n\n<p>a kis Albrecht a V\u00e9nusz-szobrocsk\u00e1val<\/p>\n\n\n\n<p>d\u00edszvacsora, ott az aranym\u0171ves<\/p>\n\n\n\n<p>Frigyes anekdot\u00e1zik bujdos\u00e1sair\u00f3l<\/p>\n\n\n\n<p>asztrol\u00f3gia<\/p>\n\n\n\n<p>Miksa \u00e9s Burgundi M\u00e1ria<\/p>\n\n\n\n<p>az aranym\u0171ves aranym\u0171vei<\/p>\n\n\n\n<p>Albrecht b\u0151besz\u00e9d\u0171 dics\u00e9rete<\/p>\n\n\n\n<p>g\u00f3tika \u00e9s renesz\u00e1nsz kicsiben<\/p>\n\n\n\n<p>Albrecht olcs\u00f3 metszetgy\u0171jtem\u00e9nye<\/p>\n\n\n\n<p>r\u00f3mai diadal\u00edv<\/p>\n\n\n\n<p>Albrecht meggy\u00f3nja a renesz\u00e1nszot<\/p>\n\n\n\n<p>koron\u00e1z\u00e1si kincsek, Albrecht hozz\u00e1juk is ny\u00falhat<\/p>\n\n\n\n<p>Frigyes keser\u0171 eml\u00e9kei l\u00e1zad\u00f3 ellens\u00e9geir\u0151l<\/p>\n\n\n\n<p>Frey \u00far b\u00e1nata sznob feles\u00e9ge miatt<\/p>\n\n\n\n<p>a szent korona \u201e\u00f6zvegyei\u201d mulatnak<\/p>\n\n\n\n<p>egy apokaliptikus pr\u00e9dik\u00e1tor gyan\u00fasan \u00faj plebejus vil\u00e1gr\u00f3l<\/p>\n\n\n\n<p>Albrecht a N\u00e9p Cs\u00e1sz\u00e1ra?<\/p>\n\n\n\n<p>Miksa p\u00e1nc\u00e9lja, Albrecht kifog\u00e1sai<\/p>\n\n\n\n<p>a p\u00e1nc\u00e9l n\u00e9pszer\u0171bb az \u00f6reg cs\u00e1sz\u00e1rn\u00e1l<\/p>\n\n\n\n<p>k\u00e9snek M\u00e1ria \u00e9kszerei?<\/p>\n\n\n\n<p>Freyn\u00e9 pr\u00f3b\u00e1lja \u0151ket<\/p>\n\n\n\n<p>\u00e9kszerek szent p\u00e9nzen, szent hitelre<\/p>\n\n\n\n<p>Konr\u00e1d mestert k\u00f6lt\u0151v\u00e9 koron\u00e1zz\u00e1k a birodalmi gy\u0171l\u00e9sen; megjegyz\u00e9sek<\/p>\n\n\n\n<p>Albrecht \u00c1gnessel vir\u00e1gok k\u00f6z\u00f6tt<\/p>\n\n\n\n<p>Frigyes \u00e1rul\u00e1sai: hangos v\u00e9lem\u00e9nyek err\u0151l<\/p>\n\n\n\n<p>egy fac\u00e9r udvari bolond eml\u00e9kei a p\u00e1pai \u00fczletr\u0151l<\/p>\n\n\n\n<p>Vergilius Eclog\u00e1i<\/p>\n\n\n\n<p>Albrecht f\u00fcves akvarellje<\/p>\n\n\n\n<p>illusztr\u00e1ci\u00f3 Konr\u00e1d mester k\u00f6ltem\u00e9nyeihez<\/p>\n\n\n\n<p>enyhe k\u00e9telyek a n\u00e9met renesz\u00e1nszban<\/p>\n\n\n\n<p>Perszeusz \u00e9s Androm\u00e9da-dr\u00e1ma, sz\u00e9ps\u00e9ghib\u00e1kkal<\/p>\n\n\n\n<p>Albrecht val\u00f3ban pog\u00e1ny szerelmi \u00e1lma<\/p>\n\n\n\n<p>egy igen szeg\u00e9nyes k\u00f6lt\u0151kir\u00e1ly ban\u00e1lis talpnyal\u00e1sai \u2013 ez is renesz\u00e1nsz?<\/p>\n\n\n\n<p>sz\u00fcl\u00e9s asztrol\u00f3giai seg\u00e9dlettel<\/p>\n\n\n\n<p>Avicenna h\u00e1reme is hozz\u00e1<\/p>\n\n\n\n<p>Miksa cs\u00e1sz\u00e1r a Bodeni-tavon \u00e9s egy t\u00fcnd\u00e9rkertben br\u00fcggei kalandj\u00e1r\u00f3l anekdot\u00e1zik<\/p>\n\n\n\n<p>antikiz\u00e1l\u00f3 feslett h\u00f6lgyvend\u00e9g Miksa br\u00fcggei b\u00f6rt\u00f6n\u00e9ben<\/p>\n\n\n\n<p>fantasztikus csal\u00e1df\u00e1k: ez is az antikvit\u00e1s felt\u00e1maszt\u00e1s\u00e1hoz tartozik?<\/p>\n\n\n\n<p>\u00cdzisz \u00e9s Ozirisz<\/p>\n\n\n\n<p>a n\u00fcrnbergi nagytan\u00e1cs sikkaszt\u00e1s\u00e9rt elfogja a legnagyobb tan\u00e1csost<\/p>\n\n\n\n<p>akaszt\u00e1s<\/p>\n\n\n\n<p>Albrecht kedves szentk\u00e9pe<\/p>\n\n\n\n<p>polg\u00e1rs\u00e1g a p\u00fcsp\u00f6ke ellen<\/p>\n\n\n\n<p>Albrecht els\u0151 \u00f6narck\u00e9pe<\/p>\n\n\n\n<p>Husz J\u00e1nos eml\u00e9ke fell\u00e1ngol<\/p>\n\n\n\n<p>\u201ekezdetben vala a paraszt\u201d<\/p>\n\n\n\n<p>Albrecht rajzol Wolgemut m\u0171hely\u00e9ben<\/p>\n\n\n\n<p>Wolgemut v\u00e1s\u00e1rl\u00f3i<\/p>\n\n\n\n<p>a h\u00f3h\u00e9r-fest\u0151 v\u00e1zlatk\u00f6nyve<\/p>\n\n\n\n<p>kalandos \u00e9lete<\/p>\n\n\n\n<p>a h\u00f3h\u00e9r vezeti be Albrechtet, Frigyes cs\u00e1sz\u00e1r ut\u00e1n m\u00e1sodszor, a burgundi etikett titkaiba<\/p>\n\n\n\n<p>J\u00e9zus \u00e9lete fametszetekben<\/p>\n\n\n\n<p>Szent Birgitta vil\u00e1gt\u00f6rt\u00e9nelmi komment\u00e1rjai az \u00e9gb\u0151l a pr\u00e9dik\u00e1tor k\u00f6zvet\u00edt\u00e9s\u00e9vel<\/p>\n\n\n\n<p>Biz\u00e1nc eleste<\/p>\n\n\n\n<p>Mohamed hal\u00e1la<\/p>\n\n\n\n<p>B\u00e9cs eleste<\/p>\n\n\n\n<p>az ostrom nyomora<\/p>\n\n\n\n<p>feud\u00e1lis terror<\/p>\n\n\n\n<p>\u00e1tok Frigyesre<\/p>\n\n\n\n<p>v\u00e1rosok nem fizetnek t\u00f6r\u00f6k elleni hadra<\/p>\n\n\n\n<p>egy fejedelem sem indul a t\u00f6r\u00f6k ellen; Sixtus k\u00e9ts\u00e9gbees\u00e9se<\/p>\n\n\n\n<p>a francisk\u00e1nus b\u00f6lcselet m\u00f6g\u00f6tt: materializmus \u00e9s ateizmus lappang<\/p>\n\n\n\n<p>Miksa \u201ereg\u00e9ny\u00e9t\u201d dikt\u00e1lja burgundi h\u00e1zass\u00e1g\u00e1r\u00f3l<\/p>\n\n\n\n<p>2.<\/p>\n\n\n\n<p>Pirkheimer arck\u00e9pe<\/p>\n\n\n\n<p>Albrecht \u201emegkompon\u00e1lja\u201d v\u00e1ndor\u00fatj\u00e1nak \u00e9s velencei \u00e9let\u00e9nek eml\u00e9keit<\/p>\n\n\n\n<p>kezd\u0151dnek Albrecht vallom\u00e1sai Pirkheimernek, \u00fatban Velenc\u00e9b\u0151l N\u00fcrnberg fel\u00e9<\/p>\n\n\n\n<p>szentf\u00f6ldi zar\u00e1ndokok a d\u00f3zse v\u00e1rakoz\u00f3-szob\u00e1j\u00e1ban<\/p>\n\n\n\n<p>eml\u00e9kp\u00e1r: zar\u00e1ndokok fogadalmi szobrainak fest\u00e9se<\/p>\n\n\n\n<p>egy kit\u00f6m\u00f6tt v\u00f6r\u00f6sbegy (Albrecht?)<\/p>\n\n\n\n<p>a n\u00fcrnbergi Sz\u00e9p K\u00fat m\u00e1zol\u00e1sa<\/p>\n\n\n\n<p>Freyn\u00e9 portr\u00e9ja<\/p>\n\n\n\n<p>Schongauer hat\u00e1sa<\/p>\n\n\n\n<p>Wolgemut \u00f6regkori arck\u00e9pe<\/p>\n\n\n\n<p>F\u00fcl\u00f6p \u00e9s az \u00d6regebb Jakab apostol<\/p>\n\n\n\n<p>\u00fcnnepi mise \u00e9s d\u00f3zse-portr\u00e9k ki\u00e1ll\u00edt\u00e1sa<\/p>\n\n\n\n<p>eml\u00e9kp\u00e1r: Albrecht sz\u00fcleinek arck\u00e9pe<\/p>\n\n\n\n<p>kocsmai k\u00f6zj\u00e1t\u00e9k: Pirkheimer bar\u00e1ts\u00e1gosan karik\u00edrozza Albrecht vallom\u00e1sainak k\u00f6z\u00e9pkorias kompoz\u00edci\u00f3j\u00e1t<\/p>\n\n\n\n<p>Velence v\u00e1rja a p\u00e1pa k\u00f6vet\u00e9t<\/p>\n\n\n\n<p>eml\u00e9kp\u00e1r: b\u00e1zeli zsinat<\/p>\n\n\n\n<p>Albrecht t\u00e1jrajzai \u00fatk\u00f6zben hazafel\u00e9<\/p>\n\n\n\n<p>velencei kurtiz\u00e1nok<\/p>\n\n\n\n<p>\u00e9jf\u00e9li ablak<\/p>\n\n\n\n<p>kurtiz\u00e1nok ut\u00e1n el\u0151kel\u0151 matr\u00f3n\u00e1k<\/p>\n\n\n\n<p>\u00c1gnes m\u00e1s, m\u00e1s\u2026<\/p>\n\n\n\n<p>eml\u00e9kp\u00e1r: els\u0151 Jeromos-metszete<\/p>\n\n\n\n<p>Jeromos k\u00eds\u00e9rt\u00e9sei \u00e9s Albrecht k\u00eds\u00e9rt\u00e9sei, m\u00e1s, m\u00e1s\u2026<\/p>\n\n\n\n<p>velencei kertben megvetve \u00e9s egyed\u00fcl<\/p>\n\n\n\n<p>\u00e9hs\u00e9g Velenc\u00e9ben: \u201eNachtst\u00fcck\u201d<\/p>\n\n\n\n<p>Schongauer \u00e9s Van der Weyden<\/p>\n\n\n\n<p>az \u0150rangyal<\/p>\n\n\n\n<p>az \u00e9gi anya: f\u00f6ldi anya<\/p>\n\n\n\n<p>ebben a hangnemben Van der Weyden vil\u00e1ga<\/p>\n\n\n\n<p>utcai szent\u00e9ly<\/p>\n\n\n\n<p>velencei temet\u00e9s<\/p>\n\n\n\n<p>eml\u00e9kp\u00e1r: M\u00e1ty\u00e1s kir\u00e1ly v\u00e9gnapjai (orvos\u00e1nak elbesz\u00e9l\u00e9se)<\/p>\n\n\n\n<p>rajzoljon Albrecht szatirikus k\u00e9peket az olasz orvos \u201eAnna-reg\u00e9ny\u00e9\u201d-hez!<\/p>\n\n\n\n<p>Albrecht keser\u0171 \u00f6nvizsg\u00e1lata<\/p>\n\n\n\n<p>velencei turb\u00e1nos szobor egy f\u00fclk\u00e9ben<\/p>\n\n\n\n<p>eml\u00e9kp\u00e1r: a strassburgi D\u00f3m Er\u00e9ny-kisasszonyai<\/p>\n\n\n\n<p>strassburgi h\u00e1zigazd\u00e1inak arck\u00e9pei<\/p>\n\n\n\n<p>a velencei v\u00edz t\u00fck\u00f6rk\u00e9p\u00e9nek tanuls\u00e1gai<\/p>\n\n\n\n<p>Albrecht strassburgi \u00f6narck\u00e9pe<\/p>\n\n\n\n<p>alpesi vir\u00e1gok<\/p>\n\n\n\n<p>velencei titkos szerelmesek<\/p>\n\n\n\n<p>k\u00e9pzelt V\u00e9nusz k\u00e9pzelt holdvil\u00e1gban; velencei vir\u00e1g\u00e1rus<\/p>\n\n\n\n<p>velencei lakodalom<\/p>\n\n\n\n<p>eml\u00e9kp\u00e1r: Albrecht h\u00e1zass\u00e1ga<\/p>\n\n\n\n<p>olvassa a szerz\u0151d\u00e9st<\/p>\n\n\n\n<p>olasz le\u00e1ny n\u00fcrnbergi ablakban<\/p>\n\n\n\n<p>egy pestises beteg<\/p>\n\n\n\n<p>Freyn\u00e9 sz\u00e9ps\u00e9ge a Frey\u00e9k eljegyz\u00e9si lakom\u00e1j\u00e1n<\/p>\n\n\n\n<p>le\u00e1nyok koncertje<\/p>\n\n\n\n<p>\u00c1gnes<\/p>\n\n\n\n<p>egy Strigel-t\u00e1jk\u00e9p<\/p>\n\n\n\n<p>Madonna: p\u00e1nc\u00e9los hadvez\u00e9r!<\/p>\n\n\n\n<p>Albrecht h\u00e1zass\u00e1g el\u0151tti gy\u00f3n\u00e1sa<\/p>\n\n\n\n<p>a spanyol k\u00f3bor le\u00e1ny<\/p>\n\n\n\n<p>penitencia: olvassa a Jelen\u00e9sek K\u00f6nyv\u00e9-t<\/p>\n\n\n\n<p>Golgota \u00e9s n\u00e1sz\u00e1gy?<\/p>\n\n\n\n<p>olt\u00e1r el\u0151tt<\/p>\n\n\n\n<p>Brixen: Pacher-olt\u00e1r, a N\u00e9gy Egyh\u00e1zatya<\/p>\n\n\n\n<p>zar\u00e1ndokok haza\u00faton Brixenben<\/p>\n\n\n\n<p>\u00c1gnes im\u00e1ja gyerek\u00e9rt a Szentf\u00f6ld vir\u00e1gaival<\/p>\n\n\n\n<p>a n\u00e9gy Imhof l\u00e1ny n\u00e9gy arck\u00e9pe: Barbara, Susanna, \u00c9va, Giuditta<\/p>\n\n\n\n<p>az olasz h\u00e1zitan\u00edt\u00f3; tritonok<\/p>\n\n\n\n<p>Mantegna<\/p>\n\n\n\n<p>n\u00e9met fest\u0151iskola Muran\u00f3ban; Squarcione akad\u00e9mi\u00e1ja<\/p>\n\n\n\n<p>Carpaccio<\/p>\n\n\n\n<p>aff\u00e9le \u201ereg\u00e9nyes \u00e9letrajz\u201d-ba ill\u0151 anekdota<\/p>\n\n\n\n<p>n\u00f6v\u00e9nytan \u00e9s embertan ugyanaz<\/p>\n\n\n\n<p>a N\u00e9gy L\u00e1ny tov\u00e1bb k\u00eds\u00e9rt<\/p>\n\n\n\n<p>Kopernikusz<\/p>\n\n\n\n<p>3.<\/p>\n\n\n\n<p>Miksa cs\u00e1sz\u00e1r \u00fatja D\u00fcrer\u00e9k el\u0151tt<\/p>\n\n\n\n<p>udvari \u00e1larcosb\u00e1l<\/p>\n\n\n\n<p>Miksa \u00e9s a Francia H\u00f6lgy<\/p>\n\n\n\n<p>a boh\u00f3c karikat\u00far\u00e1ja a cs\u00e1sz\u00e1rr\u00f3l<\/p>\n\n\n\n<p>macskajajos nagymise<\/p>\n\n\n\n<p>a l\u00e1zad\u00f3 mainzi \u00e9rsek<\/p>\n\n\n\n<p>Miksa dinasztikus \u00e9s anakronisztikus v\u00e1gy\u00e1lmai ima k\u00f6zben<\/p>\n\n\n\n<p>mise ut\u00e1n a mainzi \u00e9rsek h\u00e1rom pontja<\/p>\n\n\n\n<p>az \u00e9rsek k\u00eds\u00e9rete a nagyteremben<\/p>\n\n\n\n<p>vesztes csapat \u00e9rkezik It\u00e1li\u00e1b\u00f3l<\/p>\n\n\n\n<p>Miksa teljes r\u00e9tori pomp\u00e1j\u00e1ban<\/p>\n\n\n\n<p>a mainzi \u00e9rsek diplomatikus machin\u00e1ci\u00f3i<\/p>\n\n\n\n<p>tettetett interdiktum ad\u00f3csal\u00e1s v\u00e9gett<\/p>\n\n\n\n<p>\u201eszeg\u00e9ny az ekl\u00e9zsia!\u201d<\/p>\n\n\n\n<p>templom van: ad\u00f3 nincs<\/p>\n\n\n\n<p>zar\u00e1ndok b\u00edboros erekly\u00e9vel fizet<\/p>\n\n\n\n<p>Miksa f\u00f6ldh\u00f6z v\u00e1gja a Krisztus kez\u00e9ben forgatott p\u00e9nzt<\/p>\n\n\n\n<p>parasztl\u00e1zad\u00e1s az ad\u00f3 miatt<\/p>\n\n\n\n<p>egy zsid\u00f3 nagy terve Kolumbusszal<\/p>\n\n\n\n<p>4.<\/p>\n\n\n\n<p>nyomor\u00e9k Fugger m\u0171gy\u0171jt\u0151 \u00e9lete \u00e9s korai D\u00fcrer-metszetek, Apokalipszis-lapok \u00e9s egy-egy \u201ehistoire\u201d hozz\u00e1juk a Fugger-gy\u0171jtem\u00e9nyben<\/p>\n\n\n\n<p>B\u00f6lcs Frigyes arck\u00e9pe \u00e9s A Kiv\u00e1lasztottak Himnusza a Mennyekben<\/p>\n\n\n\n<p>a Fuggerek \u201eLuther-portr\u00e9ja\u201d<\/p>\n\n\n\n<p>Szent P\u00e1l Megt\u00e9r\u00e9se: D\u00fcrer m\u0171v\u00e9szi ihlet\u00e9nek jelk\u00e9pe a Fugger fej\u00e9ben<\/p>\n\n\n\n<p>Luther megt\u00e9r\u00e9se<\/p>\n\n\n\n<p>Luther b\u00facs\u00falakom\u00e1ja \u00e9s Szent J\u00e1nos Lenyeli a K\u00f6nyvet<\/p>\n\n\n\n<p>a N\u00e9gy Lovas<\/p>\n\n\n\n<p>Luther ki\u00e1br\u00e1ndul\u00e1sa mag\u00e1b\u00f3l \u00e9s a H\u00e9t Gyertyatart\u00f3<\/p>\n\n\n\n<p>Luther R\u00f3m\u00e1ban \u00e9s a Babiloni K\u00e9jn\u0151<\/p>\n\n\n\n<p>a kett\u0151s h\u00e1zass\u00e1g botr\u00e1nya \u00e9s a N\u00e9gy Angyal Harca<\/p>\n\n\n\n<p>Melanchthon arck\u00e9pe<\/p>\n\n\n\n<p>Michelangelo Bacchus-a \u00e9s a H\u00e9t Harson\u00e1s Angyal<\/p>\n\n\n\n<p>Bacchus \u00e9s Krisztus<\/p>\n\n\n\n<p>Katharina Fugger, szerelem, a Napba \u00d6lt\u00f6z\u00f6tt Asszony \u00e9s a H\u00e9tfej\u0171 S\u00e1rk\u00e1ny<\/p>\n\n\n\n<p>halott bambergi p\u00fcsp\u00f6k \u00e9s a Hatodik Pecs\u00e9t Felnyit\u00e1sa<\/p>\n\n\n\n<p>Albrecht hitk\u00e9telyei<\/p>\n\n\n\n<p>Szent J\u00e1nos evang\u00e9lista V\u00e9rtan\u00fas\u00e1ga<\/p>\n\n\n\n<p>Miksa nagy fogad\u00e1sa k\u00e9telyei tisztelet\u00e9re \u00e9s J\u00e1nos Megkapja az \u00c9gi Utas\u00edt\u00e1st<\/p>\n\n\n\n<p>a k\u00e9telyek<\/p>\n\n\n\n<p>Miksa Sforza Bianca \u00fcres kopors\u00f3j\u00e1n\u00e1l<\/p>\n\n\n\n<p>v\u00e9res-vir\u00e1gos szemelv\u00e9nyek a Sforz\u00e1k hist\u00f3ri\u00e1j\u00e1b\u00f3l<\/p>\n\n\n\n<p>fattyak<\/p>\n\n\n\n<p>Miksa- \u00e9s Bianca-med\u00e1lia<\/p>\n\n\n\n<p>II. Gyula p\u00e1pa \u201ehaldokl\u00e1sa\u201d<\/p>\n\n\n\n<p>Miksa \u201ep\u00e1pa\u201d \u00e9s az Angyal Lel\u00e1ncolja a S\u00e1t\u00e1nt<\/p>\n\n\n\n<p>Fugger-p\u00e9nz \u00e9s Lang-diplom\u00e1cia<\/p>\n\n\n\n<p>bet\u00f6r a m\u00e1r most is kiss\u00e9 \u201e\u0151r\u00fclt\u201d Johanna<\/p>\n\n\n\n<p>Cranach koszt\u00fcmje<\/p>\n\n\n\n<p>nagy duett: Miksa p\u00e1pas\u00e1gr\u00f3l, Johanna f\u00e9lt\u00e9kenys\u00e9gr\u0151l \u00e1g\u00e1l<\/p>\n\n\n\n<p>Johanna k\u00e9prabl\u00e1sa<\/p>\n\n\n\n<p>Albrecht Szenth\u00e1roms\u00e1g-metszete<\/p>\n\n\n\n<p>II. Gyula: \u00e9l!<\/p>\n\n\n\n<p>5.<\/p>\n\n\n\n<p>kiss\u00e9 m\u0171t\u00f6rt\u00e9neties z\u00e1rsz\u00f3 az Apokalipszis-hez<\/p>\n\n\n\n<p>Sz\u00e9p F\u00fcl\u00f6p n\u0151h\u00f3d\u00edt\u00f3 ruh\u00e1ja; Freyn\u00e9 tervei<\/p>\n\n\n\n<p>kezd\u0151dik Barbari b\u00e1lja<\/p>\n\n\n\n<p>\u201eruhat\u00e1ri\u201d hangulat<\/p>\n\n\n\n<p>megjelenik a N\u0151<\/p>\n\n\n\n<p>Albrecht Pirkheimerre gondol: A Doktor \u00c1lma<\/p>\n\n\n\n<p>ferences bar\u00e1tok Savonarola \u00e9s a p\u00e1pa harc\u00e1r\u00f3l<\/p>\n\n\n\n<p>tri\u00f3: a N\u0151, Miksa kamar\u00e1sa, Albrecht<\/p>\n\n\n\n<p>du\u00f3: a N\u0151 f\u00f6l\u00e9nyeskedik az \u201eeretnek\u201d-nek \u00e9s a cs\u00e1sz\u00e1ri j\u00e1t\u00e9kszernek k\u00e9pzelt Albrechttel<\/p>\n\n\n\n<p>aff\u00e9le humanista probl\u00e9m\u00e1sdi a szat\u00edrok t\u00e9m\u00e1j\u00e1r\u00f3l<\/p>\n\n\n\n<p>\u00fagy l\u00e1tszik, a N\u0151 is kony\u00edt a t\u00e9m\u00e1hoz<\/p>\n\n\n\n<p>t\u00e1nc; k\u00f6zben Luciferr\u0151l<\/p>\n\n\n\n<p>szat\u00edrok: a teremt\u00e9s tragikus k\u00eds\u00e9r\u0151i Barbari sznob k\u00e9pzelet\u00e9ben<\/p>\n\n\n\n<p>Savonarola egyetemes zsinatot k\u00f6vetel; kereszt\u00fati st\u00e1ci\u00f3kkal \u00e9kes\u00edtett levelei<\/p>\n\n\n\n<p>a t\u0171zpr\u00f3ba kudarca<\/p>\n\n\n\n<p>vil\u00e1gv\u00e9ge Freyn\u00e9 kac\u00e9rs\u00e1g\u00e1nak szolg\u00e1lat\u00e1ban<\/p>\n\n\n\n<p>Freyn\u00e9 szerelmet vall \u00c1vem\u00e1ri\u00e1ba burkolva<\/p>\n\n\n\n<p>Freyn\u00e9 Albrechttel elkocsizik a b\u00e1lb\u00f3l \u00c1gneshez<\/p>\n\n\n\n<p>Albrecht vissza a b\u00e1lba<\/p>\n\n\n\n<p>misztikus rajong\u00e1sa a term\u00e9szet\u00e9rt a kast\u00e9ly parkj\u00e1ban<\/p>\n\n\n\n<p>egy babon\u00e1s ferences az \u00d6rd\u00f6g\u00f6t l\u00e1tja a Francia H\u00f6lgyben<\/p>\n\n\n\n<p>Freyn\u00e9 \u00e9s a Francia H\u00f6lgy: az ilyesmi az igazi \u201ebabiloni het\u00e9ra\u201d, nem a velencei modell<\/p>\n\n\n\n<p>Albrecht \u00e9s a N\u0151st\u00e9ny\u00f6rd\u00f6g<\/p>\n\n\n\n<p>k\u00e9t metszet: a Tengeri Csoda \u00e9s a N\u00e9gy Boszork\u00e1ny<\/p>\n\n\n\n<p>a kertben egy lov\u00e1sz a Savonarola ellen fordul\u00f3, k\u00f6p\u00f6nyegforgat\u00f3 fl\u00f3renciekr\u0151l<\/p>\n\n\n\n<p>a Francia H\u00f6lgy \u00e1larcban; plebejus sz\u00f3rakoz\u00e1sai<\/p>\n\n\n\n<p>keleties fresk\u00f3k, hangszerek<\/p>\n\n\n\n<p>antikiz\u00e1l\u00f3 sablon-t\u00e1nc a c\u00e9drusok tiszt\u00e1s\u00e1n<\/p>\n\n\n\n<p>ett\u0151l \u00fajralobban\u00f3 Mantegna-eml\u00e9kek Velenc\u00e9r\u0151l<\/p>\n\n\n\n<p>Rizzo: \u00c1d\u00e1m \u00e9s \u00c9va<\/p>\n\n\n\n<p>N\u0151k F\u00fcrd\u0151je<\/p>\n\n\n\n<p>Nemezis<\/p>\n\n\n\n<p>Albrecht a \u201ePerspekt\u00edva\u201d titkos m\u0171hely\u00e9ben (a Francia H\u00f6lgy b\u00e1jai: Euklid\u00e9sz szolg\u00e1lat\u00e1ban)<\/p>\n\n\n\n<p>a \u201ePerspekt\u00edva\u201d paradicsom\u00e1b\u00f3l kiz\u00e1rva<\/p>\n\n\n\n<p>Jacop\u00f3val a borospinc\u00e9ben<\/p>\n\n\n\n<p>a Francia H\u00f6lgy Miksa cs\u00e1sz\u00e1rnak besz\u00e1mol a Savonarola-per tragikus fordulat\u00e1r\u00f3l<\/p>\n\n\n\n<p>Savonarola-\u00e1rul\u00f3 domonkosok<\/p>\n\n\n\n<p>Miksa cs\u00e1sz\u00e1r \u00e9s egy domonkos-rendi kalandor<\/p>\n\n\n\n<p>Miksa m\u00e1sodik tal\u00e1lkoz\u00e1sa a Francia H\u00f6lggyel<\/p>\n\n\n\n<p>\u00c1d\u00e1m \u00e9s \u00c9va-metszet: \u201eJacopo ellen\u201d<\/p>\n\n\n\n<p>Miksa \u00e9s Albrecht k\u00eds\u00e9rteties tal\u00e1lkoz\u00e1sa<\/p>\n\n\n\n<p>nagyvil\u00e1gi \u00f6narck\u00e9p<\/p>\n\n\n\n<p>Albrecht \u201enagy \u00e9jszak\u00e1ja\u201d ut\u00e1n odahaza<\/p>\n\n\n\n<p>\u00c1gnes \u00e1ldoz\u00e1sa p\u00e1pai pat\u00e9n\u00e1r\u00f3l<\/p>\n\n\n\n<p>Krisztus-\u00f6narck\u00e9p<\/p>\n\n\n\n<p>6.<\/p>\n\n\n\n<p>sz\u00e1raz inform\u00e1ci\u00f3k a Passi\u00f3-dr\u00e1ma el\u0151tt<\/p>\n\n\n\n<p>Albrecht elm\u00e9lked\u00e9sei a p\u00fcsp\u00f6ki parkban 1517<\/p>\n\n\n\n<p>Szent Henrik-szarkof\u00e1g \u00e9s antik szoborgy\u0171jtem\u00e9ny<\/p>\n\n\n\n<p>wittenbergi h\u00edr, nagymis\u00e9n, b\u00facs\u00fap\u00e9nz-gy\u0171jt\u00e9skor<\/p>\n\n\n\n<p>Albrecht d\u00f3mbeli monol\u00f3gj\u00e1nak (Passi\u00f3r\u00f3l) k\u00e9pzelt k\u00f6z\u00f6ns\u00e9ge<\/p>\n\n\n\n<p>udvarias sekresty\u00e9s \u00e9jjel<\/p>\n\n\n\n<p>t\u00f6r\u00f6k\u00f6k, azt\u00e9kok, Kopernikuszok sz\u00e9d\u00edt\u0151 \u00faj vil\u00e1ga<\/p>\n\n\n\n<p>paraszth\u00e1bor\u00fa \u00e9s Miksa c\u00e9z\u00e1r-\u00e1br\u00e1ndjai<\/p>\n\n\n\n<p>renesz\u00e1nsz materializmus<\/p>\n\n\n\n<p>szent h\u00e1zass\u00e1g \u00e9s paradicsomi b\u0171n<\/p>\n\n\n\n<p>haldokl\u00f3 VI. S\u00e1ndor \u00e9s a befalazott szent n\u0151<\/p>\n\n\n\n<p>furcsa gy\u00f3n\u00e1s, m\u00e9g furcs\u00e1bb gy\u00f3ntat\u00f3<\/p>\n\n\n\n<p>Leonardo \u00e9s Albrecht \u00e9let\u00e9nek k\u00fcl\u00f6nbs\u00e9ge<\/p>\n\n\n\n<p>Lukr\u00e9cia jellem\u00e9nek kibogozand\u00f3 titkai<\/p>\n\n\n\n<p>csap\u00e1sok VI. S\u00e1ndoron<\/p>\n\n\n\n<p>a vil\u00e1g a S\u00e1t\u00e1n teremt\u00e9s\u00e9nek l\u00e1tszik<\/p>\n\n\n\n<p>Gonz\u00e1gai Betta j\u00f3zan szents\u00e9ge \u00e9s hercegs\u00e9ge<\/p>\n\n\n\n<p>kir\u00e1lyn\u0151 Betta, koldus Lukr\u00e9cia<\/p>\n\n\n\n<p>kereszt\u00fati \u00e1jtatoss\u00e1g \u00c1gnessel<\/p>\n\n\n\n<p>Veronika-kend\u0151<\/p>\n\n\n\n<p>Olajf\u00e1k hegye, filoz\u00f3fi\u00e1ja, m\u0171v\u00e9szete, t\u00f6rt\u00e9nelmi folytat\u00e1sa<\/p>\n\n\n\n<p>Szentl\u00e9lek Elj\u00f6vetele \u00e9s konkl\u00e1v\u00e9<\/p>\n\n\n\n<p>Lutherus \u00e1rnya; m\u0171v\u00e9szeti leck\u00e9k, \u201eFest\u0151tanoncok Iskol\u00e1ja\u201d, el\u00e9g magas fokozat<\/p>\n\n\n\n<p>legf\u0151bb hittudom\u00e1ny: az anyai szeretet<\/p>\n\n\n\n<p>\u00e1jult p\u00e1pa<\/p>\n\n\n\n<p>olcs\u00f3 sz\u00ednh\u00e1z \u00e9s t\u00falz\u00e1s ellen<\/p>\n\n\n\n<p>A k\u00e9ts\u00e9gbees\u0151<\/p>\n\n\n\n<p>Ostoroztat\u00e1s \u201elutheri\u201d okai \u00e9s k\u00f6vetkezm\u00e9nyei<\/p>\n\n\n\n<p>mor\u00e1l, m\u0171v\u00e9szet, \u00f6n\u00e9letrajz<\/p>\n\n\n\n<p>p\u00e1pa \u00e9s gett\u00f3<\/p>\n\n\n\n<p>VIII. K\u00e1roly \u00e9s VI. S\u00e1ndor<\/p>\n\n\n\n<p>szorongatott p\u00e1pa, szorongatott szeret\u0151je<\/p>\n\n\n\n<p>Luther R\u00f3m\u00e1ban<\/p>\n\n\n\n<p>Ecce Homo<\/p>\n\n\n\n<p>Farnese l\u00e1ny \u00e9s b\u00edborkalap<\/p>\n\n\n\n<p>a vil\u00e1g feloszt\u00e1sa Krisztus rendje \u00e9s VI. S\u00e1ndor rendje szerint (\u00e1gyban)<\/p>\n\n\n\n<p>passi\u00f3j\u00e1t\u00e9kb\u00f3l parasztl\u00e1zad\u00e1s<\/p>\n\n\n\n<p>Miksa m\u00e9rt nem az egyes\u00fclt polg\u00e1rs\u00e1gra \u00e9s paraszts\u00e1gra t\u00e1maszkodik?<\/p>\n\n\n\n<p>VI. S\u00e1ndor egyszer Miksa seg\u00edts\u00e9g\u00e9t k\u00e9ri, de?<\/p>\n\n\n\n<p>Velence f\u00fcty\u00fcl Miks\u00e1ra<\/p>\n\n\n\n<p>Miksa puc\u00e9r mag\u00e1nya<\/p>\n\n\n\n<p>a p\u00e1pakoron\u00e1z\u00e1s bacchikus \u00fatja<\/p>\n\n\n\n<p>n\u00e1polyi koron\u00e1z\u00e1s, n\u00e1polyi keresztes hadj\u00e1rat<\/p>\n\n\n\n<p>a p\u00e1pa nyilv\u00e1nosan siratja meggyilkolt fi\u00e1t (egy v\u00e9n hercegn\u0151 meg az \u00f6v\u00e9t)<\/p>\n\n\n\n<p>Veronika modellje<\/p>\n\n\n\n<p>a kereszt f\u00e1ja: n\u00f6v\u00e9nytani st\u00fadium<\/p>\n\n\n\n<p>Paracelsus doktor, \u201ea term\u00e9szetben minden \u00f6sszef\u00fcgg\u201d<\/p>\n\n\n\n<p>lionard\u00f3i ellent\u00e9tek<\/p>\n\n\n\n<p>Madonna: minden f\u00f6ldi anya<\/p>\n\n\n\n<p>a latrok is krisztusiak Albrecht szem\u00e9ben<\/p>\n\n\n\n<p>apja hal\u00e1la<\/p>\n\n\n\n<p>\u00e9let \u00e9s \u00e1br\u00e1zol\u00e1s ar\u00e1nya, beoszt\u00e1sa<\/p>\n\n\n\n<p>Utols\u00f3 Vacsora, Sirat\u00e1s<\/p>\n\n\n\n<p>a Szent M\u00e1rk-figura; akt<\/p>\n\n\n\n<p>t\u00edpusok gal\u00e9ri\u00e1ja, virtu\u00f3zkod\u00e1s<\/p>\n\n\n\n<p>z\u00f6ld Passi\u00f3 \u00e1jult Krisztusa<\/p>\n\n\n\n<p>nagy \u00f6sszefoglal\u00f3 \u201eaj\u00e1nl\u00f3-ima\u201d Albrecht Passi\u00f3-elm\u00e9lked\u00e9seinek v\u00e9g\u00e9n<\/p>\n\n\n\n<p>7.<\/p>\n\n\n\n<p>kezd\u0151dik a m\u00e1sodik velencei \u00fat<\/p>\n\n\n\n<p>n\u00fcrnbergi pestis, imahadj\u00e1rat<\/p>\n\n\n\n<p>obszc\u00e9n \u00e9s blaszf\u00e9m fali firk\u00e1k<\/p>\n\n\n\n<p>Albrecht \u00e9s a r\u00e9szeg utcai rajzol\u00f3<\/p>\n\n\n\n<p>Memento Mei<\/p>\n\n\n\n<p>Albrecht Pirkheimer boros t\u00e1rsas\u00e1g\u00e1ban<\/p>\n\n\n\n<p>Albrecht menjen Velenc\u00e9be!<\/p>\n\n\n\n<p>egy olasz Lukr\u00e9cia-\u201eopera\u201d<\/p>\n\n\n\n<p>velencei eml\u00e9kek<\/p>\n\n\n\n<p>Albrecht haza feles\u00e9g\u00e9hez; a h\u0171s\u00e9g terhe elboh\u00f3ckodva<\/p>\n\n\n\n<p>Albrecht \u00e9s anyja; fecseg\u0151 Freyn\u00e9<\/p>\n\n\n\n<p>Fugger \u00far Freyn\u00e9 lak\u00e1s\u00e1n<\/p>\n\n\n\n<p>a nagy \u201eMiksa\u2013Gyula\u201d-k\u00e9p terve<\/p>\n\n\n\n<p>k\u00e9pzel\u0151d\u00e9sek Miksa cs\u00e1sz\u00e1r koron\u00e1z\u00e1s\u00e1r\u00f3l R\u00f3m\u00e1ban<\/p>\n\n\n\n<p>olasz\u2013n\u00e9met szint\u00e9zis-tervek<\/p>\n\n\n\n<p>el\u0151re\u00e1lmodott jelenetek: \u0151 Miksa cs\u00e1sz\u00e1r udvari fest\u0151je lesz<\/p>\n\n\n\n<p>Albrecht \u00f6r\u00f6kk\u00e9 k\u00e9zm\u0171vesmester<\/p>\n\n\n\n<p>\u00e1lmok, \u00e1lmok, \u00e1lmok (hi\u00e1ba, hi\u00e1ba, hi\u00e1ba)<\/p>\n\n\n\n<p>ribilli\u00f3 egy fogad\u00f3 el\u0151tt<\/p>\n\n\n\n<p>r\u00e9szeg zar\u00e1ndokok, szent n\u0151k \u00e9s kurtiz\u00e1nok harca<\/p>\n\n\n\n<p>p\u00e1pament\u0151 kurtiz\u00e1nok<\/p>\n\n\n\n<p>kurtiz\u00e1nment\u0151 Albrecht<\/p>\n\n\n\n<p>Madonna-modellek?<\/p>\n\n\n\n<p>\u00fajabb t\u00f6rt\u00e9netek a kurtiz\u00e1nok \u00e1ltal b\u00fajtatott Rovere Gyul\u00e1r\u00f3l<\/p>\n\n\n\n<p>Albrecht bolond rajzterve a t\u00f6rt\u00e9netek hat\u00e1s\u00e1ra<\/p>\n\n\n\n<p>s\u00e1t\u00e1ni rekviem<\/p>\n\n\n\n<p>egy humanista kis-filoz\u00f3fus-v\u00e1ltozat<\/p>\n\n\n\n<p>Gyula p\u00e1pa nem bar\u00e1tja az objekt\u00edv t\u00f6rt\u00e9net\u00edr\u00e1snak<\/p>\n\n\n\n<p>p\u00e1pai \u00e9s boh\u00f3ci kritika a nem k\u00edv\u00e1natos velencei b\u00e9k\u00e9r\u0151l<\/p>\n\n\n\n<p>a Kir\u00e1lyok Im\u00e1d\u00e1sa-festm\u00e9ny B\u00f6lcs Frigyes fejedelemnek<\/p>\n\n\n\n<p>pillang\u00f3 \u00e9s szarvasbog\u00e1r istens\u00e9ge \u00e9s istentelens\u00e9ge; a k\u00e9p nagy tanuls\u00e1gai a hist\u00f3riai pillanatban (t\u00f6r\u00f6k\u00f6k)<\/p>\n\n\n\n<p>velencei keresked\u0151-karav\u00e1n<\/p>\n\n\n\n<p>egy kommerci\u00e1lis \u00e9rz\u00e9k\u0171 velencei hazafi<\/p>\n\n\n\n<p>munkan\u00e9lk\u00fcli n\u00e9metek l\u00e1zad\u00e1sa<\/p>\n\n\n\n<p>trienti v\u00e1rkapit\u00e1ny \u00e9s bab\u00e1ja<\/p>\n\n\n\n<p>parasztl\u00e1zad\u00e1s rutinos leszerel\u00e9se<\/p>\n\n\n\n<p>Albrecht \u00e9s a n\u00e9p a d\u00f3mban, egy domonkos vezet\u00e9s\u00e9vel<\/p>\n\n\n\n<p>nagy dominik\u00e1nus l\u00e1tom\u00e1s a ki\u00e1tkozott Velenc\u00e9r\u0151l \u00e9s a r\u00f3mai feloldoz\u00e1sr\u00f3l<\/p>\n\n\n\n<p>a l\u00e1zad\u00f3 parasztok: foglyok (\u00e9s egy kurtiz\u00e1n papucsa is megker\u00fcl)<\/p>\n\n\n\n<p>Strigel k\u00e9pe \u00e9s a Szent Kereszt Megtal\u00e1l\u00e1s\u00e1nak legend\u00e1ja<\/p>\n\n\n\n<p>velencei \u201ehangulat-tabl\u00f3\u201d<\/p>\n\n\n\n<p>meg\u00e9rkez\u00e9s Velenc\u00e9be<\/p>\n\n\n\n<p>mindj\u00e1rt b\u00e1l<\/p>\n\n\n\n<p>v\u00edzbe hullt cip\u0151<\/p>\n\n\n\n<p>v\u00e9gre! v\u00e9gre! egy Bellini-Madonna is<\/p>\n\n\n\n<p>az els\u0151 velencei \u00fat eml\u00e9kei; Barbara, \u00c9va, Susanna, Giuditta<\/p>\n\n\n\n<p>a n\u00e9ma \u00e1larcosb\u00e1l rafin\u00e9ri\u00e1ja<\/p>\n\n\n\n<p>gyan\u00fas t\u00e1nciskola<\/p>\n\n\n\n<p>Albrecht \u00e9s a n\u0151k; \u0151szi katal\u00f3gus<\/p>\n\n\n\n<p>velencei m\u0171terem, \u00e9p\u00fcl\u0151 haj\u00f3<\/p>\n\n\n\n<p>egy Magdolna; szents\u00e9g? c\u00e9das\u00e1g?<\/p>\n\n\n\n<p>irigy olaszok feld\u00falj\u00e1k Albrecht m\u0171hely\u00e9t<\/p>\n\n\n\n<p>egy Mih\u00e1ly-arkangyal ki\u0171zi az \u00f6rd\u00f6g\u00f6ket<\/p>\n\n\n\n<p>tov\u00e1bb a komiszkod\u00f3 koll\u00e9g\u00e1k<\/p>\n\n\n\n<p>Szent P\u00e9ter-fej\u0171 koldus \u00e9s a szajh\u00e1k g\u00fanylakom\u00e1ja<\/p>\n\n\n\n<p>r\u00e1galmak, v\u00e1dak<\/p>\n\n\n\n<p>udvariass\u00e1gok, sikerek<\/p>\n\n\n\n<p>kalandos bujk\u00e1l\u00e1s egy elk\u00e9nyeztetett fi\u00facska kedv\u00e9\u00e9rt<\/p>\n\n\n\n<p>aranygyapjas \u00far<\/p>\n\n\n\n<p>ez a m\u0171 sz\u00edvb\u0151l ut\u00e1lja a \u201ejelmezk\u00f6lcs\u00f6nz\u0151i ki\u00e1rus\u00edt\u00e1st\u201d<\/p>\n\n\n\n<p>Bellini<\/p>\n\n\n\n<p>Kereszt\u00e9ny Alleg\u00f3ri\u00e1ja<\/p>\n\n\n\n<p>Bellini g\u00fanyol\u00f3d\u00e1sa a bank\u00e1rok \u00f6nim\u00e1d\u00f3 szentk\u00e9peir\u0151l<\/p>\n\n\n\n<p>a Gyermek J\u00e9zus az \u00cdr\u00e1stud\u00f3k K\u00f6z\u00f6tt modelljei<\/p>\n\n\n\n<p>Pirkheimer jellem\u00e9nek tanuls\u00e1gai<\/p>\n\n\n\n<p>Miks\u00e1b\u00f3l karnev\u00e1li b\u00e1b<\/p>\n\n\n\n<p>\u0151sz hajsz\u00e1l; virgo specialis<\/p>\n\n\n\n<p>viharos \u00e9s rajzos r\u00f3zsaf\u00fcz\u00e9rv\u00e1s\u00e1r<\/p>\n\n\n\n<p>a Szent N\u00e9met-R\u00f3mai Birodalom jelv\u00e9nyei hal\u00e1lt\u00e1ncos kom\u00e9di\u00e1ban<\/p>\n\n\n\n<p>gyerekkori r\u00f3zsaf\u00fcz\u00e9r-\u201ekongreg\u00e1ci\u00f3\u201d<\/p>\n\n\n\n<p>a Fugger- \u00e9s Grimani-f\u00e9le szentolvas\u00f3-egyes\u00fclet<\/p>\n\n\n\n<p>Grimani b\u00edboros modell<\/p>\n\n\n\n<p>csal\u00e1di csoportk\u00e9p a Fuggerekr\u0151l<\/p>\n\n\n\n<p>\u00f6sszegez\u0151 Miksa-arck\u00e9p<\/p>\n\n\n\n<p>a Gyula-arck\u00e9p t\u00f6rt\u00e9nete<\/p>\n\n\n\n<p>Madonna A Kardliliommal<\/p>\n\n\n\n<p>Leonardo \u00e9s Albrecht \u00e1thidalhatatlan vil\u00e1gai<\/p>\n\n\n\n<p>a v\u00e9gs\u0151 l\u00e9nyeges k\u00e9rd\u00e9sek a R\u00f3zsaf\u00fcz\u00e9r \u00dcnnep-pel kapcsolatban<\/p>\n\n\n\n<p>Albrecht \u00e9s B\u00f6lcs Frigyes \u201ep\u00e1rhuzamos \u00e9letrajza\u201d<\/p>\n\n\n\n<p>a T\u00edzezrek V\u00e9rtan\u00fas\u00e1ga<\/p>\n\n\n\n<p>Brandenburgi Albert b\u00edboros titk\u00e1rj\u00e1nak viharos \u00e9rkez\u00e9se<\/p>\n\n\n\n<p>Albrecht k\u00e9t \u201ezen\u00e9l\u0151 angyallal\u201d egy gondol\u00e1ban<\/p>\n\n\n\n<p>m\u00e9rt Giorgione festi tele meztelen n\u0151kkel a N\u00e9met H\u00e1z \u00faj falait?<\/p>\n\n\n\n<p>a nagy \u00fczlet: b\u00facs\u00fap\u00e9nzek, Fugger-hitel, mainzi \u00e9rseks\u00e9g<\/p>\n\n\n\n<p>Albrecht k\u00e9ts\u00e9gbees\u00e9se \u00e9s ki\u00e1br\u00e1ndul\u00e1sa<\/p>\n\n\n\n<p>a n\u00e9metek templom\u00e1ban; Bellini helyett Schongauer<\/p>\n\n\n\n<p>vallom\u00e1s a M\u00e1ria \u00c9let\u00e9-r\u0151l<\/p>\n\n\n\n<p>J\u00e9zus B\u00facs\u00faja Anyj\u00e1t\u00f3l<\/p>\n\n\n\n<p>J\u00f3zsef M\u0171helye<\/p>\n\n\n\n<p>Jo\u00e1chim B\u00e1r\u00e1ny\u00e1ldozata<\/p>\n\n\n\n<p>a protest\u00e1ns-r\u00e9sz benn\u00fck, a renesz\u00e1nsz-r\u00e9sz benn\u00fck<\/p>\n\n\n\n<p>a R\u00f3zsaf\u00fcz\u00e9r-k\u00e9p avat\u00e1sa<\/p>\n\n\n\n<p>Gyula p\u00e1pa haragja a sz\u0171kmark\u00fa Velence ellen<\/p>\n\n\n\n<p>nagy z\u0171rzavar emiatt a sekresty\u00e9ben<\/p>\n\n\n\n<p>p\u00e1pai nuncius \u00e9s velencei p\u00e1tri\u00e1rka farkasszemet n\u00e9znek<\/p>\n\n\n\n<p>a p\u00e1tri\u00e1rka Albrechttel \u2013 azt\u00e1n im\u00e1dkozik<\/p>\n\n\n\n<p>Miksa cs\u00e1sz\u00e1r felh\u00e1borodott k\u00f6vete<\/p>\n\n\n\n<p>szeg\u00e9ny n\u00e9met pap zavarban<\/p>\n\n\n\n<p>nagyvil\u00e1gi k\u00f3rus-d\u00e1m\u00e1k<\/p>\n\n\n\n<p>a d\u00f3zse \u00e9rkez\u00e9se, a d\u00f3zse \u00e9s Albrecht<\/p>\n\n\n\n<p>Albrecht vil\u00e1ga nem ez a vil\u00e1g<\/p>\n\n\n\n<p>Emmaus egyszer\u0171s\u00e9ge kell csak!<\/p>\n\n\n\n<p>Albrecht rajza \u00e9desanyj\u00e1r\u00f3l<\/p>\n\n\n\n<p>\u00c9sai\u00e1ssal a Fuggerek ellen<\/p>\n\n\n\n<p>8.<\/p>\n\n\n\n<p>a kr\u00f3nika egy sz\u00e1zadot ugrik: ezt az angol sz\u00edn\u00e9szekkel kezdi Teutschenlandban<\/p>\n\n\n\n<p>a dr\u00e1ma\u00edr\u00f3, dr\u00e1magy\u0171jt\u0151, m\u0171gy\u0171jt\u0151 braunschweigi herceg<\/p>\n\n\n\n<p>Albrecht-\u00edzl\u00e9s\u0171 arck\u00e9pe<\/p>\n\n\n\n<p>a herceg fattya, Dionisio<\/p>\n\n\n\n<p>az Albrecht-sz\u00ednj\u00e1t\u00e9k terve<\/p>\n\n\n\n<p>Dionisio \u00e9s a manierista fest\u0151k a sz\u00ednh\u00e1z \u00e9rdek\u00e9ben<\/p>\n\n\n\n<p>a feles\u00e9g kopors\u00f3ja a palota kript\u00e1j\u00e1ban<\/p>\n\n\n\n<p>k\u00fcl\u00f6nb\u00f6z\u0151 al- \u00e9s t\u00falvil\u00e1gokr\u00f3l<\/p>\n\n\n\n<p>Tibullus a szerelmesek El\u00edzium\u00e1r\u00f3l<\/p>\n\n\n\n<p>Szenth\u00e1roms\u00e1g Im\u00e1d\u00e1sa<\/p>\n\n\n\n<p>Miksa \u00e9s Rudolf<\/p>\n\n\n\n<p>Kopernikusz \u00e9s Kepler<\/p>\n\n\n\n<p>t\u00f6r\u00f6k az \u00far<\/p>\n\n\n\n<p>Melank\u00f3lia \u00e9s D\u00f3zsa Gy\u00f6rgy<\/p>\n\n\n\n<p>Albrecht flandriai \u00fatja: szakadatlan v\u00e1ls\u00e1g<\/p>\n\n\n\n<p>a dr\u00e1m\u00e1ban val\u00f3 l\u00e1t\u00e1s v\u00e9gzetesen elker\u00fclhetetlen<\/p>\n\n\n\n<p>\u00f6r\u00f6kim\u00e1d\u00e1s R\u00f3m\u00e1ban: p\u00fcsp\u00f6k\u00f6k \u00e9s koldusok \u201eszoci\u00e1lis sz\u00ednj\u00e1t\u00e9ka\u201d<\/p>\n\n\n\n<p>egy m\u00e1sik sz\u00ednj\u00e1t\u00e9k: Albrecht k\u00e9pe az aggok menh\u00e1z\u00e1ban<\/p>\n\n\n\n<p>Albrecht sz\u00edvb\u0151l j\u00f6v\u0151 magyar\u00e1zata a szeg\u00e9nyeknek a Szenth\u00e1roms\u00e1g-k\u00e9pr\u0151l<\/p>\n\n\n\n<p>szeg\u00e9nyek felmagasztal\u00e1sa Albrecht sz\u00edv\u00e9ben \u00e9s barokk sz\u00ednpadon<\/p>\n\n\n\n<p>a r\u00e1ma: V\u00e9g\u00edt\u00e9let, n\u0151k, Velence<\/p>\n\n\n\n<p>a megtestes\u00edt\u0151 sz\u00ednpad fiatalos-g\u0151g\u00f6s hitv\u00e9delme<\/p>\n\n\n\n<p>Miksa cs\u00e1sz\u00e1r port\u00e1bilis \u201ek\u00e9zi\u201d kopors\u00f3ja<\/p>\n\n\n\n<p>halotti \u00e1br\u00e1zatja egy Fugger-k\u00f6nyvben<\/p>\n\n\n\n<p>Miksa \u00e9s az \u0151t fogad\u00f3 h\u00f6lgyek<\/p>\n\n\n\n<p>tan\u00e1csurak a kerevet-kopors\u00f3n<\/p>\n\n\n\n<p>semmi sem \u00e9rdekes, csak a s\u00edreml\u00e9k<\/p>\n\n\n\n<p>udvari boh\u00f3c a Mantegna-k\u00e9pekkel: C\u00e9z\u00e1r Triumfusa<\/p>\n\n\n\n<p>Miksa felder\u00fcl<\/p>\n\n\n\n<p>Burgkmair h\u00edzelg\u0151 \u201ebarokk\u201d rev\u00fcje Miksa sz\u00e1m\u00e1ra<\/p>\n\n\n\n<p>a t\u00falz\u00f3 pompa: a hist\u00f3ria hullafoltjai<\/p>\n\n\n\n<p>Albrecht a m\u00e1sik dekor\u00e1tor<\/p>\n\n\n\n<p>parasztl\u00e1zad\u00e1s<\/p>\n\n\n\n<p>Miksa reakci\u00f3i<\/p>\n\n\n\n<p>a Babiloni K\u00e9jn\u0151 reakci\u00f3i<\/p>\n\n\n\n<p>Luther \u00e9s Kajet\u00e1n<\/p>\n\n\n\n<p>Luther \u00e1lruh\u00e1ban<\/p>\n\n\n\n<p>K\u00e1lv\u00e1ria \u00e9s parasztl\u00e1zad\u00e1s szemt\u0151l szembe<\/p>\n\n\n\n<p>a Hist\u00f3ria fekete f\u00fcgg\u00f6nyt bor\u00edt r\u00e1juk<\/p>\n\n\n\n<p>Miksa arck\u00e9pe<\/p>\n\n\n\n<p>Miksa vallom\u00e1sa uralkod\u00e1sa egyetemes cs\u0151dj\u00e9r\u0151l<\/p>\n\n\n\n<p>a bolond \u201eDiadalmenete\u201d<\/p>\n\n\n\n<p>\u201edy ungrisch troffea\u201d<\/p>\n\n\n\n<p>Albrecht \u201eKrisztus Ruh\u00e1j\u00e1\u201d-val vigasztalja a megsemmis\u00fclt cs\u00e1sz\u00e1rt<\/p>\n\n\n\n<p>Bianca Sforza b\u00facs\u00fa-im\u00e1ds\u00e1gai<\/p>\n\n\n\n<p>az \u00e9l\u0151 Miksa-Imak\u00f6nyv<\/p>\n\n\n\n<p>Albrecht f\u00e9nye Hung\u00e1ri\u00e1ban<\/p>\n\n\n\n<p>anyja temet\u00e9se<\/p>\n\n\n\n<p>b\u00facs\u00fa-invok\u00e1ci\u00f3 a Melank\u00f3li\u00e1-hoz<\/p>\n\n\n\n<p>Milton k\u00e9pe a Melank\u00f3li\u00e1r\u00f3l az Il Penseroso-ban<\/p>\n\n\n\n<p>Albrecht N\u00e9metalf\u00f6ldre utazik<\/p>\n\n\n\n<p>ottani nagy v\u00e1ls\u00e1ga<\/p>\n\n\n\n<p>Albrecht Margit n\u00e9metalf\u00f6ldi helytart\u00f3n\u0151 udvar\u00e1ban<\/p>\n\n\n\n<p>kac\u00e9r udvari j\u00e1t\u00e9k \u00e9s tragikus \u00f6n\u00e9letrajz<\/p>\n\n\n\n<p>r\u00e9gi miniaturista, \u00faj manierista<\/p>\n\n\n\n<p>a Miksa-portr\u00e9t kidobatj\u00e1k az \u201eUdvariass\u00e1g\u201d megszem\u00e9lyes\u00edt\u0151j\u00e9vel<\/p>\n\n\n\n<p>a sz\u00f6kev\u00e9ny ap\u00e1c\u00e1k \u00e9s egy kis sz\u00ednpadtechnikai dolog<\/p>\n\n\n\n<p>Lutherus h\u00e1zasod\u00e1sra sz\u00f3l\u00edtja fel \u00e9rsek\u00e9t; kiugrott ap\u00e1c\u00e1k, p\u00e1pai nuncius: nyugtalan csend\u00e9let<\/p>\n\n\n\n<p>exkommunik\u00e1ci\u00f3? p\u00e1pai \u00e1tok?<\/p>\n\n\n\n<p>Lutherus \u00e9s a Babiloni Kurtiz\u00e1n<\/p>\n\n\n\n<p>Dionisio: V. P\u00e1l p\u00e1pa j\u00e1t\u00e9kos kegy\u00e9ben<\/p>\n\n\n\n<p>l\u00edrikus hangulatban a dr\u00e1mai helyett<\/p>\n\n\n\n<p>a p\u00e1pa b\u00fajik a franci\u00e1k el\u0151l<\/p>\n\n\n\n<p>Dionisio nihilista, pesszimista hangulatban<\/p>\n\n\n\n<p>Altdorfer: n\u00e9met f\u00e1k! n\u00e9met erd\u0151k!<\/p>\n\n\n\n<p>egy n\u00e9met szerzetes r\u00e9mh\u00edrei a lutheri \u201eateist\u00e1kr\u00f3l\u201d<\/p>\n\n\n\n<p>id\u0151szer\u0171tlen M\u00e1ria-k\u00f6rmenet<\/p>\n\n\n\n<p>Albrecht a k\u00e9prombol\u00e1s ellen<\/p>\n\n\n\n<p>k\u00e9pim\u00e1d\u00e1s, k\u00e9prombol\u00e1s rossz v\u00e9gletei<\/p>\n\n\n\n<p>zavar a begin\u00e1k k\u00f6r\u00fcl a k\u00f6rmenetben<\/p>\n\n\n\n<p>n\u00e9gy gyan\u00fas szent-szobor<\/p>\n\n\n\n<p>h\u00f3-rukk! \u2013 \u00e9s porr\u00e1 t\u00f6rnek<\/p>\n\n\n\n<p>\u00c1gnes portr\u00e9ja<\/p>\n\n\n\n<p>egy tenyeres-talpas j\u00f3zan begina a l\u00e1tom\u00e1sosak \u00e9s arisztokrat\u00e1k k\u00f6z\u00f6tt<\/p>\n\n\n\n<p>k\u00e9t vizion\u00e1l\u00f3 begina (mindennapi dolog)<\/p>\n\n\n\n<p>a r\u00f3mai v\u00edzi\u00f3: Lutherus el\u00e9get\u00e9se<\/p>\n\n\n\n<p>a wittenbergi v\u00edzi\u00f3: Lutherus meg \u00e9gesse el a p\u00e1pai bull\u00e1t<\/p>\n\n\n\n<p>Albrecht felel\u0151s Lutherus\u00e9rt?<\/p>\n\n\n\n<p>Lutherus hitvall\u00e1sa \u00e9s bels\u0151 k\u00fczdelme<\/p>\n\n\n\n<p>megjelenik az \u00d6r\u00f6k Asszonyi: Lutherus menyasszonya?<\/p>\n\n\n\n<p>a p\u00e1pai bulla nem is olyan egyszer\u0171 sorsa<\/p>\n\n\n\n<p>Albrecht \u00e9s az \u00d6r\u00f6k Asszonyi<\/p>\n\n\n\n<p>Albrecht: Lutherus-e?<\/p>\n\n\n\n<p>meztelenked\u0151 mitol\u00f3giai j\u00e1t\u00e9k V. K\u00e1roly tisztelet\u00e9re<\/p>\n\n\n\n<p>Erasmus nem \u00edr V. K\u00e1roly sz\u00e1ja \u00edze szerint<\/p>\n\n\n\n<p>a Koron\u00e1z\u00e1si Szent Jelv\u00e9nyek \u00e9s a szolg\u00e1latk\u00e9sz antik l\u00e1nyok<\/p>\n\n\n\n<p>V. K\u00e1roly \u00f6sszet\u00e9pi Luther level\u00e9t<\/p>\n\n\n\n<p>Mexik\u00f3 csud\u00e1i Albrecht szeme el\u0151tt<\/p>\n\n\n\n<p>bolond m\u00edtoszok ut\u00e1n bolond term\u00e9szet<\/p>\n\n\n\n<p>Quentin Massys fest\u00e9szete<\/p>\n\n\n\n<p>Patinir t\u00e1jk\u00e9pei<\/p>\n\n\n\n<p>Leydeni Luk\u00e1cs l\u00e9lektani moderns\u00e9ge<\/p>\n\n\n\n<p>Le\u00f3 p\u00e1pa falisz\u0151nyegei<\/p>\n\n\n\n<p>bolognai Tam\u00e1s, a Raffaello-tan\u00edtv\u00e1ny<\/p>\n\n\n\n<p>Raffaello hal\u00e1la<\/p>\n\n\n\n<p>mi is a v\u00e9gs\u0151 summa It\u00e1li\u00e1r\u00f3l Albrecht \u00e9let\u00e9ben? \u00c9pp Flandri\u00e1ban? \u00c9pp Lutherusszal?<\/p>\n\n\n\n<p>inkviz\u00edtori hangok Albrecht szob\u00e1j\u00e1ban<\/p>\n\n\n\n<p>Albrecht \u00f6sszeoml\u00e1sa \u00e9s \u00e1lma<\/p>\n\n\n\n<p>az utols\u00f3 Femina ebben a f\u00e9lig g\u00f3tikus, f\u00e9lig barokk j\u00e1t\u00e9kban<\/p>\n\n\n\n<p>a N\u00e9gy Apostol<\/p>\n\n\n\n<p>k\u00e9t\u00e9rtelm\u0171 felt\u00e1mad\u00e1s<\/p>\n","protected":false},"excerpt":{"rendered":"<p>Szentkuthy Mikl\u00f3s: Saturnus fia Tartalommutat\u00f3 El\u0151sz\u00f3 1. Frigyes cs\u00e1sz\u00e1r m\u00e9zeskal\u00e1csot oszt a gyerekeknek a kis Albrecht a V\u00e9nusz-szobrocsk\u00e1val d\u00edszvacsora, ott az aranym\u0171ves Frigyes anekdot\u00e1zik bujdos\u00e1sair\u00f3l asztrol\u00f3gia Miksa \u00e9s Burgundi M\u00e1ria az aranym\u0171ves aranym\u0171vei Albrecht b\u0151besz\u00e9d\u0171 dics\u00e9rete g\u00f3tika \u00e9s renesz\u00e1nsz kicsiben Albrecht olcs\u00f3 metszetgy\u0171jtem\u00e9nye r\u00f3mai diadal\u00edv Albrecht meggy\u00f3nja a renesz\u00e1nszot koron\u00e1z\u00e1si kincsek, Albrecht hozz\u00e1juk is ny\u00falhat [&hellip;]<\/p>\n","protected":false},"author":4,"featured_media":0,"parent":714,"menu_order":1,"comment_status":"closed","ping_status":"closed","template":"","meta":{"footnotes":""},"categories":[3],"class_list":["post-716","page","type-page","status-publish","hentry","category-regenyek"],"_links":{"self":[{"href":"https:\/\/www.szentkuthymiklos.hu\/web\/wp-json\/wp\/v2\/pages\/716","targetHints":{"allow":["GET"]}}],"collection":[{"href":"https:\/\/www.szentkuthymiklos.hu\/web\/wp-json\/wp\/v2\/pages"}],"about":[{"href":"https:\/\/www.szentkuthymiklos.hu\/web\/wp-json\/wp\/v2\/types\/page"}],"author":[{"embeddable":true,"href":"https:\/\/www.szentkuthymiklos.hu\/web\/wp-json\/wp\/v2\/users\/4"}],"replies":[{"embeddable":true,"href":"https:\/\/www.szentkuthymiklos.hu\/web\/wp-json\/wp\/v2\/comments?post=716"}],"version-history":[{"count":2,"href":"https:\/\/www.szentkuthymiklos.hu\/web\/wp-json\/wp\/v2\/pages\/716\/revisions"}],"predecessor-version":[{"id":718,"href":"https:\/\/www.szentkuthymiklos.hu\/web\/wp-json\/wp\/v2\/pages\/716\/revisions\/718"}],"up":[{"embeddable":true,"href":"https:\/\/www.szentkuthymiklos.hu\/web\/wp-json\/wp\/v2\/pages\/714"}],"wp:attachment":[{"href":"https:\/\/www.szentkuthymiklos.hu\/web\/wp-json\/wp\/v2\/media?parent=716"}],"wp:term":[{"taxonomy":"category","embeddable":true,"href":"https:\/\/www.szentkuthymiklos.hu\/web\/wp-json\/wp\/v2\/categories?post=716"}],"curies":[{"name":"wp","href":"https:\/\/api.w.org\/{rel}","templated":true}]}}