{"id":663,"date":"2025-01-06T15:27:50","date_gmt":"2025-01-06T15:27:50","guid":{"rendered":"https:\/\/www.szentkuthymiklos.hu\/web\/?page_id=663"},"modified":"2025-01-06T15:27:51","modified_gmt":"2025-01-06T15:27:51","slug":"reszlet","status":"publish","type":"page","link":"https:\/\/www.szentkuthymiklos.hu\/web\/regenyek\/szent-orpheus-breviariuma\/europa-minor\/reszlet\/","title":{"rendered":"R\u00e9szlet"},"content":{"rendered":"\n<p class=\"has-text-align-center\">Szentkuthy Mikl\u00f3s: Europa Minor<\/p>\n\n\n\n<p class=\"has-text-align-center\"><strong>R\u00e9szlet<\/strong><\/p>\n\n\n\n<p>Ennek az \u00f6lembe hullt, v\u00e1mmentes K\u00edn\u00e1nak volt egy h\u00edres cs\u00e1sz\u00e1ra \u00e9s annak egy m\u00e9g h\u00edresebb szeret\u0151je, a Yang Kuei Fei. A k\u00f6lt\u0151k ezt a nagy t\u00fcnd\u00e9rt vagy b\u00e1b-ringy\u00f3t r\u00e9szletesen felkatalogiz\u00e1lt\u00e1k; a fest\u0151k az \u0151 r\u00fazsaib\u00f3l festett\u00e9k a napnyugta-fresk\u00f3kat a Pi-Pi-Pi hegys\u00e9g barlangjaiba; zen\u00e9szek csak r\u00f3la tudtak igaz\u00e1n \u00e9rzelg\u0151s rekviemeket \u00edrni a k\u00e9t \u00e9s f\u00e9l h\u00far\u00fa \u00fc-\u00fc-\u00fc citer\u00e1ra; mi ez a titokzatos hatalma a szeret\u0151nek, az illegalit\u00e1snak?<\/p>\n\n\n\n<p>Ez a soha meg nem v\u00e1ltoztathat\u00f3 \u0151sprinc\u00edpium: sz\u00e9ps\u00e9g \u00e9s amoralit\u00e1s azonoss\u00e1ga? Ahol megjelenik az eszt\u00e9tikum, ott van az Antikrisztus-vari\u00e1ci\u00f3 is, nemzetek v\u00e1ltoz\u00f3 \u00edzl\u00e9se szerint. Sz\u00e9ps\u00e9g \u00e9s rossz egy\u00e9rtelm\u0171 dolgok? A sz\u00e9ps\u00e9g az \u00e9let leg\u00e9letibb r\u00e9sze, \u201etransfiguratio et excessus\u201d, s mikor az \u00e9l\u0151 ember az \u00e9letet a maga legteljesebb szerep\u00e9ben l\u00e1tja, akkor ez az \u00e9let \u2013 f\u00e9lelmet kelt, s ez a f\u00e9lelem termi a \u201erossz\u201d fogalm\u00e1t \u00e9s m\u00edtosz\u00e1t? T\u00e9ny, hogy in principo erat: malum. Ez a szeret\u0151 egy\u00e9bk\u00e9nt hivatalos szeret\u0151, legaliz\u00e1lt illegalit\u00e1s, mag\u00e1t\u00f3l \u00e9rtet\u0151d\u0151, mint a vir\u00e1gz\u00f3 f\u00e1t messze t\u00falvir\u00e1gz\u00f3, fekete \u00e1rny\u00e9k. Rem\u00e9nytelen volna k\u00fczdeni ellene, teh\u00e1t ink\u00e1bb besorolj\u00e1k a hierarchi\u00e1ba. Valami hasonl\u00f3t csin\u00e1ltak, \u00fagy veszem ki a sz\u00f6vegb\u0151l, a jap\u00e1nok is a K\u00edn\u00e1b\u00f3l be\u00f6z\u00f6nl\u0151 p\u00f3z \u00e9s kev\u00e9sb\u00e9-p\u00f3z eretneks\u00e9gekkel: ezek az eretneks\u00e9gek ugyanis az emberi \u00e9letnek egy-egy eddig \u201et\u00e1rsadalmi metafor\u00e1hoz\u201d nem jutott oldal\u00e1t olyan ped\u00e1ns hat\u00e1rozotts\u00e1ggal fejezt\u00e9k ki, hogy a jobboldali ortodoxi\u00e1ba beillesztett\u00e9k szervesen e p\u00f3zos baloldalt is, valahogy \u00fagy, mint a g\u00f6r\u00f6g kyri\u00e9t a latin mis\u00e9be. A nagy sz\u00e9ps\u00e9g teh\u00e1t isteni, term\u00e9szeti \u00e9s dekor\u00e1ci\u00f3s t\u00f6rv\u00e9nyek szerint mindig csak \u201eszeret\u0151\u201d lehet \u2013 m\u00e9rt h\u00e1zasodn\u00e1m teh\u00e1t, Felipe? Milyen ortodoxan alkalmazkodtak K\u00edna \u00e9s Jap\u00e1n ehhez a borzalmas ma\u00eetresse-faktumhoz: minden cs\u00e1sz\u00e1r \u00e9s minden facsart bok\u00e1j\u00fa primadonna pontosan ebben a szakr\u00e1lis t\u00f6rv\u00e9nytelens\u00e9gben akart \u00e9lni egym\u00e1ssal, \u00e9s \u00e9lt is.<\/p>\n\n\n\n<p>\u00c9n is nagyon sz\u00e9p vagyok: teh\u00e1t nagyon eretnek. S ez ellen ne k\u00fczdj, Felipe, se v\u00e9rkoszt\u00fcm\u00f6s inkviz\u00edtorokkal, se elolvad\u00f3 k\u00f6nny-sz\u00fczekkel \u2013 ezt a levelet okul\u00e1sodra, \u00e9pp az\u00e9rt \u00edrom, hogy megszokd, hogy a vil\u00e1gon vannak bizonyos alapjelens\u00e9gek, melyeket el kell fogadni \u00fagy, ahogy vannak \u2013 ha n\u00e9ha sz\u00f3rakozotts\u00e1gb\u00f3l igyekszem ezeket meg is okolni, az csak nevets\u00e9ges hiba bennem, rossz nevel\u00e9s, demokrata m\u00falt, sat\u00f6bbi, tekints el t\u0151le. Az intelligencia fejl\u0151d\u00e9se csak egy dologgal m\u00e9rhet\u0151: visszaaz az okosabb ember, aki kevesebb dologn\u00e1l \u00e9rzi a motiv\u00e1l\u00e1s inger\u00e9t: a legb\u00f6lcsebb mindent elfogad, mert tudja, hogy az \u00e9sz \u00e9s a val\u00f3s\u00e1g \u00fagyis v\u00e9gtelen\u00fcl heterog\u00e9n dolgok.<\/p>\n","protected":false},"excerpt":{"rendered":"<p>Szentkuthy Mikl\u00f3s: Europa Minor R\u00e9szlet Ennek az \u00f6lembe hullt, v\u00e1mmentes K\u00edn\u00e1nak volt egy h\u00edres cs\u00e1sz\u00e1ra \u00e9s annak egy m\u00e9g h\u00edresebb szeret\u0151je, a Yang Kuei Fei. A k\u00f6lt\u0151k ezt a nagy t\u00fcnd\u00e9rt vagy b\u00e1b-ringy\u00f3t r\u00e9szletesen felkatalogiz\u00e1lt\u00e1k; a fest\u0151k az \u0151 r\u00fazsaib\u00f3l festett\u00e9k a napnyugta-fresk\u00f3kat a Pi-Pi-Pi hegys\u00e9g barlangjaiba; zen\u00e9szek csak r\u00f3la tudtak igaz\u00e1n \u00e9rzelg\u0151s rekviemeket \u00edrni [&hellip;]<\/p>\n","protected":false},"author":4,"featured_media":0,"parent":659,"menu_order":2,"comment_status":"closed","ping_status":"closed","template":"","meta":{"footnotes":""},"categories":[3],"class_list":["post-663","page","type-page","status-publish","hentry","category-regenyek"],"_links":{"self":[{"href":"https:\/\/www.szentkuthymiklos.hu\/web\/wp-json\/wp\/v2\/pages\/663","targetHints":{"allow":["GET"]}}],"collection":[{"href":"https:\/\/www.szentkuthymiklos.hu\/web\/wp-json\/wp\/v2\/pages"}],"about":[{"href":"https:\/\/www.szentkuthymiklos.hu\/web\/wp-json\/wp\/v2\/types\/page"}],"author":[{"embeddable":true,"href":"https:\/\/www.szentkuthymiklos.hu\/web\/wp-json\/wp\/v2\/users\/4"}],"replies":[{"embeddable":true,"href":"https:\/\/www.szentkuthymiklos.hu\/web\/wp-json\/wp\/v2\/comments?post=663"}],"version-history":[{"count":1,"href":"https:\/\/www.szentkuthymiklos.hu\/web\/wp-json\/wp\/v2\/pages\/663\/revisions"}],"predecessor-version":[{"id":664,"href":"https:\/\/www.szentkuthymiklos.hu\/web\/wp-json\/wp\/v2\/pages\/663\/revisions\/664"}],"up":[{"embeddable":true,"href":"https:\/\/www.szentkuthymiklos.hu\/web\/wp-json\/wp\/v2\/pages\/659"}],"wp:attachment":[{"href":"https:\/\/www.szentkuthymiklos.hu\/web\/wp-json\/wp\/v2\/media?parent=663"}],"wp:term":[{"taxonomy":"category","embeddable":true,"href":"https:\/\/www.szentkuthymiklos.hu\/web\/wp-json\/wp\/v2\/categories?post=663"}],"curies":[{"name":"wp","href":"https:\/\/api.w.org\/{rel}","templated":true}]}}