{"id":652,"date":"2025-01-06T15:07:51","date_gmt":"2025-01-06T15:07:51","guid":{"rendered":"https:\/\/www.szentkuthymiklos.hu\/web\/?page_id=652"},"modified":"2025-01-06T15:07:52","modified_gmt":"2025-01-06T15:07:52","slug":"tartalommutato","status":"publish","type":"page","link":"https:\/\/www.szentkuthymiklos.hu\/web\/regenyek\/szent-orpheus-breviariuma\/szeljegyzetek-casanovahoz\/tartalommutato\/","title":{"rendered":"Tartalommutat\u00f3"},"content":{"rendered":"\n<p class=\"has-text-align-center\">Szentkuthy Mikl\u00f3s: Sz\u00e9ljegyzetek Casanov\u00e1hoz<\/p>\n\n\n\n<p class=\"has-text-align-center\"><strong>Tartalommutat\u00f3<\/strong><\/p>\n\n\n\n<p>Liguori Alfonz (1696\u20131787)&nbsp;&nbsp;<\/p>\n\n\n\n<p>Casanova sz\u00edn\u00e9szekt\u0151l sz\u00e1rmazik: term\u00e9szet \u00e9s m\u0171v\u00e9szet l\u00e9nyege mindig a kom\u00e9dia&nbsp;&nbsp;<\/p>\n\n\n\n<p>felvil\u00e1gosult b\u00f6lcselet \u00e9s boszork\u00e1ny-babon\u00e1k szomsz\u00e9ds\u00e1ga a tizennyolcadik sz\u00e1zadban&nbsp;&nbsp;<\/p>\n\n\n\n<p>egy feh\u00e9r reggel; etikett \u00e9s bacchan\u00e1lia; az eszm\u00e9nyi megalkuv\u00e1s anarchikus \u00e9rz\u00e9s \u00e9s el\u0151kel\u0151 civiliz\u00e1ci\u00f3 k\u00f6z\u00f6tt&nbsp;&nbsp;<\/p>\n\n\n\n<p>az els\u0151 levelek&nbsp;&nbsp;<\/p>\n\n\n\n<p>egy kisl\u00e1nyt megsz\u00e1ll az \u00f6rd\u00f6g: nyers k\u00f6z\u00e9pkor a sans-souci cir\u00e1d\u00e1k k\u00f6zt&nbsp;&nbsp;<\/p>\n\n\n\n<p>a b\u00e1l, a t\u00e1nc, a farsang, a karnev\u00e1l, az \u00e1larc: Dion\u00fcszosz \u00e9s par\u00f3ka harm\u00f3ni\u00e1ja&nbsp;&nbsp;<\/p>\n\n\n\n<p>meg\u0151r\u00fcl\u00e9s \u2013 \u00e9s m\u00e9gse disszon\u00e1ns&nbsp;&nbsp;<\/p>\n\n\n\n<p>nagyon \u00f6regek \u00e9s nagyon fiatalok a f\u0151szerepl\u0151k&nbsp;&nbsp;<\/p>\n\n\n\n<p>Velence persze a f\u0151szerepl\u0151kn\u00e9l is f\u0151bb szerepl\u0151&nbsp;&nbsp;<\/p>\n\n\n\n<p>helyzet minden, szem\u00e9ly semmi&nbsp;&nbsp;<\/p>\n\n\n\n<p>barokk pompa \u00e9s sivatagi szik\u00e1rs\u00e1g: fontos kett\u0151ss\u00e9g&nbsp;&nbsp;<\/p>\n\n\n\n<p>az \u00e1larc&nbsp;&nbsp;<\/p>\n\n\n\n<p>olasz gyermekek pr\u00e9dik\u00e1lnak: a tizennyolcadik sz\u00e1zadi vall\u00e1soss\u00e1g&nbsp;&nbsp;<\/p>\n\n\n\n<p>a velencei Miracoli-templom&nbsp;&nbsp;<\/p>\n\n\n\n<p>Giulietta tizenk\u00e9t \u00e9ves&nbsp;&nbsp;<\/p>\n\n\n\n<p>a velencei v\u00edz (\u201eGer\u00e4usch von Ruderschl\u00e4gen\u201d)&nbsp;&nbsp;<\/p>\n\n\n\n<p>\u00far \u00e9s szolga a velencei szerelemben&nbsp;&nbsp;<\/p>\n\n\n\n<p>ifj\u00fakori aszk\u00e9zis, piruett \u00e9s vasakarat, sikk \u00e9s kamasz-h\u0151siess\u00e9g&nbsp;&nbsp;<\/p>\n\n\n\n<p>a Term\u00e9szet d\u00e9moni, tud\u00f3s \u00e9s t\u00e1rsas\u00e1gi tisztelete; a nagyvil\u00e1gi filoz\u00f3fus&nbsp;&nbsp;<\/p>\n\n\n\n<p>Mozart \u00c9j-kir\u00e1lyn\u0151je k\u00f6zel\u00e9ben: \u201eAlles ist Natur\u201d&nbsp;&nbsp;<\/p>\n\n\n\n<p>Casanova legnagyobb tan\u00e1csa nem a szerelem, hanem a gondolat: \u201eDenken sie\u201d, olvassuk n\u00e1la (legel\u0151sz\u00f6r ugyanis n\u00e9met\u00fcl jelent meg)&nbsp;&nbsp;<\/p>\n\n\n\n<p>\u0151szi pavilon, a pasean\u00f3i villa&nbsp;&nbsp;<\/p>\n\n\n\n<p>a nagy k\u00f6lt\u0151 sz\u00e1m\u00e1ra a \u201epr\u00f3zai\u201d dolgok is mitikus sz\u00e9ps\u00e9gek \u2013 j\u00f3zan technikai elrendez\u00e9s \u00e9s holdf\u00e9ny\u0171 hatty\u00fa term\u00e9szetes k\u00f6nnyeds\u00e9ggel r\u00edmelnek&nbsp;&nbsp;<\/p>\n\n\n\n<p>sonka-csend\u00e9let&nbsp;&nbsp;<\/p>\n\n\n\n<p>olasz \u0151sz: boml\u00e1s? vagy \u00e9ppen form\u00e1l\u00f3 forma?&nbsp;&nbsp;<\/p>\n\n\n\n<p>Piombo: Ad\u00f3nisz Hal\u00e1la (\u201eToscanini\u201d \u00e9s \u201eTurner\u201d egyens\u00falya)&nbsp;&nbsp;<\/p>\n\n\n\n<p>hal\u00e1l-romantika a rokok\u00f3ban&nbsp;&nbsp;<\/p>\n\n\n\n<p>a tart\u00f3zkod\u00f3 Casanova&nbsp;&nbsp;<\/p>\n\n\n\n<p>a bujk\u00e1l\u00e1s j\u00e1t\u00e9kai; egy kulcs, egy gyertyatart\u00f3, egy kard izz\u00f3 t\u00e1rgyszer\u0171s\u00e9ge ebben a vil\u00e1gban&nbsp;&nbsp;<\/p>\n\n\n\n<p>evil\u00e1g \u00e9s t\u00falvil\u00e1g nem l\u00e1rm\u00e1s ellent\u00e9tek e sz\u00e1zadban&nbsp;&nbsp;<\/p>\n\n\n\n<p>az \u00e9rtekez\u0151 Casanova: jogi doktor\u00e1tusa P\u00e1du\u00e1ban&nbsp;&nbsp;<\/p>\n\n\n\n<p>ciprusi bor \u2013 de a lakom\u00e1kr\u00f3l m\u00e9gsem Rubens, hanem Ferrara szigor\u00fas\u00e1ga jut esz\u00fcnkbe, Ar\u00e1bia \u00e9s nem Hollandia&nbsp;&nbsp;<\/p>\n\n\n\n<p>\u201ekaland\u201d \u00e9s \u201enagy szenved\u00e9ly\u201d rossz v\u00e9gletein messzi t\u00fal&nbsp;&nbsp;<\/p>\n\n\n\n<p>ami Brunelleschi az \u00e9p\u00edt\u00e9szetben, az Casanova a szerelemben&nbsp;&nbsp;<\/p>\n\n\n\n<p>Casanova a csont embere, nem a h\u00fas\u00e9&nbsp;&nbsp;<\/p>\n\n\n\n<p>egy szoba alakja \u00e9s egy kertfal magass\u00e1ga: ezek a legv\u00e9gzetesebb dolgok&nbsp;&nbsp;<\/p>\n\n\n\n<p>tizennyolcadik sz\u00e1zadi olasz vend\u00e9gfogad\u00f3k&nbsp;&nbsp;<\/p>\n\n\n\n<p>kulcslenyomat egy darab viaszban&nbsp;&nbsp;<\/p>\n\n\n\n<p>\u00f3ri\u00e1si kandel\u00e1berek, \u00f3ri\u00e1si csill\u00e1rok&nbsp;&nbsp;<\/p>\n\n\n\n<p>az \u00e1t\u00f6lt\u00f6z\u00e9s, a szerepcsere izgalma \u2013 van szerelem ilyen sz\u00edn\u00e9szked\u00e9si, \u00e1larcoskod\u00f3, nemeket cser\u00e9l\u0151 j\u00e1t\u00e9k n\u00e9lk\u00fcl?&nbsp;&nbsp;<\/p>\n\n\n\n<p>pillang\u00f3t\u00e1nc \u00e1llati nyerses\u00e9g \u00e9s aszketikus illem k\u00f6z\u00f6tt&nbsp;&nbsp;<\/p>\n\n\n\n<p>Casanova hint\u00e1z\u00e1sa igaz intellektusa \u00e9s kiss\u00e9 otromb\u00e1n aufkl\u00e4rista intellektualizmusa k\u00f6z\u00f6tt&nbsp;&nbsp;<\/p>\n\n\n\n<p>szomor\u00faan bolyong az erd\u0151 s\u00f6t\u00e9tj\u00e9ben \u2013 ez a Watteau vil\u00e1ga: ciripel\u0151 mandolin \u00e9s leselked\u0151 hal\u00e1l&nbsp;&nbsp;<\/p>\n\n\n\n<p>de azt\u00e1n vissza a kacar\u00e1sz\u00f3, mond\u00e9n t\u00e1rsas\u00e1gba: mint e sz\u00e1zad zen\u00e9j\u00e9ben a tri\u00f3k ut\u00e1n \u00fajra visszat\u00e9r\u0151 menuetto&nbsp;&nbsp;<\/p>\n\n\n\n<p>a t\u00e1rsas \u00e9let hideg mat\u00e9zise&nbsp;&nbsp;<\/p>\n\n\n\n<p>a t\u00e1rsas \u00e9let nem t\u00f6r\u0151dik a val\u00f3s\u00e1ggal vagy \u00e9rtelmez\u00e9s\u00e9vel: \u00f6nc\u00e9l&nbsp;&nbsp;<\/p>\n\n\n\n<p>a mond\u00e9n ember: enn\u00e9l nincs filozofikusabb&nbsp;&nbsp;<\/p>\n\n\n\n<p>r\u00e9gi bat\u00e1rok N\u00e1poly k\u00f6r\u00fcl&nbsp;&nbsp;<\/p>\n\n\n\n<p>tarkas\u00e1g a giccsig: m\u00e9gsem az&nbsp;&nbsp;<\/p>\n\n\n\n<p>v\u00f6r\u00f6s k\u00f6peny, fekete par\u00f3ka, arab b\u0151r&nbsp;&nbsp;<\/p>\n\n\n\n<p>balett \u00e9s szimf\u00f3nia a velencei v\u00edz mellett&nbsp;&nbsp;<\/p>\n\n\n\n<p>jogtalan k\u00e9pzett\u00e1rs\u00edt\u00e1sok: \u00e9rdemel-e m\u00e1st a bolond vil\u00e1g?&nbsp;&nbsp;<\/p>\n\n\n\n<p>csak gondolat igaz\u00e1n d\u00e9moni&nbsp;&nbsp;<\/p>\n\n\n\n<p>kilencven\u00e9ves vid\u00e1m asszonyok&nbsp;&nbsp;<\/p>\n\n\n\n<p>rosszul lett a gondol\u00e1ban: dehogy sz\u00e9gyelli!&nbsp;&nbsp;<\/p>\n\n\n\n<p>Keats-lehelet \u00e9s v\u00e9rengz\u0151 racionalizmus \u00f6sszj\u00e1t\u00e9ka Casanov\u00e1ban&nbsp;&nbsp;<\/p>\n\n\n\n<p>a kandel\u00e1berek mellett egy mag\u00e1nyos laterna&nbsp;&nbsp;<\/p>\n\n\n\n<p>n\u00e9gy szerelmi v\u00e1ltozat&nbsp;&nbsp;<\/p>\n\n\n\n<p>Palazzo Grimani&nbsp;&nbsp;<\/p>\n\n\n\n<p>egy g\u00f6r\u00f6g n\u0151 hozza a balk\u00e1ni l\u00e9gk\u00f6rt&nbsp;&nbsp;<\/p>\n\n\n\n<p>\u00e9jf\u00e9li bossz\u00fa Velenc\u00e9ben: ez a r\u00e9mdr\u00e1ma hozz\u00e1tartozik logikusan Voltaire arck\u00e9p\u00e9hez&nbsp;&nbsp;<\/p>\n\n\n\n<p>a gyilkoss\u00e1g ut\u00e1n ezt jegyzi meg: \u201eSo fein war damals mein Zartgef\u00fchl\u201d \u2013 ez a tizennyolcadik sz\u00e1zad&nbsp;&nbsp;<\/p>\n\n\n\n<p>ez a sz\u00e1raz pozitivista az\u00e9rt ismeri a k\u00e9pzelet term\u00e9szetes hatalm\u00e1t is&nbsp;&nbsp;<\/p>\n\n\n\n<p>hajnali l\u00e1togat\u00e1s; reggeli; templomba men\u00e9s&nbsp;&nbsp;<\/p>\n\n\n\n<p>a h\u0171tlens\u00e9g k\u00f6teless\u00e9ge: hideg sz\u00edvvel ford\u00edt h\u00e1tat Velenc\u00e9nek&nbsp;&nbsp;<\/p>\n\n\n\n<p>az anconai negyvennapos z\u00e1rlat, ha nem volna, minden m\u00e1sk\u00e9pp t\u00f6rt\u00e9nn\u00e9k&nbsp;&nbsp;<\/p>\n\n\n\n<p>legnagyobb \u00e9rtelmi izz\u00e1s, legnagyobb pesszimizmus: ez van az \u00fan. \u201e\u00e9let\u00f6r\u00f6m\u201d m\u00f6g\u00f6tt&nbsp;&nbsp;<\/p>\n\n\n\n<p>Casanova maga kult\u00fara: teh\u00e1t a kult\u00far\u00e1k nem \u00e9rdeklik&nbsp;&nbsp;<\/p>\n\n\n\n<p>egy balk\u00e1ni rabszolgan\u0151&nbsp;&nbsp;<\/p>\n\n\n\n<p>szigor\u00fa Firenze, pocsoly\u00e1s Balk\u00e1n, operai Kelet&nbsp;&nbsp;<\/p>\n\n\n\n<p>egy balkon&nbsp;&nbsp;<\/p>\n\n\n\n<p>az Antikrisztus \u00e9s a blaszf\u00e9mia \u00e1rny\u00e9k\u00e1ban&nbsp;&nbsp;<\/p>\n\n\n\n<p>v\u00e9n parasztasszonyok&nbsp;&nbsp;<\/p>\n\n\n\n<p>szeptemberi R\u00f3ma: \u0151 maga R\u00f3ma, teh\u00e1t a v\u00e1ros semmit sem hat re\u00e1&nbsp;&nbsp;<\/p>\n\n\n\n<p>a tavasz is sz\u00e9p, a p\u00e9nz is j\u00f3&nbsp;&nbsp;<\/p>\n\n\n\n<p>egy kis biz\u00e1nci t\u00f6rt\u00e9nelem a d\u00e9li borok neveiben&nbsp;&nbsp;<\/p>\n\n\n\n<p>muskot\u00e1ly mellett higany: m\u00e9g ez is tanuls\u00e1gos&nbsp;&nbsp;<\/p>\n\n\n\n<p>Torre del Greco&nbsp;&nbsp;<\/p>\n\n\n\n<p>Casanova P\u00fcthagoraszt \u00fcdv\u00f6zli a szikkadt D\u00e9l-It\u00e1li\u00e1ban: egy matematikust, egy tud\u00f3st&nbsp;&nbsp;<\/p>\n\n\n\n<p>a martoran\u00f3i p\u00fcsp\u00f6k \u2013 ez az aszk\u00e9ta k\u00f6zelebb \u00e1ll hozz\u00e1, mint b\u00e1rki m\u00e1s&nbsp;&nbsp;<\/p>\n\n\n\n<p>Casanova ifj\u00fakor\u00e1ban mint k\u00f6lt\u0151 szerepelt \u2013 joggal? jogtalanul?&nbsp;&nbsp;<\/p>\n\n\n\n<p>liter\u00e1tor-vil\u00e1g a tizennyolcadik sz\u00e1zadi R\u00f3m\u00e1ban: t\u00e1rsasj\u00e1t\u00e9k \u00e9s mitikus ihletetts\u00e9g keresztez\u0151d\u00e9sei&nbsp;&nbsp;<\/p>\n\n\n\n<p>a Spanyolok Palot\u00e1ja R\u00f3m\u00e1ban: lakhat-e m\u00e1shol Casanova?&nbsp;&nbsp;<\/p>\n\n\n\n<p>a kasztr\u00e1lt \u00e9nekesek az olasz sz\u00ednpadokon&nbsp;&nbsp;<\/p>\n\n\n\n<p>Casanova a Palestrin\u00e1k, Ingegnerik \u00e9s Vittori\u00e1k rokona, nem Puccini\u00e9&nbsp;&nbsp;<\/p>\n\n\n\n<p>a technikai tud\u00e1s mindenekfelettis\u00e9ge e korban&nbsp;&nbsp;<\/p>\n\n\n\n<p>Voltaire \u00e9s Casanova egy\u00fctt b\u0151gnek&nbsp;&nbsp;<\/p>\n\n\n\n<p>a racionalista Casanova kedvence a bolond Ariosto&nbsp;&nbsp;<\/p>\n\n\n\n<p>a t\u00edzezredik n\u0151 is az \u201eels\u0151 igazi szerelem\u201d&nbsp;&nbsp;<\/p>\n\n\n\n<p>a sz\u00e1zad summ\u00e1ja k\u00e9t n\u00e9met sz\u00f3ban: \u201eentz\u00fcekendste Unordnung\u201d&nbsp;&nbsp;<\/p>\n\n\n\n<p>Mozart G-d\u00far tri\u00f3ja, KV 564&nbsp;&nbsp;<\/p>\n\n\n\n<p>egy kis k\u00edgy\u00f3 a parkban&nbsp;&nbsp;<\/p>\n\n\n\n<p>a vil\u00e1g k\u00f6zep\u00e9hez \u00e9rt\u00fcnk: a Labirinto Aldobrandini&nbsp;&nbsp;<\/p>\n\n\n\n<p>csak v\u00e9rbeli racionalist\u00e1k tudj\u00e1k \u00e9lvezni a szavak \u00f6nc\u00e9l\u00fa zen\u00e9j\u00e9t&nbsp;&nbsp;<\/p>\n\n\n\n<p>a barokk vill\u00e1k&nbsp;&nbsp;<\/p>\n\n\n\n<p>m\u00e1moros-ped\u00e1ns parkelemz\u00e9s&nbsp;&nbsp;<\/p>\n\n\n\n<p>h\u00e1rom megv\u00e1lt\u00f3 csoda: a Villa di Gamberaia, a settignan\u00f3i domboldalon; a Villa Lante Viterbo k\u00f6zel\u00e9ben; a firenzei Boboli-kert piazzale dell\u2019isolott\u00f3ja&nbsp;&nbsp;<\/p>\n\n\n\n<p>a gondolkoz\u00f3 ember viszonya a t\u00e1jle\u00edr\u00e1shoz&nbsp;&nbsp;<\/p>\n\n\n\n<p>XIV. Benedek: a tizennyolcadik sz\u00e1zad jelk\u00e9pes szobra&nbsp;&nbsp;<\/p>\n\n\n\n<p>Tivoli&nbsp;&nbsp;<\/p>\n\n\n\n<p>apr\u00f3 lelki z\u0171rzavarok a boldogs\u00e1g f\u0171szerez\u00e9s\u00e9hez&nbsp;&nbsp;<\/p>\n\n\n\n<p>a marchesa h\u00e1ziruh\u00e1ja&nbsp;&nbsp;<\/p>\n\n\n\n<p>versr\u00f6gt\u00f6nz\u00e9s avagy Geburt der Trag\u00f6die aus dem Geiste der Plauderei&nbsp;&nbsp;<\/p>\n\n\n\n<p>a szuny\u00f3k\u00e1l\u00f3 b\u00edboros; Casanova \u00e9s a marchesa az erk\u00e9lyen&nbsp;&nbsp;<\/p>\n\n\n\n<p>\u201eDann ging ich\u201d&nbsp;&nbsp;<\/p>\n\n\n\n<p>mit jelentett az opera a tizennyolcadik sz\u00e1zadnak?&nbsp;&nbsp;<\/p>\n\n\n\n<p>elhat\u00e1rozza, hogy Konstantin\u00e1polyba megy&nbsp;&nbsp;<\/p>\n\n\n\n<p>Bellino&nbsp;&nbsp;<\/p>\n\n\n\n<p>Bellino t\u00e1rsai&nbsp;&nbsp;<\/p>\n\n\n\n<p>\u201ehomme de plaisir\u201d \u00e9s \u201ehomme d\u2019amour\u201d \u2013 milyen l\u00edrikus tud lenni az els\u0151&nbsp;&nbsp;<\/p>\n\n\n\n<p>a k\u00e9ts\u00e9gbeesett boldogs\u00e1g&nbsp;&nbsp;<\/p>\n\n\n\n<p>\u201eNaturspiel\u201d \u2013 egyike a legszebb \u00e9s leg\u00e9rtelmesebb szavaknak&nbsp;&nbsp;<\/p>\n\n\n\n<p>Shelley pacsirt\u00e1j\u00e1val rep\u00fcl (\u201ewhat ignorance of pain\u2026\u201d)&nbsp;&nbsp;<\/p>\n\n\n\n<p>Dalm\u00e1cia \u2013 a klasszikus kiegyez\u00e9sek paradicsoma&nbsp;&nbsp;<\/p>\n\n\n\n<p>megpillantja Biz\u00e1ncot: sz\u00e9ps\u00e9g \u00e9s pusztul\u00e1s&nbsp;&nbsp;<\/p>\n\n\n\n<p>lapozgat\u00e1s Gibbon Biz\u00e1nc-fejezetei k\u00f6z\u00f6tt&nbsp;&nbsp;<\/p>\n\n\n\n<p>rokok\u00f3-t\u00f6r\u00f6k\u00f6k&nbsp;&nbsp;<\/p>\n\n\n\n<p>Casanova nagy kalandja itt sem szerelmi, hanem \u00e9rtelmi: nagy teol\u00f3giai vit\u00e1ja a t\u00f6r\u00f6k fatalist\u00e1kkal&nbsp;&nbsp;<\/p>\n\n\n\n<p>Casanova heged\u00fcl; Mozart Sz\u00f6ktet\u00e9s-e; Toscanini el\u0151ad\u00e1si st\u00edlusa&nbsp;&nbsp;<\/p>\n\n\n\n<p>holds\u00fct\u00f6tte t\u00f3, f\u00fcrd\u0151 nimf\u00e1k&nbsp;&nbsp;<\/p>\n\n\n\n<p>piros pecs\u00e9t&nbsp;&nbsp;<\/p>\n\n\n\n<p>cs\u00f6rg\u0151 zsalug\u00e1terek&nbsp;&nbsp;<\/p>\n\n\n\n<p>halak&nbsp;&nbsp;<\/p>\n\n\n\n<p>l\u00e1tni vagy \u00e9lni?&nbsp;&nbsp;<\/p>\n\n\n\n<p>Abaelardus: Casanova ellent\u00e9te&nbsp;&nbsp;<\/p>\n\n\n\n<p>a szerelem bels\u0151 ellens\u00e9gei&nbsp;&nbsp;<\/p>\n\n\n\n<p>a legszebb n\u0151: Heloissa arck\u00e9pe (az Escorial Izabella cs\u00e1sz\u00e1rn\u0151je is ez a modell)&nbsp;&nbsp;<\/p>\n\n\n\n<p>Tintoretto Zsuzsann\u00e1-ja&nbsp;&nbsp;<\/p>\n\n\n\n<p>vissza Casanov\u00e1hoz; Casanova \u00e9s a p\u00e9nz; a szerencsej\u00e1t\u00e9k kis metafizik\u00e1ja&nbsp;&nbsp;<\/p>\n\n\n\n<p>Casanova egyszer Robinson meg f\u00e9rj akar lenni&nbsp;&nbsp;<\/p>\n\n\n\n<p>okos asszonyok n\u00e9lk\u00fcl nem lett volna okos Casanova&nbsp;&nbsp;<\/p>\n\n\n\n<p>a sz\u00ednh\u00e1zi p\u00e1holyok szerepe&nbsp;&nbsp;<\/p>\n\n\n\n<p>eg\u00e9szs\u00e9ges abbahagy\u00e1s&nbsp;&nbsp;<\/p>\n\n\n\n<p>\u201eTod\u201d \u00e9s \u201eZ\u00e4rtlichkeit\u201d p\u00f3lusai&nbsp;&nbsp;<\/p>\n\n\n\n<p>undorodik a kurtiz\u00e1nokt\u00f3l&nbsp;&nbsp;<\/p>\n\n\n\n<p>Casanova heged\u0171s lesz egy zugzenekarban&nbsp;&nbsp;<\/p>\n\n\n\n<p>v\u00e9res giccs \u00e9s Toscanini-fegyelem hogy s\u00farolj\u00e1k egym\u00e1st&nbsp;&nbsp;<\/p>\n\n\n\n<p>a sz\u00e9p \u00e9vszakok ritmusa&nbsp;&nbsp;<\/p>\n\n\n\n<p>csal\u00f3 \u00e9s babon\u00e1s&nbsp;&nbsp;<\/p>\n\n\n\n<p>misztifik\u00e1ci\u00f3 \u00e9s felvil\u00e1gosod\u00e1s; a Var\u00e1zsfuvola szellemt\u00f6rt\u00e9neti h\u00e1ttere&nbsp;&nbsp;<\/p>\n\n\n\n<p>\u201er\u00e9gi j\u00f3 vil\u00e1g\u201d&nbsp;&nbsp;<\/p>\n\n\n\n<p>csak arc van sz\u00e1m\u00e1ra, alak nem szerepel&nbsp;&nbsp;<\/p>\n\n\n\n<p>egy zongora&nbsp;&nbsp;<\/p>\n\n\n\n<p>a velencei palot\u00e1k apr\u00f3 szalonjai&nbsp;&nbsp;<\/p>\n\n\n\n<p>k\u00f6vezetre dobott harang&nbsp;&nbsp;<\/p>\n\n\n\n<p>spanyolos, Habsburgos arck\u00e9p&nbsp;&nbsp;<\/p>\n\n\n\n<p>egy pillanatra a Heszperida-alm\u00e1k m\u00edtosza&nbsp;&nbsp;<\/p>\n\n\n\n<p>a term\u00e9szet minden, a m\u0171v\u00e9szet semmi&nbsp;&nbsp;<\/p>\n\n\n\n<p>Casanova tizennyolcadik sz\u00e1zadias \u201eer\u00e9ny\u201d-kultusza&nbsp;&nbsp;<\/p>\n\n\n\n<p>egy mondatban papucs \u00e9s hal\u00e1l&nbsp;&nbsp;<\/p>\n\n\n\n<p>a hal\u00e1l&nbsp;&nbsp;<\/p>\n\n\n\n<p>a s\u00e1t\u00e1n&nbsp;&nbsp;<\/p>\n\n\n\n<p>\u00e9kszerek \u00e9s \u00e9rt\u00e9kpap\u00edrok \u2013 bezzeg f\u00f6ldje nincs&nbsp;&nbsp;<\/p>\n\n\n\n<p>tal\u00e1n m\u00e9gis ink\u00e1bb a k\u00f6z\u00e9pkor, mint a tizennyolcadik sz\u00e1zad?&nbsp;&nbsp;<\/p>\n\n\n\n<p>egy kis m\u00fazeum&nbsp;&nbsp;<\/p>\n\n\n\n<p>Casanova f\u00e9l az Isten \u00edt\u00e9let\u00e9t\u0151l&nbsp;&nbsp;<\/p>\n\n\n\n<p>egy tizenhetedik sz\u00e1zadi ellenk\u00e9p Casanov\u00e1hoz: Andrew Marvell \u00e9szrev\u00e9telei a szerelemr\u0151l&nbsp;&nbsp;<\/p>\n\n\n\n<p>ha nem \u00e9lhet\u00fcnk a tizennyolcadik sz\u00e1zadban, ne t\u00f6r\u0151dj\u00fcnk a szerelemmel&nbsp;&nbsp;<\/p>\n","protected":false},"excerpt":{"rendered":"<p>Szentkuthy Mikl\u00f3s: Sz\u00e9ljegyzetek Casanov\u00e1hoz Tartalommutat\u00f3 Liguori Alfonz (1696\u20131787)&nbsp;&nbsp; Casanova sz\u00edn\u00e9szekt\u0151l sz\u00e1rmazik: term\u00e9szet \u00e9s m\u0171v\u00e9szet l\u00e9nyege mindig a kom\u00e9dia&nbsp;&nbsp; felvil\u00e1gosult b\u00f6lcselet \u00e9s boszork\u00e1ny-babon\u00e1k szomsz\u00e9ds\u00e1ga a tizennyolcadik sz\u00e1zadban&nbsp;&nbsp; egy feh\u00e9r reggel; etikett \u00e9s bacchan\u00e1lia; az eszm\u00e9nyi megalkuv\u00e1s anarchikus \u00e9rz\u00e9s \u00e9s el\u0151kel\u0151 civiliz\u00e1ci\u00f3 k\u00f6z\u00f6tt&nbsp;&nbsp; az els\u0151 levelek&nbsp;&nbsp; egy kisl\u00e1nyt megsz\u00e1ll az \u00f6rd\u00f6g: nyers k\u00f6z\u00e9pkor a sans-souci cir\u00e1d\u00e1k k\u00f6zt&nbsp;&nbsp; [&hellip;]<\/p>\n","protected":false},"author":4,"featured_media":0,"parent":561,"menu_order":1,"comment_status":"closed","ping_status":"closed","template":"","meta":{"footnotes":""},"categories":[3],"class_list":["post-652","page","type-page","status-publish","hentry","category-regenyek"],"_links":{"self":[{"href":"https:\/\/www.szentkuthymiklos.hu\/web\/wp-json\/wp\/v2\/pages\/652","targetHints":{"allow":["GET"]}}],"collection":[{"href":"https:\/\/www.szentkuthymiklos.hu\/web\/wp-json\/wp\/v2\/pages"}],"about":[{"href":"https:\/\/www.szentkuthymiklos.hu\/web\/wp-json\/wp\/v2\/types\/page"}],"author":[{"embeddable":true,"href":"https:\/\/www.szentkuthymiklos.hu\/web\/wp-json\/wp\/v2\/users\/4"}],"replies":[{"embeddable":true,"href":"https:\/\/www.szentkuthymiklos.hu\/web\/wp-json\/wp\/v2\/comments?post=652"}],"version-history":[{"count":1,"href":"https:\/\/www.szentkuthymiklos.hu\/web\/wp-json\/wp\/v2\/pages\/652\/revisions"}],"predecessor-version":[{"id":653,"href":"https:\/\/www.szentkuthymiklos.hu\/web\/wp-json\/wp\/v2\/pages\/652\/revisions\/653"}],"up":[{"embeddable":true,"href":"https:\/\/www.szentkuthymiklos.hu\/web\/wp-json\/wp\/v2\/pages\/561"}],"wp:attachment":[{"href":"https:\/\/www.szentkuthymiklos.hu\/web\/wp-json\/wp\/v2\/media?parent=652"}],"wp:term":[{"taxonomy":"category","embeddable":true,"href":"https:\/\/www.szentkuthymiklos.hu\/web\/wp-json\/wp\/v2\/categories?post=652"}],"curies":[{"name":"wp","href":"https:\/\/api.w.org\/{rel}","templated":true}]}}