{"id":638,"date":"2025-01-06T14:36:46","date_gmt":"2025-01-06T14:36:46","guid":{"rendered":"https:\/\/www.szentkuthymiklos.hu\/web\/?page_id=638"},"modified":"2025-01-06T14:36:47","modified_gmt":"2025-01-06T14:36:47","slug":"tartalommutato","status":"publish","type":"page","link":"https:\/\/www.szentkuthymiklos.hu\/web\/regenyek\/ot-eletrajzi-fantazia\/doktor-haydn\/tartalommutato\/","title":{"rendered":"Tartalommutat\u00f3"},"content":{"rendered":"\n<p class=\"has-text-align-center\">Szentkuthy Mikl\u00f3s: Doktor Haydn<\/p>\n\n\n\n<p class=\"has-text-align-center\"><strong>Tartalommutat\u00f3<\/strong><\/p>\n\n\n\n<p>I. Estoraz<\/p>\n\n\n\n<p>Esterh\u00e1zy Mikl\u00f3s herceg a ravatalon<\/p>\n\n\n\n<p>Haydn elindul a visszaeml\u00e9kez\u00e9s \u00fatj\u00e1n: harminc \u00e9v<\/p>\n\n\n\n<p>Mikl\u00f3s herceg inger\u00fclt megjegyz\u00e9sei II. J\u00f3zsef szabadgondolkoz\u00e1s\u00e1r\u00f3l. Ez a Haydn-zen\u00e9t is \u00e9rinti!<\/p>\n\n\n\n<p>Haydn \u00e9s a vil\u00e1gt\u00f6rt\u00e9nelem: a papa nem \u00e9lt elef\u00e1ntcsonttoronyban<\/p>\n\n\n\n<p>Minek a hal\u00e1lhoz feud\u00e1lis nagysz\u00ednh\u00e1z?<\/p>\n\n\n\n<p>A vil\u00e1g egy v\u00edzcseppben: a francia forradalom egy estorazi b\u00e1bsz\u00ednh\u00e1zban<\/p>\n\n\n\n<p>Haydn egy szabadgondolkoz\u00f3 pappal besz\u00e9lget; vil\u00e1gt\u00f6rt\u00e9nelmi konkl\u00fazi\u00f3k<\/p>\n\n\n\n<p>J\u00f3zsef cs\u00e1sz\u00e1r ideiglenes kopors\u00f3ja, Mikl\u00f3s herceg v\u00e9gleges v\u00e9lem\u00e9nye<\/p>\n\n\n\n<p>Haydn h\u00e1zass\u00e1g\u00e1r\u00f3l besz\u00e9l \u00e9s \u2013 p\u00e1rtfogolja Luigia Polzelli \u00e9nekesn\u0151t<\/p>\n\n\n\n<p>Mikl\u00f3s herceg a Nagy Frigyes elleni h\u00e1bor\u00faban; a herceg arcm\u00e1sa<\/p>\n\n\n\n<p>Mikl\u00f3s herceg R\u00f3m\u00e1ban \u2013 \u00e9s R\u00f3ma ut\u00e1n: Kismarton?<\/p>\n\n\n\n<p>Versailles b\u0171v\u00f6lete<\/p>\n\n\n\n<p>Mikl\u00f3s herceg a magyar nemesi test\u0151rs\u00e9g kapit\u00e1nya<\/p>\n\n\n\n<p>Bessenyei \u00e9s Haydn<\/p>\n\n\n\n<p>Haydn a magyar test\u0151r\u00f6k k\u00f6z\u00f6tt<\/p>\n\n\n\n<p>Haydn-\u00fcnnepl\u00e9s az Oper\u00e1ban<\/p>\n\n\n\n<p>Eszm\u00e9lked\u00e9s a bolond maszkab\u00e1lokr\u00f3l<\/p>\n\n\n\n<p>Haydn apja az Esterh\u00e1zy Imp\u00e9riumban; egy burleszk epiz\u00f3d<\/p>\n\n\n\n<p>Tri\u00f3 a vad\u00e1szlakban: t\u00e9ma \u2013 egy j\u00f3 eb\u00e9d; hangszerek: Haydn, Haydn \u00e9desapja \u00e9s egy kac\u00e9r kis \u00e9nekesn\u0151<\/p>\n\n\n\n<p>Macskazene \u2013 orat\u00f3rium helyett (atyai csal\u00f3d\u00e1s)<\/p>\n\n\n\n<p>Ochsenmenuett (cs\u00e1sz\u00e1rn\u0151 is van)<\/p>\n\n\n\n<p>B\u00e1bsz\u00ednh\u00e1z: Philemon \u00e9s Baucis: a cs\u00e1sz\u00e1rn\u0151 Haydn csod\u00e1latos h\u00e1zas\u00e9let\u00e9r\u0151l pr\u00e9dik\u00e1l<\/p>\n\n\n\n<p>Ravatali intermezz\u00f3<\/p>\n\n\n\n<p>Luigia Polzelli: It\u00e1lia d\u00e9mona<\/p>\n\n\n\n<p>Eszterh\u00e1zi oper\u00e1k<\/p>\n\n\n\n<p>Nagy besz\u00e9lget\u00e9s Wolfgang Amadeussal<\/p>\n\n\n\n<p>Haydn elmondja a B\u00facs\u00fa-szimf\u00f3nia t\u00f6rt\u00e9net\u00e9t<\/p>\n\n\n\n<p>Mozart felolvassa apja level\u00e9t Haydnr\u00f3l<\/p>\n\n\n\n<p>\u0150s-\u0151skori eml\u00e9kek: Haydn al\u00e1\u00edrja harminc \u00e9vvel ezel\u0151tt az \u201eestorazi\u201d szerz\u0151d\u00e9st<\/p>\n\n\n\n<p>R\u00e9gi karmesterek, r\u00e9gi hangszerek<\/p>\n\n\n\n<p>Az \u00e9vszakok\u2026 amib\u0151l majd az \u00c9vszakok sz\u00fcletnek<\/p>\n\n\n\n<p>Haydn Londonba<\/p>\n\n\n\n<p>II. London<\/p>\n\n\n\n<p>\u201eEgy l\u00f3: az egy l\u00f3\u201d, \u00e9s\u2026 egy princessz k\u00f6zben egy princessz<\/p>\n\n\n\n<p>T\u00falvil\u00e1gi gyertya, evil\u00e1gi hercegn\u0151; Haydn itt is, ott is otthon van?<\/p>\n\n\n\n<p>Wolfgang Amadeus Mozart<\/p>\n\n\n\n<p>\u00c9s ami j\u00f3val kevesebb \u2013 egy k\u00f3bor \u00e9nekesn\u0151<\/p>\n\n\n\n<p>Haydn az ascoti l\u00f3versenyen<\/p>\n\n\n\n<p>A szerz\u0151 bemutat egy lelkes \u00e9s j\u00f3zan angol h\u00f6lgyet \u2013 egy londoni vil\u00e1gj\u00e1r\u00f3 hangverseny\u00fcgyn\u00f6k\u00f6t \u2013, \u00e9s v\u00e9g\u00fcl egy el\u00e9gg\u00e9 \u00e1satag vil\u00e1gn\u00e9zettel rendelkez\u0151 sznob gr\u00f3fot: a t\u00e1rsas\u00e1g bemutat\u00e1sa elker\u00fclhetetlen, mivel mind a h\u00e1rman nagyon sokat \u00edrtak Haydnr\u00f3l londoni \u00fatj\u00e1val kapcsolatban, persze nem annyira a val\u00f3s\u00e1gban, mint ebben a reg\u00e9nyben<\/p>\n\n\n\n<p>Kezd\u0151dnek Salomon \u00far feljegyz\u00e9sei: Haydn \u00fatja London fel\u00e9; zenei, templomi, t\u00e1rsas\u00e1gi kalandok a k\u00f6lni \u00e9rsekn\u00e9l, Beethoven is \u00e1tvonul a sz\u00ednen<\/p>\n\n\n\n<p>A hatvan\u00e9ves Haydn els\u0151 szembes\u00edt\u00e9se a tengerrel Calais v\u00e1ros\u00e1ban; haj\u00f3\u00fat; a londoni k\u00fclv\u00e1ros<\/p>\n\n\n\n<p>Haydn Bland \u00far h\u00e1z\u00e1ban; k\u00f3rist\u00e1k, kutyusok, csal\u00e1dtagok<\/p>\n\n\n\n<p>Salomon \u00far lak\u00e1s\u00e1n<\/p>\n\n\n\n<p>Haydn tal\u00e1lkozik H\u00e4ndel utols\u00f3 bar\u00e1tn\u0151j\u00e9vel; pontosabban: a H\u00e4ndel-zen\u00e9vel<\/p>\n\n\n\n<p>Haydn \u00e1lma<\/p>\n\n\n\n<p>H\u00e4ndel Rodelind\u00e1-ja<\/p>\n\n\n\n<p>Opera buffa-dolgok, de a val\u00f3s\u00e1gban (egy olasz szak\u00e1cs)<\/p>\n\n\n\n<p>Haydn \u00e9s a sk\u00f3t \u201en\u00e9pi\u201d \u00e9nekesek<\/p>\n\n\n\n<p>Miss Dill durva g\u00fanyol\u00f3d\u00e1sa Haydnr\u00f3l<\/p>\n\n\n\n<p>Haydn: \u201ea n\u00e9pdal alfa \u00e9s omega\u201d \u2013 de ez a t\u00e9tele egyel\u0151re nem n\u00e9pszer\u0171<\/p>\n\n\n\n<p>Protest\u00e1ns bajok, katolikus bajok Haydn k\u00f6r\u00fcl. Salomon nagy riportjai Haydn mellett a londoni lapokban; Haydn v\u00e1ltozatlanul humoros sz\u00e9ljegyzetei a Haydn-pletyk\u00e1kr\u00f3l \u00e9s Haydn-legend\u00e1kr\u00f3l<\/p>\n\n\n\n<p>Egy katolikus h\u00f6lgyt\u00e1rsas\u00e1g percr\u0151l percre katolikusabb lesz \u00e9s a v\u00e9g\u00e9n Woodhall \u00far el akarja rabolni Haydnt Salomon \u00fart\u00f3l<\/p>\n\n\n\n<p>Egyel\u0151re csak egy koncertra siker\u00fcl rabolnia; bonyodalmak Davide olasz tenorista k\u00f6r\u00fcl<\/p>\n\n\n\n<p>Davide szeret\u0151j\u00e9nek levele R\u00f3m\u00e1b\u00f3l Salomon \u00farnak<\/p>\n\n\n\n<p>Haydn nagy monol\u00f3gja: m\u00e9rt Londonba j\u00f6tt? m\u00e9rt nem ment It\u00e1li\u00e1ba?<\/p>\n\n\n\n<p>Londoni operat\u00e1rsulatok harca: egyik a kir\u00e1ly\u00e9, m\u00e1sik a tr\u00f3n\u00f6r\u00f6k\u00f6s\u00e9<\/p>\n\n\n\n<p>Zajos operael\u0151ad\u00e1s Londonban, majdnem parlament<\/p>\n\n\n\n<p>Haydn \u00fajabb nagy mag\u00e1nbesz\u00e9de<\/p>\n\n\n\n<p>Egy rajong\u00f3 h\u00f6lgy levele Haydn londoni sikereir\u0151l; Haydn diadal\u00fatja: Salomon diadal\u00fatja is\u2026 A lev\u00e9l egy\u00e9bk\u00e9nt Salomon \u00far feljegyz\u00e9seinek romantikus fin\u00e1l\u00e9ja<\/p>\n\n\n\n<p>Kezd\u0151dnek a walesi herceg bar\u00e1tj\u00e1nak napl\u00f3i; nyomortany\u00e1k ut\u00e1n \u00fcvegh\u00e1zak; a n\u00e1polyi k\u00f6vets\u00e9g Londonban; narancsf\u00e1k \u00e9s olt\u00e1rk\u00e9pek<\/p>\n\n\n\n<p>Egy n\u00e1polyi git\u00e1ros n\u0151 az \u201e\u00e9letre\u201d oktatja Haydnt<\/p>\n\n\n\n<p>Haydn egy gyerekszob\u00e1ban; a walesi herceg bar\u00e1tja elm\u00e9lkedik a modor \u00f6r\u00f6kk\u00e9val\u00f3s\u00e1g\u00e1r\u00f3l<\/p>\n\n\n\n<p>Haydn parasztn\u00f3t\u00e1kat \u00e9nekel; Haydn eml\u00e9kei a rohraui b\u00facs\u00far\u00f3l<\/p>\n\n\n\n<p>Utcai zend\u00fcl\u00e9s Londonban, \u201e\u00e0 l\u2019anglaise\u201d \u2013 Haydnnek el\u00e9g nehezen is megy a fej\u00e9be<\/p>\n\n\n\n<p>Haydn olaszos koszt\u00fcmj\u00e9t pr\u00f3b\u00e1lja, de \u201ehaydnos\u201d komment\u00e1rokat f\u0171z hozz\u00e1 Mozartr\u00f3l, bar\u00e1tn\u0151j\u00e9r\u0151l, Isten\u00e9r\u0151l<\/p>\n\n\n\n<p>Haydn Ariadn\u00e9-j\u00e1nak el\u0151ad\u00e1sa egy h\u00f6lgyt\u00e1rsas\u00e1gban; egy olasz kasztr\u00e1lt: n\u0151i maszkban; korabeli \u00fajs\u00e1gcikkekben sincs hi\u00e1ny<\/p>\n\n\n\n<p>Haydn magyar\u00e1zata az Ariadn\u00e9-hitreg\u00e9r\u0151l: angol hallgat\u00f3inak bizony\u00e1ra \u201eshocking\u201d<\/p>\n\n\n\n<p>Haydn megh\u00edv\u00f3t kap a Saint James\u2019s-palot\u00e1ba, a kir\u00e1lyn\u00e9 sz\u00fclet\u00e9snapj\u00e1nak \u00fcnnepl\u00e9s\u00e9re<\/p>\n\n\n\n<p>Egy londoni \u00fajs\u00e1gcikk, miszerint a \u201en\u00e9p h\u00f3dol\u201d; de a cikk egyn\u00e9mely t\u00f6rt\u00e9nelmi kieg\u00e9sz\u00edt\u00e9sre szorul<\/p>\n\n\n\n<p>Val\u00f3s\u00e1gos farsangi fel-, be- \u00e9s kivonul\u00e1s a kir\u00e1lyn\u00e9 sz\u00fclet\u00e9snapj\u00e1ra \u2013 maestro Haydn nem mulasztja el komment\u00e1rjait<\/p>\n\n\n\n<p>Aj\u00e1nd\u00e9kok k\u00f6rmenetben a kir\u00e1lyn\u0151nek (az angolok k\u00f6nyvelik)<\/p>\n\n\n\n<p>Haydn is meg\u00e9rkezik a kir\u00e1lyn\u0151i fogad\u00e1sra; a walesi herceg aj\u00e1nd\u00e9k-csembal\u00f3ja (kiss\u00e9 pik\u00e1ns illusztr\u00e1ci\u00f3kkal \u00e9kes); f\u00e9lt\u00e9keny udvarh\u00f6lgyek viperaf\u00e9szke<\/p>\n\n\n\n<p>Haydn \u00e9s egy rokok\u00f3 nimfa du\u00f3ja (nem szigor\u00faan zenei \u00e9rtelemben)<\/p>\n\n\n\n<p>Haydn \u00e9s a walesi herceg du\u00f3ja (ez m\u00e1r szigor\u00fabb zenei \u00e9rtelemben)<\/p>\n\n\n\n<p>Haydn Brassy bank\u00e1r vid\u00e9ki kast\u00e9ly\u00e1ban; nagy levele a Parkr\u00f3l<\/p>\n\n\n\n<p>Haydn a \u201eszellemfal\u00f3\u201d sznobok ellen \u00e9s a k\u00e9t kez\u00fckkel f\u00far\u00f3-farag\u00f3k mellett<\/p>\n\n\n\n<p>Haydn elkezdi mes\u00e9lni gyerek- \u00e9s ifj\u00fakora t\u00f6rt\u00e9net\u00e9t; besz\u00e9lget\u00e9s Mozarttal egy betlehemr\u0151l<\/p>\n\n\n\n<p>N\u00e1szkocsik, halottas kocsik, tolonckocsik<\/p>\n\n\n\n<p>Falusi eml\u00e9kek: mintha csak Brueghel- \u00e9s Ostade-k\u00e9peket n\u00e9zn\u00e9nk<\/p>\n\n\n\n<p>A klasszikus m\u0171velts\u00e9g Frank-f\u00e9le v\u00e1ltozata; h\u00e1tborzongat\u00f3 n\u00e9pszok\u00e1sok tanuls\u00e1gai; valami a Haydn-\u0151s\u00f6kr\u0151l<\/p>\n\n\n\n<p>Haydn a k\u00f6rmenetben a kocsiker\u00e9kkel; keserves ministr\u00e1l\u00e1s, boldog harangoz\u00e1s \u00e9s m\u00e9g boldogabb \u00e9nekl\u00e9s a k\u00f3rusban<\/p>\n\n\n\n<p>Haydn a b\u00e9csi Szent Istv\u00e1n-d\u00f3m karmestere el\u0151tt igyekszik akrobata mutatv\u00e1nyokat v\u00e9gezni hangj\u00e1val<\/p>\n\n\n\n<p>B\u00e9csbe ker\u00fcl a k\u00f3rista gyermekek int\u00e9zet\u00e9be; Reutter karmester feles\u00e9ge: a kis Haydn \u00e9s a nagyvil\u00e1g titkai<\/p>\n\n\n\n<p>A gyermek Haydn a bakon ismerkedik B\u00e9cs csod\u00e1ival<\/p>\n\n\n\n<p>De ut\u00e1na ezek a titkok majd hogy meg nem fojtj\u00e1k: ami nagy hiba lenne, mert hiszen \u00e9ppen \u00e9nekelnie kell Mme Reutter helyett<\/p>\n\n\n\n<p>\u00c9nekel, s\u0151t hazudik is a Mme helyett<\/p>\n\n\n\n<p>M\u00e1ria Ter\u00e9zia meglehet\u0151sen sokf\u00e9le vonatkoz\u00e1sban: \u00e9tkez\u00e9s, im\u00e1ds\u00e1g, egyh\u00e1zzenei v\u00e9lem\u00e9nyek, \u00e1lomfejt\u00e9s, lovak \u00e9s \u2013 Haydn nem \u00e9ppen szent n\u00f3t\u00e1ja szent sz\u00edne el\u0151tt<\/p>\n\n\n\n<p>M\u00e1ria Ter\u00e9zia meglehet\u0151sen egy\u00e9rtelm\u0171 vonatkoz\u00e1sban<\/p>\n\n\n\n<p>\u00c9s v\u00e9g\u00fcl legegy\u00e9rtelm\u0171bb vonatkoz\u00e1sban: Haydnt kidobja a Szent Istv\u00e1n-d\u00f3m gyermekk\u00f3rus\u00e1b\u00f3l<\/p>\n\n\n\n<p>\u201eOh, du lieber Augustin!\u201d<\/p>\n\n\n\n<p>Boh\u00e9m\u00e9let?<\/p>\n\n\n\n<p>Honv\u00e1gy a r\u00e9gi d\u00f3m-k\u00f3rist\u00e1k h\u00e1za ut\u00e1n \u00e9s egy Boccaccio-jelenet<\/p>\n\n\n\n<p>Haydn majdnem pap lesz, de a \u201emajdnem\u201d-n\u00e9l nem is jut tov\u00e1bb<\/p>\n\n\n\n<p>Zenei fiask\u00f3 M\u00e1ria-Zellben: ott megint se zen\u00e9sz, se pap<\/p>\n\n\n\n<p>Ezzel kapcsolatban egy r\u00e9gebbi horror-eml\u00e9k: kasztr\u00e1lj\u00e1k?<\/p>\n\n\n\n<p>Papok ut\u00e1n kom\u00e9di\u00e1sok Haydn \u00e9let\u00e9ben: maskar\u00e1s tal\u00e1lkoz\u00e1s Bernardonnal, a b\u00e9csiek d\u00e9delgetett clownj\u00e1val \u00e9s v\u00edgj\u00e1t\u00e9k\u00edr\u00f3j\u00e1val<\/p>\n\n\n\n<p>Haydn els\u0151 nagy \u201eszerz\u0151d\u00e9se\u201d: zen\u00e9t \u00edr Bernardon kom\u00e9di\u00e1j\u00e1hoz; k\u00f6zben Bernardon \u00far mint \u00edr\u00f3, sz\u00edn\u00e9sz \u00e9s zen\u00e9sz \u2013 kiad\u00f3san bemutatkozik<\/p>\n\n\n\n<p>Bernardont egy s\u00e1nta, de hatalmas \u00far megbuktatja, s\u0151t sz\u00e1m\u0171zi B\u00e9csb\u0151l<\/p>\n\n\n\n<p>Haydn \u00e9s Bernardon b\u00e1b-darabbal b\u00facs\u00faznak<\/p>\n\n\n\n<p>Haydn a Michaelerhausba k\u00f6lt\u00f6zik: Metastasio olasz trag\u00e9dia\u00edr\u00f3 \u00e9s librettista a szomsz\u00e9dja; ennek k\u00f6vetkezm\u00e9nyei lesznek<\/p>\n\n\n\n<p>\u00cdme a k\u00f6vetkezm\u00e9nyek: Haydn megismerkedik Porpor\u00e1val<\/p>\n\n\n\n<p>Haydn Porpora tan\u00edtv\u00e1nya \u00e9s \u201einasa\u201d; Haydn \u00f6lt\u00f6zteti gazd\u00e1j\u00e1t: sz\u00ednpadra k\u00edv\u00e1nkoz\u00f3 jelenet<\/p>\n\n\n\n<p>Haydn egyed\u00fcl Porpora ruhaszekr\u00e9ny\u00e9vel: ezek a ruh\u00e1k Haydn sz\u00e1m\u00e1ra az opera, az \u00e9let, a szerelem, Velence! \u00c9s? Az \u00e9l\u0151 velencei k\u00f6vet is megjelenik nem kev\u00e9sb\u00e9 \u00e9l\u0151 bar\u00e1tn\u0151j\u00e9vel<\/p>\n\n\n\n<p>Haydn, Porpora, a velencei k\u00f6vet \u00e9s bar\u00e1tn\u0151je meg\u00e9rkeznek Bad Mannersdorfba; egy tizennyolcadik sz\u00e1zadi \u201enocturne\u201d n\u00e9gy szerepl\u0151vel<\/p>\n\n\n\n<p>Gluck a t\u00e1rsas\u00e1gban; Haydn zongor\u00e1zik, \u00e1lmok Velenc\u00e9r\u0151l, eml\u00e9kek anyj\u00e1r\u00f3l<\/p>\n\n\n\n<p>Megismerkedik F\u00fcrnberg gr\u00f3ffal. Haydn intimus vallom\u00e1sokat hall t\u0151le<\/p>\n\n\n\n<p>Haydn ifj\u00fakori \u00e9s \u00f6regkori von\u00f3sn\u00e9gyeseir\u0151l besz\u00e9l<\/p>\n\n\n\n<p>Sz\u00fcreti mulats\u00e1g; Haydn \u00f6r\u00f6k vonzalma a gyerekek ir\u00e1nt (neki nincs\u2026 a londoni gyermekk\u00f3rus\u2026)<\/p>\n\n\n\n<p>Haydn Morzin gr\u00f3f\u00e9khoz ker\u00fcl; r\u00e9szeg vad\u00e1szt\u00e1rsas\u00e1g; cs\u00e1b\u00edt\u00f3 gr\u00f3fn\u0151; lovagl\u00e1s az erd\u0151ben; egy j\u00f3sn\u0151<\/p>\n\n\n\n<p>Herschel csillag\u00e1sz filoz\u00f3fi\u00e1ja; Haydn megborzad<\/p>\n\n\n\n<p>A maestro leesik a l\u00f3r\u00f3l<\/p>\n\n\n\n<p>Nagy commedia dell\u2019arte egy b\u00e9csi fodr\u00e1szm\u0171helyben a leg\u00fajabb par\u00f3k\u00e1kkal: de ez a kom\u00e9dia egy majdnem tragikus h\u00e1zass\u00e1g el\u0151j\u00e1t\u00e9ka<\/p>\n\n\n\n<p>A b\u00e9csi fodr\u00e1sz k\u00e9t l\u00e1nya; Haydn el\u0151sz\u00f6r a \u201eszent\u201d gyermeknek udvarol<\/p>\n\n\n\n<p>A \u201eszent\u201d gyermek k\u00f6lt\u0151i szentbesz\u00e9dben egy maj\u00e1lison kosarat ad Haydnnek<\/p>\n\n\n\n<p>Haydn esk\u00fcv\u0151je (egyp\u00e1r el\u0151j\u00e1t\u00e9kkal)<\/p>\n\n\n\n<p>Haydn Morzin\u00e9kt\u00f3l az Esterh\u00e1zyakhoz: ez egy\u00fattal Haydn \u00f6n\u00e9letrajzi elbesz\u00e9l\u00e9s\u00e9nek v\u00e9ge<\/p>\n\n\n\n<p>A walesi herceg bar\u00e1tja bejelenti, hogy kr\u00f3nik\u00e1ja befejez\u00e9sek\u00e9ppen Haydn Orpheusz-\u00e1r\u00f3l fogja besz\u00e9ltetni a maestr\u00f3t<\/p>\n\n\n\n<p>Orpheusz<\/p>\n\n\n\n<p>Ez a fejezet a sz\u00e1zharmincnegyedik oldalr\u00f3l sz\u00f3l<\/p>\n\n\n\n<p>\u00c9s ennek megfelel\u0151en kezd\u0151dik Pythia Crane levele Rebecca Schroeterr\u0151l, Haydn rajong\u00f3j\u00e1r\u00f3l; Rebecca szempontj\u00e1b\u00f3l \u201ebaj van\u201d a s\u00f3gorn\u0151vel, Corona Schroeterrel, Goethe szerelmi, sz\u00edn\u00e9szi \u00e9s m\u0171v\u00e9szi eszm\u00e9nyk\u00e9p\u00e9vel<\/p>\n\n\n\n<p>Rebecca Schroeter k\u00e9ts\u00e9gtelen\u00fcl szerelmes Haydnbe; Haydn \u00e9s Rebecca tal\u00e1lkoz\u00e1sa<\/p>\n\n\n\n<p>Haydn (jellem\u00e9vel ellent\u00e9tben) kiss\u00e9 tapintatlan; a szerelmes Rebecc\u00e1nak egy londoni sz\u00edn\u00e9szn\u0151r\u0151l besz\u00e9l; a sz\u00edn\u00e9szn\u0151 Haydn tan\u00edtv\u00e1nya, fest\u0151k modellje, viszont egy boh\u00e9m kocsm\u00e1ban a h\u0171s\u00e9g eszm\u00e9nyk\u00e9p\u00e9nek t\u00e1volr\u00f3l sem modellje<\/p>\n\n\n\n<p>Rebecca f\u00e9lt\u00e9keny; egy fali\u00f3ra \u00e9s egy kaleidoszk\u00f3p<\/p>\n\n\n\n<p>Haydn l\u00e1z\u00e1lma: fekete indiszkr\u00e9ci\u00f3k feles\u00e9g\u00e9r\u0151l<\/p>\n\n\n\n<p>Szerelem? \u201eka gwaltiges Thema\u201d<\/p>\n\n\n\n<p>Haydn: a n\u00e9pdal minden!<\/p>\n\n\n\n<p>Rebecca meg \u201emindent Haydn\u00e9rt!\u201d \u2013 enn\u00e9lfogva nyomd\u00e1ba, templomba, szubrett-tany\u00e1ra, szab\u00f3m\u0171helybe<\/p>\n\n\n\n<p>Haydnt Hoppner lefesti<\/p>\n\n\n\n<p>Haydn oxfordi doktor lesz; Rebecca titokban Haydn nyom\u00e1ban<\/p>\n\n\n\n<p>Oxford<\/p>\n\n\n\n<p>Haydn ped\u00e1nsan besz\u00e1mol Rebecca-bar\u00e1ts\u00e1g\u00e1nak okair\u00f3l<\/p>\n\n\n\n<p>H\u00e4ndel Messi\u00e1s-a \u00e9s Haydn: H\u00e9t Sz\u00f3<\/p>\n\n\n\n<p>Rebecca a \u201ed\u00f6nt\u0151\u201d tal\u00e1lk\u00e1ra v\u00e1rja Haydnt<\/p>\n\n\n\n<p>Mozart meghalt<\/p>\n\n\n\n<p>III. B\u00e9cs<\/p>\n\n\n\n<p>A weimari herceg Goeth\u00e9t\u0151l k\u00e9r tan\u00e1csot egy Haydn-koncerttel kapcsolatban<\/p>\n\n\n\n<p>Haydn \u00e9s kora t\u00f6rt\u00e9nelme<\/p>\n\n\n\n<p>Nelson \u00e9s Lady Hamilton<\/p>\n\n\n\n<p>Haydn harca m\u0171v\u00e9szet\u00e9\u00e9rt \u00e9s Isten\u00e9rt a m\u0171v\u00e9szietlen \u00e9s istentelen klerik\u00e1lisok ellen (Goethe tapsol)<\/p>\n\n\n\n<p>Haydn der\u0171je meggy\u00f3gy\u00edtja Goeth\u00e9t<\/p>\n\n\n\n<p>Haydn \u00e9s Beethoven<\/p>\n\n\n\n<p>Goeth\u00e9t tov\u00e1bb izgatja e tal\u00e1lkoz\u00e1s probl\u00e9m\u00e1ja (\u0151 egy szem\u00e9lyben szeretne lenni mindkett\u0151)<\/p>\n\n\n\n<p>Klasszikus elegancia \u00e9s romantikus hanyags\u00e1g k\u00e9rd\u00e9sei<\/p>\n\n\n\n<p>A Teremt\u00e9s<\/p>\n\n\n\n<p>Van Swieten b\u00e1r\u00f3 \u00e1ll\u00edt\u00f3lagos zsarnokoskod\u00e1sa<\/p>\n\n\n\n<p>Az \u00f6reg Haydn: a legmodernebb Haydn<\/p>\n\n\n\n<p>Haydn egy m\u0171velt \u00e9s nagyvil\u00e1gi t\u00e1rsas\u00e1gban \u00f6sszes m\u0171veinek \u00e9rtelmez\u0151 katal\u00f3gus\u00e1n gondolkozik, s\u0151t dolgozik<\/p>\n\n\n\n<p>Haydn \u201eromantikus v\u00e1ls\u00e1g\u00e1\u201d-nak eml\u00e9kei<\/p>\n\n\n\n<p>A nagy vallom\u00e1s Erd\u0151dynek a nagy kvartettekr\u0151l<\/p>\n\n\n\n<p>L\u00e1bf\u00e1j\u00f3sak fogadalmi temploma<\/p>\n\n\n\n<p>Haydn hamis hal\u00e1lh\u00edre P\u00e1rizsban<\/p>\n\n\n\n<p>Viszont az \u00e9l\u0151 P\u00e1rizs j\u00f6n el B\u00e9csbe; Nap\u00f3leon \u201ek\u00f6vetei\u201d tisztelegnek az \u00f6reg mestern\u00e9l<\/p>\n\n\n\n<p>\u201eGuten Abend, Herr Haydn!\u201d<\/p>\n","protected":false},"excerpt":{"rendered":"<p>Szentkuthy Mikl\u00f3s: Doktor Haydn Tartalommutat\u00f3 I. Estoraz Esterh\u00e1zy Mikl\u00f3s herceg a ravatalon Haydn elindul a visszaeml\u00e9kez\u00e9s \u00fatj\u00e1n: harminc \u00e9v Mikl\u00f3s herceg inger\u00fclt megjegyz\u00e9sei II. J\u00f3zsef szabadgondolkoz\u00e1s\u00e1r\u00f3l. Ez a Haydn-zen\u00e9t is \u00e9rinti! Haydn \u00e9s a vil\u00e1gt\u00f6rt\u00e9nelem: a papa nem \u00e9lt elef\u00e1ntcsonttoronyban Minek a hal\u00e1lhoz feud\u00e1lis nagysz\u00ednh\u00e1z? A vil\u00e1g egy v\u00edzcseppben: a francia forradalom egy estorazi b\u00e1bsz\u00ednh\u00e1zban [&hellip;]<\/p>\n","protected":false},"author":4,"featured_media":0,"parent":25,"menu_order":1,"comment_status":"closed","ping_status":"closed","template":"","meta":{"footnotes":""},"categories":[3],"class_list":["post-638","page","type-page","status-publish","hentry","category-regenyek"],"_links":{"self":[{"href":"https:\/\/www.szentkuthymiklos.hu\/web\/wp-json\/wp\/v2\/pages\/638","targetHints":{"allow":["GET"]}}],"collection":[{"href":"https:\/\/www.szentkuthymiklos.hu\/web\/wp-json\/wp\/v2\/pages"}],"about":[{"href":"https:\/\/www.szentkuthymiklos.hu\/web\/wp-json\/wp\/v2\/types\/page"}],"author":[{"embeddable":true,"href":"https:\/\/www.szentkuthymiklos.hu\/web\/wp-json\/wp\/v2\/users\/4"}],"replies":[{"embeddable":true,"href":"https:\/\/www.szentkuthymiklos.hu\/web\/wp-json\/wp\/v2\/comments?post=638"}],"version-history":[{"count":1,"href":"https:\/\/www.szentkuthymiklos.hu\/web\/wp-json\/wp\/v2\/pages\/638\/revisions"}],"predecessor-version":[{"id":639,"href":"https:\/\/www.szentkuthymiklos.hu\/web\/wp-json\/wp\/v2\/pages\/638\/revisions\/639"}],"up":[{"embeddable":true,"href":"https:\/\/www.szentkuthymiklos.hu\/web\/wp-json\/wp\/v2\/pages\/25"}],"wp:attachment":[{"href":"https:\/\/www.szentkuthymiklos.hu\/web\/wp-json\/wp\/v2\/media?parent=638"}],"wp:term":[{"taxonomy":"category","embeddable":true,"href":"https:\/\/www.szentkuthymiklos.hu\/web\/wp-json\/wp\/v2\/categories?post=638"}],"curies":[{"name":"wp","href":"https:\/\/api.w.org\/{rel}","templated":true}]}}