{"id":35,"date":"2020-10-03T14:03:38","date_gmt":"2020-10-03T14:03:38","guid":{"rendered":"https:\/\/www.szentkuthymiklos.hu\/web\/?page_id=35"},"modified":"2020-11-02T15:24:31","modified_gmt":"2020-11-02T15:24:31","slug":"utoszo","status":"publish","type":"page","link":"https:\/\/www.szentkuthymiklos.hu\/web\/regenyek\/pendragon-es-xiii-apollo\/utoszo\/","title":{"rendered":"Ut\u00f3sz\u00f3"},"content":{"rendered":"\n<p class=\"has-text-align-center\"><strong>Szentkuthy Mikl\u00f3s: Pendragon \u00e9s XIII. Apoll\u00f3<\/strong><\/p>\n\n\n\n<p class=\"has-text-align-center\">Magvet\u0151, 2009.<br>Tompa M\u00e1ria: Ut\u00f3sz\u00f3<\/p>\n\n\n\n<p>A Pet\u0151fi Irodalmi M\u00fazeum k\u00e9ziratt\u00e1ra \u0151rzi az eddig \u2013 61 \u00e9ven \u00e1t \u2013 kiadatlan k\u00e9ziratot, amely 13 + 125 = \u00f6sszesen 138 foli\u00f3b\u00f3l \u00e1ll.<br>A c\u00edmoldal\u00e1n ez \u00e1ll:<\/p>\n\n\n\n<p class=\"has-text-align-center\"><strong>Pendragon \u00e9s XIII. Apoll\u00f3<br>reg\u00e9ny<br>*<br>1946-47<\/strong><\/p>\n\n\n\n<p>Egy \u00e9ve fejez\u0151d\u00f6tt be a m\u00e1sodik vil\u00e1gh\u00e1bor\u00fa, mikor Szentkuthy elkezdte ezt a furcsa t\u00f6rt\u00e9netet, amely t\u00e1n vad, k\u00edm\u00e9letlen, szesz\u00e9lyes mesereg\u00e9nyk\u00e9nt is felfoghat\u00f3. Mintha menek\u00fclni szeretett volna a h\u00e1bor\u00fa val\u00f3s \u00e9s k\u00f6zeli borzalmait\u00f3l, de nem jutott messzire, a zaklatott t\u00f6rt\u00e9netben minden bizonytalan, a reg\u00e9nyh\u0151s\u00f6k sorsa h\u00e1nyatott. A 13. oldalt\u00f3l a 138. oldalig mindegyik h\u00e1tlapon tartalmi kivonat tal\u00e1lhat\u00f3 (melyet itt a margin\u00e1lisra illesztettem), \u00e9s rajtuk is \u00e9rezhet\u0151 \u2013 a reg\u00e9ny viharos kavalk\u00e1dj\u00e1val \u00f6sszhangban \u2013 az \u00edr\u00f3 saj\u00e1t zaklatotts\u00e1ga. Teh\u00e1t \u00e9rdemes a t\u00f6m\u00f6r kis sz\u00f6vegekr\u0151l n\u00e9h\u00e1ny sz\u00f3t sz\u00f3lni.<\/p>\n\n\n\n<p>Ennek a tartalmi kivonatnak egyik k\u00fcl\u00f6nlegess\u00e9ge, hogy a sz\u00f6veghez az \u00edr\u00f3 napl\u00f3szer\u0171 bejegyz\u00e9seket is hozz\u00e1tett, megnevezi az \u00e9ppen sz\u00f3ban forg\u00f3 szerepl\u0151 modellj\u00e9t, pl. 72. f\u00f3li\u00f3n: \u201ea Habd\u00e1k-suszter alakja\u2026\u201d, 92. f\u00f3li\u00f3n: \u201ea felcser figur\u00e1ja = Reichardt borb\u00e9ly Enyedi-utcai gyerek-koromb\u00f3l: 30 \u00e9v\u2026\u201d. E k\u00e9t figura megtal\u00e1lhat\u00f3 a Frivolit\u00e1sok \u00e9s hitvall\u00e1sok c. \u00f6n\u00e9letrajzi visszaeml\u00e9kez\u00e9sekben (Magvet\u0151 kiad\u00f3, 1988). Habd\u00e1k suszter Budapest ostrom\u00e1nak eml\u00e9k\u00e9hez kapcsol\u00f3dik, mikor Szentkuthy a v\u00e1rban l\u00e9g\u00f3-parancsnok volt. A tartalmi kivonat pikant\u00e9ri\u00e1ja m\u00e9g az is, hogy saj\u00e1t \u00edr\u00e1s\u00e1t b\u00edr\u00e1lja, n\u00e9ha el\u00e9g brut\u00e1lisan: \u201eminek ez? h\u00fclye\u2026\u201d; vagy: \u201epokoli h\u00fclyes\u00e9g ezeket a dolgokat itt \u00e9s ily szemet\u00fcl le\u00edrni!\u201d (ez ut\u00f3bbi a 67. f\u00f3li\u00f3 h\u00e1toldal\u00e1n van, \u00e9s ahhoz a r\u00e9szhez illeszkedik, amelyben XIII. Apoll\u00f3 gy\u00f3nik a fiatal p\u00e1p\u00e1nak Pendragon sz\u00e9ps\u00e9g\u00e9r\u0151l \/Betta sz\u00e9ps\u00e9g\u00e9r\u0151l\/, \u00e9s fi\u00e1nak \/P\u00e9ternek\/ megjelen\u00e9s\u00e9r\u0151l). A tartalmi kivonatok harmadik \u00e9s egyben f\u0151 pikant\u00e9ri\u00e1ja az, hogy bel\u0151l\u00fck egy\u00e9rtelm\u0171en kider\u00fcl: a reg\u00e9ny k\u00f6zepe t\u00e1j\u00e1n vill\u00e1mk\u00e9nt lecsap\u00f3 dr\u00e1mai fordulatt\u00f3l kezdve Pendragon modellje Betta lett, akit abban az id\u0151ben Szentkuthyhoz szoros bar\u00e1ts\u00e1g \u00e9s szerelmi viszony f\u0171z\u00f6tt.<\/p>\n\n\n\n<p>Hogy csak n\u00e9h\u00e1nyat eml\u00edts\u00fcnk: 93. f\u00f3li\u00f3n: [Betta mit mondott Reichardt borb\u00e9lynak?\u2026]; 100. f\u00f3li\u00f3n: [Betta sz\u00ednes f\u00e9nyk\u00e9pei a modellek]; 101. f\u00f3li\u00f3n: [Betta 2 sz\u00ednes f\u00e9nyk\u00e9p\u00e9nek tov\u00e1bbi \u201edithirambic analysis\u201d-e]; 102. f\u00f3li\u00f3n: [Betta-portr\u00e9 v\u00e9ge]. Ezeken a napl\u00f3szer\u0171 bejegyz\u00e9seken \u00e9rezhet\u0151, hogy Szentkuthy saj\u00e1t mag\u00e1nak k\u00e9sz\u00edtette, \u00e9s nem hagyta volna benne a v\u00e9gleges sz\u00f6vegben. \u00c9n viszont benne hagytam, sz\u00f6gletes z\u00e1r\u00f3jelek k\u00f6z\u00e9 helyezve a tartalmi kivonatokban, melyek a margin\u00e1lison tal\u00e1lhat\u00f3k, mert \u00fagy \u00e9rzem, a reg\u00e9nnyel szoros \u00f6sszef\u00fcgg\u00e9sben \u00e1llnak. Viszont st\u00edlusbeli, sokszor vitriolos \u00f6nb\u00edr\u00e1latait m\u00e1r nem vettem bele, mert nem illeszkednek l\u00e9nyegileg a t\u00f6rt\u00e9nethez.<\/p>\n\n\n\n<p>A \u201eSz\u00e9ps\u00e9g\u201d teh\u00e1t szorosan kapcsol\u00f3dik a Pendragon-Betta kett\u0151s figur\u00e1hoz. Mint vez\u00e9rfonal, a sz\u00e9ps\u00e9g sokszor felbukkan Szentkuthy \u00e9letm\u0171v\u00e9ben, \u00e9s itt is a legsz\u00e9ls\u0151s\u00e9gesebb t\u00e1vlatokba vonja az olvas\u00f3t. A reg\u00e9ny ezzel kezd\u0151dik: \u201eUther Pendragonr\u00f3l sokan azt mondt\u00e1k, hogy sz\u00e9p volt, mint J\u00e9zus\u2026\u201d . Azt\u00e1n a sz\u00e9ps\u00e9g a szakr\u00e1lis magaslatokb\u00f3l \u2013 hol k\u00edm\u00e9letlen, hol esend\u0151 \u2013 emberi szintre sz\u00e1ll le, majd a reg\u00e9ny k\u00f6zepe t\u00e1j\u00e1n a s\u00e1t\u00e1n munk\u00e1lkod\u00e1sa r\u00e9v\u00e9n a pokol szintj\u00e9n \u201evir\u00e1gzik\u201d tov\u00e1bb, \u00e9s fert\u0151zi a szerelm\u00e9ben fuldokl\u00f3 v\u00e9n Apoll\u00f3-Fiorai\u00f3t. Pendragon kir\u00e1ly gy\u00f6ny\u00f6r\u0171 n\u0151v\u00e9 v\u00e1ltozik \u00e1t, \u00e9s ez a gy\u00f6ny\u00f6r\u0171 n\u0151 maga a s\u00e1t\u00e1n! \u00cdgy le\u00edrva nagyon s\u00falyosnak \u00e9s h\u00e1tborzongat\u00f3nak t\u0171nik ez a fordulat. \u00c9s sok sz\u00f6rny\u0171 csap\u00e1s is sz\u00e1rmazik bel\u0151le. De ha felid\u00e9zz\u00fck a Frivolit\u00e1sok \u00e9s hitvall\u00e1sok azon r\u00e9szeit, melyekben Szentkuthy elmes\u00e9li, milyen hiper-fant\u00e1zi\u00e1s j\u00e1t\u00e9kokat folytattak szinte naponta Bett\u00e1val, kettesben, annak lak\u00e1s\u00e1n, a 40-es \u00e9vek elej\u00e9n (hogy n\u00e9h\u00e1ny pillanatra feledj\u00e9k a h\u00e1bor\u00fa fenyeget\u00e9s\u00e9t), akkor meseszer\u0171bb hangulatot kap ez a furcsa v\u00e1lt\u00e1s: gy\u00f6ny\u00f6r\u0171 ifj\u00fa kir\u00e1lyb\u00f3l egy gy\u00f6ny\u00f6r\u0171 s\u00e1t\u00e1ni n\u0151! Hogy Szentkuthynak mekkora affinit\u00e1sa volt a fant\u00e1zi\u00e1s j\u00e1t\u00e9kok sz\u00ednpadias m\u0171faj\u00e1hoz, arr\u00f3l megannyi helyen olvashatunk (pl. = Szentkuthy Mikl\u00f3s, \u00edr\u00f3 \u00e9s kom\u00e9di\u00e1s\u2026 \u2013 B\u00e1nyai G\u00e1bor riportja; a Bianca Lanza di Casalanza c. reg\u00e9nye). De id\u00e9zz\u00fck itt Az egyetemess\u00e9g vonz\u00e1s\u00e1ban c. riportot (Az \u00e9let faggatottja, Hamvas Int\u00e9zet, 2007.); a 94. oldalon saj\u00e1t maga jellemz\u00e9s\u00e9nek harmadik szem\u00e9lyben adott hossz\u00fa list\u00e1j\u00e1n t\u00f6bbek k\u00f6z\u00f6tt ez \u00e1ll: \u201e\u2026 \u00e9vek hossz\u00fa-hossz\u00fa sor\u00e1n bar\u00e1taival \u00e9s bar\u00e1tn\u0151ivel szinte naponta commedia dell\u2019art\u00e9kat tal\u00e1lt ki, j\u00e1tszott \u00e9s rendezett; ennek leger\u0151sebb nyomai tal\u00e1lhat\u00f3k m\u0171veiben.\u201d Szentkuthyt olvasv\u00e1n a sz\u00e9ps\u00e9g, mint t\u00e9ma az\u00e9rt is \u00e9rdekes, mert t\u00f6rt\u00e9neteiben nagyon hangs\u00falyosan \u00e9s sokszor \u00fctk\u00f6zteti a k\u00fcls\u0151 emberi sz\u00e9ps\u00e9get \u00e9s a bels\u0151, lelki sz\u00e9ps\u00e9get, kvalit\u00e1st. Illetve ezeknek ellenkez\u0151j\u00e9t. Ebben a reg\u00e9nyben is a fant\u00e1zi\u00e1s j\u00e1t\u00e9k nem feledteti vel\u00fcnk azt, hogy a v\u00e9n Fioraio, XIII. Apoll\u00f3 mennyi szenved\u00e9sen megy kereszt\u00fcl annak az \u0151r\u00fclt hajsz\u00e1nak a folyam\u00e1n, melyet az emberi j\u00f3s\u00e1g, a szeretet, a boldogs\u00e1g ut\u00e1n tesz meg vakon \u2013 \u00e9s tal\u00e1n eleve vesztett harcosk\u00e9nt. M\u00e1r a Prae-ben igen sokszor \u00e9s m\u00e9lyre men\u0151en analiz\u00e1lja a sz\u00e9ps\u00e9get Szentkuthy. Azt\u00e1n a Fekete Renesz\u00e1nsz bevezet\u0151 szent\u00e9letrajza, hogyan indul? \u2013 \u201eSzent Dunszt\u00e1n sug\u00e1rz\u00f3an sz\u00e9p ifj\u00fa volt, \u00e9s eszess\u00e9ge, intellektusa, m\u0171velts\u00e9ge \u00e9ppoly messze sug\u00e1rz\u00f3 volt. Ez a kett\u0151ss\u00e9g, az adoniszi feminin b\u00e1j \u00e9s az eg\u00e9sz akkori kult\u00fara (\u00cdrorsz\u00e1gt\u00f3l Indi\u00e1ig) birtokl\u00e1sa: igen nagy \u00e9s v\u00e9gzetes bels\u0151 harcokat id\u00e9zett el\u0151 benne.\u201d M\u00e9g eml\u00edthetn\u00e9nk a sz\u00e9ps\u00e9ggel kapcsolatban a Narcisszusz t\u00fckr\u00e9nek f\u0151h\u0151s\u00e9t, na\u00edv csapd\u00e1it, sz\u00e9ps\u00e9ge \u00e9s okoss\u00e1ga, gondolkod\u00f3 hajlama miatt \u00e1t\u00e9lt sok-sok viszontags\u00e1g\u00e1t; vagy a m\u00e1ig kiadatlan Io Atlantica c\u00edm\u0171 reg\u00e9ny f\u0151szerepl\u0151j\u00e9t, aki szint\u00e9n sz\u00e9p volt, de mennyire sz\u00e9p! Bizony\u00e1ra szerepet j\u00e1tszott az is, hogy a 20 \u00e9ves kor\u00e1ig \u201ebandzsa kisfi\u00fa\u201d sok b\u00e1natot \u00e9lt \u00e1t saj\u00e1t v\u00e9lt cs\u00fanyas\u00e1ga miatt. Azt\u00e1n fel\u00fclkerekedett benne a bizony\u00edt\u00e1si v\u00e1gy: egy rendk\u00edv\u00fcl kifinomult, komplex udvarl\u00e1si m\u00f3dszert dolgozott ki (melynek l\u00e9nyege az, hogy az \u00f6nz\u00e9snek egy cseppnyi jel\u00e9t sem mutatta, mindig a h\u00f6lgynek kedvezett, \u0151t emelte piedeszt\u00e1lra); \u00e9s ezzel nemcsak r\u00f6vid szerelmi viszonyokat tudhatott mag\u00e1\u00e9nak, hanem, csod\u00e1k csod\u00e1ja, hossz\u00fa \u00e9vtizedekig tart\u00f3, m\u00e9ly szereteten alapul\u00f3 bar\u00e1ti kapcsolatokat is, \u2013 melyeknek \u00e9n is tan\u00faja voltam. A \u201ed\u00e9moni\u201d \u00e9s a \u201egyermeki\u201d dualit\u00e1sa, ez a komplex jellemvon\u00e1s leolvashat\u00f3 a 30-as, 40-es \u00e9vekben k\u00e9sz\u00fclt fot\u00f3in, melyeken a cs\u00fanyas\u00e1g\u00e1t mintha elf\u00fajta volna a sz\u00e9l, mint egy rossz \u00e1lmot, \u2013 tal\u00e1n ez volt \u00f6nismeret\u00e9nek, sokszor elt\u00falzott, \u00f6nostoroz\u00f3 \u00f6nkritik\u00e1inak jutalma?<\/p>\n\n\n\n<p>A \u201ed\u00e9moni\u201d \u00e9s a \u201egyermeki\u201d kett\u0151ss\u00e9g\u00e9t Szentkuthy belepl\u00e1nt\u00e1lta XIII. Apoll\u00f3 jellem\u00e9be is, s\u0151t f\u0151 von\u00e1sak\u00e9nt t\u0171nteti fel, \u00e9s tal\u00e1n erre a kett\u0151ss\u00e9gre lehet felf\u0171zni a reg\u00e9ny cselekm\u00e9ny\u00e9nek cik\u00e1z\u00e1sait.<\/p>\n\n\n\n<p>Az utols\u00f3, a 125. f\u00f3li\u00f3 h\u00e1tlapj\u00e1n \u2013 a tartalmi kivonat mellett \u2013 olvashat\u00f3, hogy 1947. j\u00falius 31.-\u00e9n \u00edrta le az utols\u00f3 mondatot. De r\u00f6gt\u00f6n felr\u00e9mlik benn\u00fcnk \u201eTrumcsi b\u00e1csi\u201d kocsmakertje is, amely szerepel szint\u00e9n valamelyik f\u00f3li\u00f3n, \u00e9s ahova Szentkuthy reggelenk\u00e9nt lej\u00e1rt\u2026 nemcsak inni, de f\u0151leg \u00edrni! A k\u00f6vetkez\u0151 kis realista-naturalista jegyzet olvashat\u00f3 a fent eml\u00edtett d\u00e1tum f\u00f6l\u00f6tt:<\/p>\n\n\n\n<p><em>2 f\u00e9ldeci<br>1 piccolo<br>2 fr\u00f6ccs + 1 fr\u00f6ccs + 1 fr\u00f6ccs = 4 fr\u00f6ccs<br>reggel = 3 f\u00e9ldeci + 1 buci<br>(t\u00f6r\u00e9s = \/sz\u00e9l!\/ = 1 f\u00e9ldecis + 1 piccol\u00f3s poh\u00e1r<br>1947. j\u00falius 31. cs\u00fct\u00f6rt\u00f6k de. = \u201eBudagy\u00f6ngye\u201d ad\u00f3ss\u00e1g!<\/em><\/p>\n\n\n\n<p>Ennek a furcsa mese-reg\u00e9nynek t\u00falz\u00e1sai Szentkuthy h\u00e1bor\u00fa ut\u00e1ni \u00e9let\u00e9rz\u00e9s\u00e9ben, \u00e9s az akkori romos, alig \u00e9led\u0151 \u00e9let folyamat\u00e1ban keletkeztek; egy r\u00f6vid szakasz kiragad\u00e1sa ez az \u00e9let imperfectum v\u00e9gtelens\u00e9g\u00e9b\u0151l, a befejezetlens\u00e9gr\u0151l teh\u00e1t nemigen \u00e9rdemes sz\u00f3t ejteni. Hogy mi t\u00f6rt\u00e9nik ezut\u00e1n XIII. Apolll\u00f3val vagy Pendragonnal, \u2013 \u00e9rdekes ez? \u2013 a szerepl\u0151k \u00e9s az esem\u00e9nyek azt sugallj\u00e1k, hogy minden ideiglenes, sebezhet\u0151 \u00e9s hal\u00e1lra \u00edt\u00e9lt ezen a vil\u00e1gon. Az az \u00e9rdekes, ami eddig t\u00f6rt\u00e9nt vel\u00fck. Itt (mint a Szent Lajos kir\u00e1ly h\u00eddj\u00e1n meghalt embereknek) v\u00e9get \u00e9r \u201eh\u0151si\u201d k\u00fcldet\u00e9s\u00fck. A m\u00e1r-m\u00e1r alig l\u00e9tez\u0151, csontt\u00e1 sov\u00e1nyodott XIII. Apoll\u00f3, v\u00e9n Fioraio egy kir\u00e1lyi temet\u00e9st besz\u00e9l el, \u00e9s ezzel a t\u00f6rt\u00e9net lehalkul, elfogy, elsz\u00e1ll.<\/p>\n\n\n\n<p>2008. m\u00e1rcius<\/p>\n\n\n\n<figure class=\"wp-block-gallery columns-1 is-cropped wp-block-gallery-1 is-layout-flex wp-block-gallery-is-layout-flex\"><ul class=\"blocks-gallery-grid\"><li class=\"blocks-gallery-item\"><figure><img loading=\"lazy\" decoding=\"async\" width=\"550\" height=\"790\" src=\"https:\/\/www.szentkuthymiklos.hu\/web\/wp-content\/uploads\/2020\/10\/apollo-utoszo.jpg\" alt=\"\" data-id=\"245\" data-full-url=\"https:\/\/www.szentkuthymiklos.hu\/web\/wp-content\/uploads\/2020\/10\/apollo-utoszo.jpg\" data-link=\"https:\/\/www.szentkuthymiklos.hu\/web\/regenyek\/pendragon-es-xiii-apollo\/utoszo\/apollo-utoszo\/\" class=\"wp-image-245\" srcset=\"https:\/\/www.szentkuthymiklos.hu\/web\/wp-content\/uploads\/2020\/10\/apollo-utoszo.jpg 550w, https:\/\/www.szentkuthymiklos.hu\/web\/wp-content\/uploads\/2020\/10\/apollo-utoszo-209x300.jpg 209w\" sizes=\"auto, (max-width: 550px) 100vw, 550px\" \/><figcaption class=\"blocks-gallery-item__caption\"><em>Szentkuthy Mikl\u00f3s<\/em><\/figcaption><\/figure><\/li><\/ul><\/figure>\n","protected":false},"excerpt":{"rendered":"<p>Szentkuthy Mikl\u00f3s: Pendragon \u00e9s XIII. Apoll\u00f3 Magvet\u0151, 2009.Tompa M\u00e1ria: Ut\u00f3sz\u00f3 A Pet\u0151fi Irodalmi M\u00fazeum k\u00e9ziratt\u00e1ra \u0151rzi az eddig \u2013 61 \u00e9ven \u00e1t \u2013 kiadatlan k\u00e9ziratot, amely 13 + 125 = \u00f6sszesen 138 foli\u00f3b\u00f3l \u00e1ll.A c\u00edmoldal\u00e1n ez \u00e1ll: Pendragon \u00e9s XIII. Apoll\u00f3reg\u00e9ny*1946-47 Egy \u00e9ve fejez\u0151d\u00f6tt be a m\u00e1sodik vil\u00e1gh\u00e1bor\u00fa, mikor Szentkuthy elkezdte ezt a furcsa t\u00f6rt\u00e9netet, [&hellip;]<\/p>\n","protected":false},"author":2,"featured_media":0,"parent":31,"menu_order":2,"comment_status":"closed","ping_status":"closed","template":"","meta":{"footnotes":""},"categories":[3],"class_list":["post-35","page","type-page","status-publish","hentry","category-regenyek"],"_links":{"self":[{"href":"https:\/\/www.szentkuthymiklos.hu\/web\/wp-json\/wp\/v2\/pages\/35","targetHints":{"allow":["GET"]}}],"collection":[{"href":"https:\/\/www.szentkuthymiklos.hu\/web\/wp-json\/wp\/v2\/pages"}],"about":[{"href":"https:\/\/www.szentkuthymiklos.hu\/web\/wp-json\/wp\/v2\/types\/page"}],"author":[{"embeddable":true,"href":"https:\/\/www.szentkuthymiklos.hu\/web\/wp-json\/wp\/v2\/users\/2"}],"replies":[{"embeddable":true,"href":"https:\/\/www.szentkuthymiklos.hu\/web\/wp-json\/wp\/v2\/comments?post=35"}],"version-history":[{"count":4,"href":"https:\/\/www.szentkuthymiklos.hu\/web\/wp-json\/wp\/v2\/pages\/35\/revisions"}],"predecessor-version":[{"id":474,"href":"https:\/\/www.szentkuthymiklos.hu\/web\/wp-json\/wp\/v2\/pages\/35\/revisions\/474"}],"up":[{"embeddable":true,"href":"https:\/\/www.szentkuthymiklos.hu\/web\/wp-json\/wp\/v2\/pages\/31"}],"wp:attachment":[{"href":"https:\/\/www.szentkuthymiklos.hu\/web\/wp-json\/wp\/v2\/media?parent=35"}],"wp:term":[{"taxonomy":"category","embeddable":true,"href":"https:\/\/www.szentkuthymiklos.hu\/web\/wp-json\/wp\/v2\/categories?post=35"}],"curies":[{"name":"wp","href":"https:\/\/api.w.org\/{rel}","templated":true}]}}