{"id":33,"date":"2020-10-03T14:03:19","date_gmt":"2020-10-03T14:03:19","guid":{"rendered":"https:\/\/www.szentkuthymiklos.hu\/web\/?page_id=33"},"modified":"2020-11-02T15:24:30","modified_gmt":"2020-11-02T15:24:30","slug":"reszlet","status":"publish","type":"page","link":"https:\/\/www.szentkuthymiklos.hu\/web\/regenyek\/pendragon-es-xiii-apollo\/reszlet\/","title":{"rendered":"R\u00e9szlet"},"content":{"rendered":"\n<p class=\"has-text-align-center\"><strong>Szentkuthy Mikl\u00f3s: Pendragon \u00e9s XIII. Apoll\u00f3.<br><\/strong>Magvet\u0151, 2009.<br>reg\u00e9nyr\u00e9szlet<br>1946-47<\/p>\n\n\n\n<p class=\"has-text-align-right\"><em>Uther Pendragon sz\u00e9ps\u00e9ge<br>J\u00e9zus a biz\u00e1nci mozaikokon p\u00e1sztor<\/em><\/p>\n\n\n\n<p>Uther Pendragonr\u00f3l sokan azt mondt\u00e1k, hogy sz\u00e9p volt, mint J\u00e9zus. Az udvar\u00e1ban volt egy eg\u00e9szen fiatal k\u00e1pl\u00e1n, s\u00e1padt \u00e9s izzadt, mint a korai r\u00fcgyek \u00e1ltal\u00e1ban, aki rettenetesen felh\u00e1borodott ezen a hasonlaton, mondv\u00e1n, hogy J\u00e9zusnak semmi k\u00f6ze a sz\u00e9ps\u00e9ghez, J\u00e9zus a j\u00f3s\u00e1g \u00e9s igazs\u00e1g embere. A sz\u00e9ps\u00e9g a ringy\u00f3 Magdoln\u00e1k, az \u00f6rd\u00f6g \u00e1ltal dirig\u00e1lt term\u00e9szet \u00e9s a pipacslelk\u0171, m\u00e1konysz\u00e1j\u00fa k\u00f6lt\u0151k dolga. Uther Pendragon ezt be is l\u00e1tta, hi\u00fas\u00e1g\u00e1nak m\u00e9gis h\u00edzelgett a dolog.<\/p>\n\n\n\n<p>Egy\u00e9bk\u00e9nt volt egy biz\u00e1nci k\u00f6vete, aki \u2013 miut\u00e1n a biz\u00e1nci udvarban tanult, misztikus-szakr\u00e1lis k\u00e9pmutat\u00e1ssal v\u00e9gighallgatta a gyertyaszer\u0171en izzadt, \u00e9s betegesen lelkes kis k\u00e1pl\u00e1n tir\u00e1d\u00e1j\u00e1t \u2013 el\u00e1rulta Pendragon kir\u00e1lynak, hogy n\u00e1luk, Biz\u00e1ncban, ami elv\u00e9gre f\u00f6ldrajzilag is k\u00f6zelebb van Jeruzs\u00e1lemhez, mint London, J\u00e9zust nem \u00e1br\u00e1zolj\u00e1k szak\u00e1llal \u00e9s szenved\u0151n: egy isten k\u00fcl\u00f6nben sem szenvedhet, \u00e9s csakis fiatal \u00e9s sz\u00e9p lehet. \u00d3, l\u00e1tn\u00e1 csak Uther Pendragon kir\u00e1ly a biz\u00e1nci mozaikokat, ahol J\u00e9zus ifj\u00fa p\u00e1sztor, a reg\u00e9nyes Chlo\u00e9 okvetlen\u00fcl \u00f6sszet\u00e9veszten\u00e9 Daphnisszal, a f\u00e9lig sznob, f\u00e9lig \u00e1br\u00e1ndos g\u00f6r\u00f6g\u00f6k meg Dion\u00fcszosszal. Ami pedig a t\u00f6rt\u00e9n\u00e9szeket illeti, nagy vita volt egyszer a cs\u00e1sz\u00e1r s\u00e1tor\u00e1ban, mikor valami kis\u00e1zsiai v\u00e1rost siker\u00fclt hossz\u00fa ostrom ut\u00e1n bevenni\u00fck: a v\u00e1ros egyik templom\u00e1ban \u00e1ll\u00f3 szobor vajon Nagy S\u00e1ndort vagy J\u00e9zust \u00e1br\u00e1zolja?<\/p>\n\n\n\n<p class=\"has-text-align-right\"><em>Szent P\u00e1lt istenk\u00e9nt im\u00e1dt\u00e1k Sz\u00edri\u00e1ban<\/em><\/p>\n\n\n\n<p>Hiszen nem eml\u00e9kszik-e Uther Pendragon \u0151fels\u00e9ge \u2013 folytatta a biz\u00e1nci k\u00f6vet, mik\u00f6zben f\u00e9lig megvet\u0151 k\u00f6nnyeds\u00e9ggel, f\u00e9lig meg szinte komikus \u00f3vatoss\u00e1ggal kin\u00e9zett az ablakon, hogy el\u00e9g messze j\u00e1r-e m\u00e1r az udvar viasz-arom\u00e1j\u00fa \u00e9s z\u00f6ldf\u00fcl\u0171 fanatikusa \u2013 nem eml\u00e9kszik-e, hogy Szent P\u00e1l apostolt, mikor egy mitol\u00f3gi\u00e1t\u00f3l m\u00e9lyen \u00e1t meg \u00e1titatott sz\u00edriai vagy kappad\u00f3ciai v\u00e1rosban j\u00e1rt, a lakosok istennek n\u00e9zt\u00e9k! Nem izgatta \u0151ket a tan\u00edt\u00e1s, mivel bizony\u00e1ra sokkal vall\u00e1sosabb ked\u00e9ly\u0171ek voltak, semhogy egy \u201etanra\u201d csak pillanatnyi figyelmet is pazaroltak volna. Ink\u00e1bb nekirohantak, let\u00e9ptek r\u00f3la minden ruh\u00e1t, meztelen\u00fcl a piact\u00e9rre hurcolt\u00e1k, ahol egy rak\u00e1son volt a k\u00fat, a v\u00e1rosh\u00e1za, a marhaitat\u00f3 \u00e9s a rosszl\u00e1nyok napraforg\u00f3s h\u00e1za, \u00e9s \u00fagy im\u00e1dt\u00e1k, akarata ellen\u00e9re, csak az\u00e9rt, mert pokolian \u00e9s mennyeien, s\u00e1t\u00e1ni m\u00f3don \u00e9s Szophokl\u00e9sz legszebb versei szerint sz\u00e9p volt.<\/p>\n\n\n\n<p class=\"has-text-align-right\"><em>J\u00e9zus naturalista \u00e1br\u00e1zol\u00e1sa<\/em><\/p>\n\n\n\n<p>A biz\u00e1nci k\u00f6vet olyan h\u00edzelg\u0151 dolgokat mondott a kir\u00e1lynak, miszerint az evang\u00e9lium \u00f6nk\u00ednz\u00f3 gy\u00f6ng\u00e9ds\u00e9g\u00e9t \u00e9s Nagy S\u00e1ndor India-puszt\u00edt\u00f3 zsarnokoskod\u00e1s\u00e1t, Szent P\u00e1l lappang\u00f3 k\u00e1lvinizmus\u00e1t (a kir\u00e1ly val\u00f3sz\u00edn\u0171leg egy m\u00e1sik, de ugyanezt jelent\u0151 sz\u00f3t haszn\u00e1lt), \u00e9s Dion\u00fcszosz v\u00f6r\u00f6s f\u00fcrt\u00f6s, sz\u0151l\u0151haj\u00fa sz\u00e9ps\u00e9g\u00e9t egybe lehetne kapcsolni, an\u00e9lk\u00fcl, hogy az Egyh\u00e1zat megs\u00e9rten\u00e9 (csup\u00e1n egy t\u00falbuzg\u00f3, neurotikus-szag\u00fa kis diak\u00f3nus h\u00fazta fel tapasztalatlan orrocsk\u00e1j\u00e1t). Mik\u00f6zben Pendragon ezeket a kozmetikus kellemmel hangz\u00f3 konstantin\u00e1polyi elmefuttat\u00e1sokat hallgatta, saj\u00e1t mag\u00e1t n\u00e9zte egy f\u00e9lig hom\u00e1lyban \u00e1ll\u00f3 \u00f3ri\u00e1si t\u00fck\u00f6rben, melyben a kir\u00e1ly el\u0151tt m\u00e1r a Park \u0151serdeje is r\u00e9g\u00f3ta f\u00fcrdette mag\u00e1t, s\u00f6t\u00e9tz\u00f6ld \u00e9s \u00e1rny\u00e9k, m\u00e9lyv\u00edzi aranycik\u00e1z\u00e1s \u00e9s egy p\u00e1r surran\u00f3 mad\u00e1r sz\u00edneiben. Majd egy kis manik\u0171r-asztalon \u00e1ll\u00f3 fesz\u00fcletre n\u00e9zett, melyen Krisztus a szadisztikus val\u00f3s\u00e1g\u00e9hs\u00e9g \u00e9s hal\u00e1lt\u00e1nc-fant\u00e1zia minden durvas\u00e1g\u00e1val volt \u00e1br\u00e1zolva: a bord\u00e1k ki\u00e1lltak a b\u0151rb\u0151l, mint egy t\u00e1ny\u00e9ron felejtett villa \u00e1gai, a has meg beesett, ak\u00e1r a kocsisok behorpasztott kalapja, mikor elalszanak a kocsmaasztal mellett (\u2026 \u00e9s lel\u00f3gatj\u00e1k fej\u00fcket az olajl\u00e1mp\u00e1s al\u00e1, \u00fagyhogy ez k\u00e9nyelmesen bele tudja rakni kalapjukba az \u00e1rnyakat, ak\u00e1r egy mad\u00e1r a toj\u00e1sait).<\/p>\n\n\n\n<p class=\"has-text-align-right\"><em>Tintagel herceg gy\u0171l\u00f6li Pendrgont<\/em><\/p>\n\n\n\n<p>\u201eSz\u00e9p vagyok, mint J\u00e9zus \u2013 mondogatta mag\u00e1ban, f\u00e9lig k\u00e9jjel, f\u00e9lig b\u0171ntudattal (ami egy\u00e9bk\u00e9nt megint csak k\u00e9j volt) \u2013, ezt mondj\u00e1k a n\u0151k \u00e9s ez a f\u00e9l-teol\u00f3g, f\u00e9l-piperk\u0151c, f\u00e9l-eunuch, f\u00e9l-k\u00e9m biz\u00e1nci mozaik-modell\u201d. \u00c9s megint a t\u00fck\u00f6rbe n\u00e9zett, \u00e9s megint a manik\u00fcr-asztal borzalmas fa-Krisztus\u00e1ra. \u201eBizony\u00e1ra ez\u00e9rt gy\u0171l\u00f6l engem Tintagel hercege. Mert okkal nem gy\u0171l\u00f6lhette, ahogy \u00e9rtelmes okkal senkit sem gy\u0171l\u00f6lt m\u00e9g soha senki: szagokat, sz\u00edneket, kifejezhetetlen apr\u00f3 \u00e1rnyalati m\u00e1ss\u00e1gokat gy\u0171l\u00f6l\u00fcnk, ha ugyan nem \u00e9ppen ezt kell-e a legokszer\u0171bb oknak nevezn\u00fcnk.<\/p>\n\n\n\n<p>Ez a Tintagel herceg nem messze lakott Pendragon kir\u00e1ly v\u00e1r\u00e1t\u00f3l, \u00e9s tudta j\u00f3l, a n\u0151k \u00fagy emlegetik a kir\u00e1lyt, hogy sz\u00e9p, mint J\u00e9zus. \u00c9s eml\u00e9kezett r\u00e1, hogy egyszer febru\u00e1rban nagymise volt a Westminster templom\u00e1ban, \u00e9s a kir\u00e1ly ott \u00fclt az olt\u00e1r mellett, olyan pomp\u00e1ban, tr\u00f3nuson, legyez\u0151kkel, r\u00e9szeg\u00edt\u0151 sz\u00e9ps\u00e9g\u0171 h\u00f6lgyekkel k\u00f6r\u00fclv\u00e9ve, hogy a Canterbury \u00e9rsek hi\u00e1ba ny\u00fajtotta magasba nyolcvan \u00e9ves aszott karjaival \u2013 melyekr\u0151l v\u00e1llig visszahullt a k\u00f3rh\u00e1z-feh\u00e9r miseing \u2013 az olt\u00e1riszents\u00e9get. Mindenki csak Pendragon kir\u00e1lyt l\u00e1tta, Turner festm\u00e9nyein l\u00e1that\u00f3 naplemente-v\u00f6r\u00f6s vagy aranyhal-piros haj\u00e1val, h\u00f3feh\u00e9r b\u0151r\u00e9vel (ideggyenge fi\u00fak ilyen s\u00e1padtak, ha forr\u00f3 f\u00fcrd\u0151b\u0151l vannak kil\u00e9p\u0151ben), kez\u00e9ben az aranyalma \u00e9s a jogar, mereven, s\u0151t h\u00fcly\u00e9n, ak\u00e1rcsak egy cser\u00e9pbe dugott puhafa kar\u00f3, melyre tal\u00e1n k\u00e9t-h\u00e1rom h\u00f3nap m\u00falva r\u00e1 fog futni valami konyhan\u00f6v\u00e9ny. \u00c9s akkor Tintagel feles\u00e9ge sem a mennyezetr\u0151l cs\u00fcng\u0151 \u00f6r\u00f6km\u00e9csest, fesz\u00fcletet n\u00e9zte, vagy m\u00e1s eff\u00e9l\u00e9t, hanem a feh\u00e9r ruh\u00e1s, t\u0171zliliomfej\u0171 kir\u00e1lyt, aki olyan volt ebben a pillanatban, mint Magdalai M\u00e1ria vagy Magdolna (\u0151 soha de soha nem fogja megb\u00e1nni a b\u0171neit, mert a b\u0171n nem b\u00e1nhatja meg \u00f6nmag\u00e1t, mert ahogy a pipacs is csak pipacs marad m\u00e9g az ap\u00e1c\u00e1k kertj\u00e9ben is).<\/p>\n\n\n\n<p class=\"has-text-align-right\"><em>a f\u00e9lt\u00e9keny Tintagel herceg,<br>feles\u00e9ge: Igraine;<br>sz\u00e9ps\u00e9g, szomor\u00fas\u00e1g, m\u0171v\u00e9szet, nihil<\/em><\/p>\n\n\n\n<p>Tintagel herceg nem volt cs\u00fanya, szemben a kir\u00e1ly s\u00e1t\u00e1ni-paradicsomi sz\u00e9ps\u00e9g\u00e9vel, nem: sokkal nagyobb baj volt vele, ami sokkal nehezebben is tudja felvenni a versenyt a sz\u00e9ps\u00e9ggel \u2013 sz\u00fclet\u00e9s\u00e9t\u0151l fogva szomor\u00fa volt. B\u00faskomor, spleenes, t\u00fal\u00e9rz\u00e9keny, kedvetlen, rem\u00e9nytelen. Feles\u00e9ge, Igraine szerette ezt a szomor\u00fas\u00e1got, \u00fagy \u00e9rezte, hogy a mis\u00e9ben az Isten is szomor\u00fa, a f\u00e9szek m\u00e9ly\u00e9n a l\u00e1zas-meleg toj\u00e1sok is szomor\u00faak, Anglia t\u00f6rt\u00e9nelme is szomor\u00fa, vagy hogy r\u00f6videbbek legy\u00fcnk, minden szomor\u00fa. Teh\u00e1t a f\u00e9rje, ezzel a k\u00f6lt\u0151i-dekadens \u00e9s nem annyira k\u00f6z\u00e9pkori, mint ink\u00e1bb a szecesszi\u00f3s P\u00e1rizsba ill\u0151 b\u00e1nat\u00e1val nagyon is beleillik a vil\u00e1g fak\u00f3, \u00e9s c\u00e9ltalan gobelinj\u00e9be. Viszont n\u0151 is volt, \u00e9s mikor a febru\u00e1ri gyertyaszentel\u0151 mis\u00e9n megl\u00e1tta az olt\u00e1r bal oldal\u00e1n Pendragon kir\u00e1ly szakadatlanul \u00f6ml\u0151 v\u00f6r\u00f6s haj\u00e1t, meg\u00e9rezte, hogy a sz\u00e9ps\u00e9g \u00e9ppolyan alkot\u00f3 r\u00e9sze a vil\u00e1gnak, mint a hal\u00e1los ki\u00e1br\u00e1ndults\u00e1g, \u00e9s \u00edgy nagyon \u201eteljes lelk\u0171\u201d asszony volt, noha erre azt\u00e1n igaz\u00e1n nem t\u00f6rekedett: a k\u00e9t f\u00e9rfi k\u00e9p\u00e9re gondolva, mag\u00e1ban hordta az \u00e9let k\u00e9t kulcs\u00e1t, a m\u0171v\u00e9szet\u00e9t \u00e9s a nihil\u00e9t.<\/p>\n\n\n\n<p class=\"has-text-align-right\"><em>M\u00e1ria tisztul\u00e1sa;<br>b\u0171n \u00e9s a term\u00e9szet rendje<\/em><\/p>\n\n\n\n<p>Mise ut\u00e1n Tintagel herceg besz\u00e9lt feles\u00e9ge egyik udvarh\u00f6lgy\u00e9vel, akin\u00e9l \u00e9rdekl\u0151d\u00f6tt, hogy nem beteg-e Igraine, nem panaszkodott-e reggel felkel\u00e9s ut\u00e1n migr\u00e9nr\u0151l vagy m\u00e1s eff\u00e9l\u00e9r\u0151l: hiszen oly k\u00fcl\u00f6n\u00f6sen viselkedett mise alatt. A h\u00f6lgy csak annyit tudott mondani, hogy a M\u00e1ria-\u00fcnnepek mindig is k\u00fcl\u00f6n\u00f6s asszonyi izgalomba hozt\u00e1k Igraine hercegn\u0151t: sokat k\u00e9rdez\u0151sk\u00f6d\u00f6tt egy udvari papn\u00e1l, hogy mi is ennek az \u00fcnnepnek az \u00e9rtelme, mi\u00e9rt kell megtisztulni M\u00e1ri\u00e1nak a sz\u00fcl\u00e9st\u0151l, mintha b\u0171n volna; ha meg nem b\u0171n, akkor nem \u00fcres j\u00e1t\u00e9k-e, vagy legal\u00e1bbis babon\u00e1s h\u00f3kusz-p\u00f3kusz a tisztul\u00e1si szertart\u00e1s; azon k\u00edv\u00fcl \u00fagyis r\u00e9gi, \u00f3sz\u00f6vets\u00e9gi dolog, minek ilyen r\u00e9g meghalt dolgokhoz ragaszkodni. Avagy ha val\u00f3ban indokolt a tisztul\u00e1s, akkor valami borzalmas kil\u00e1t\u00e1s ny\u00edlik azon gondolatra, hogy a term\u00e9szet maga is b\u0171n: a kankalin porz\u00f3j\u00e1ban \u00e9s bib\u00e9j\u00e9ben a s\u00e1t\u00e1n lakozik; cs\u00f3k, szerelem, h\u00e1zass\u00e1g, sz\u00fcl\u00e9s mind rossz, mind pokol \u00e9s lucifer. Ha meg \u00edgy van, att\u00f3l lehet f\u00e9lni \u2013 jegyezte meg Igraine az udvarh\u00f6lgynek, mikor elmes\u00e9lte, mir\u0151l t\u00e1rsalgott az udvari pappal \u2013, hogy nincs az a tisztul\u00e1si szertart\u00e1s, mely a baudelaire-i \u201eMal\u201d-t ki\u0171zze a vir\u00e1gok \u00e9s emberi testek m\u00e9ly\u00e9b\u0151l.<\/p>\n\n\n\n<p>Tintagel merengve, f\u00e1radt humorral hallgatta mindezt, \u00e9s a v\u00e9g\u00e9n rejtv\u00e9nyesen megjegyezte: \u201enem is tudtam, hogy egy v\u00f6r\u00f6s par\u00f3k\u00e1nak ilyen hossz\u00fa \u00e9s eretnek \u00e1rny\u00e9ka van egy n\u0151i l\u00e9lekben\u201d, s azzal k\u00fcl\u00f6n szob\u00e1j\u00e1ba rendelte a vacsor\u00e1t. Halat evett, \u00e9tv\u00e1gytalan l\u00e9v\u00e9n, abb\u00f3l is csak azokat a sov\u00e1nyakat, melyek csak annyira l\u00e1tszottak, mintha a t\u00e1ny\u00e9r rajzai voln\u00e1nak. Sz\u00f3val pillanatnyilag m\u00e1r asztalt\u00f3l el is v\u00e1lasztotta mag\u00e1t Igraine-t\u0151l. De \u00e1gyt\u00f3l?<\/p>\n\n\n\n<figure class=\"wp-block-gallery columns-1 is-cropped wp-block-gallery-1 is-layout-flex wp-block-gallery-is-layout-flex\"><ul class=\"blocks-gallery-grid\"><li class=\"blocks-gallery-item\"><figure><img loading=\"lazy\" decoding=\"async\" width=\"550\" height=\"773\" src=\"https:\/\/www.szentkuthymiklos.hu\/web\/wp-content\/uploads\/2020\/10\/apollo-reszlet.jpg\" alt=\"\" data-id=\"247\" data-full-url=\"https:\/\/www.szentkuthymiklos.hu\/web\/wp-content\/uploads\/2020\/10\/apollo-reszlet.jpg\" data-link=\"https:\/\/www.szentkuthymiklos.hu\/web\/regenyek\/pendragon-es-xiii-apollo\/reszlet\/apollo-reszlet\/\" class=\"wp-image-247\" srcset=\"https:\/\/www.szentkuthymiklos.hu\/web\/wp-content\/uploads\/2020\/10\/apollo-reszlet.jpg 550w, https:\/\/www.szentkuthymiklos.hu\/web\/wp-content\/uploads\/2020\/10\/apollo-reszlet-213x300.jpg 213w\" sizes=\"auto, (max-width: 550px) 100vw, 550px\" \/><figcaption class=\"blocks-gallery-item__caption\"><em>Szentkuthy Mikl\u00f3s<\/em><\/figcaption><\/figure><\/li><\/ul><\/figure>\n","protected":false},"excerpt":{"rendered":"<p>Szentkuthy Mikl\u00f3s: Pendragon \u00e9s XIII. Apoll\u00f3.Magvet\u0151, 2009.reg\u00e9nyr\u00e9szlet1946-47 Uther Pendragon sz\u00e9ps\u00e9geJ\u00e9zus a biz\u00e1nci mozaikokon p\u00e1sztor Uther Pendragonr\u00f3l sokan azt mondt\u00e1k, hogy sz\u00e9p volt, mint J\u00e9zus. Az udvar\u00e1ban volt egy eg\u00e9szen fiatal k\u00e1pl\u00e1n, s\u00e1padt \u00e9s izzadt, mint a korai r\u00fcgyek \u00e1ltal\u00e1ban, aki rettenetesen felh\u00e1borodott ezen a hasonlaton, mondv\u00e1n, hogy J\u00e9zusnak semmi k\u00f6ze a sz\u00e9ps\u00e9ghez, J\u00e9zus a j\u00f3s\u00e1g [&hellip;]<\/p>\n","protected":false},"author":2,"featured_media":0,"parent":31,"menu_order":1,"comment_status":"closed","ping_status":"closed","template":"","meta":{"footnotes":""},"categories":[3],"class_list":["post-33","page","type-page","status-publish","hentry","category-regenyek"],"_links":{"self":[{"href":"https:\/\/www.szentkuthymiklos.hu\/web\/wp-json\/wp\/v2\/pages\/33","targetHints":{"allow":["GET"]}}],"collection":[{"href":"https:\/\/www.szentkuthymiklos.hu\/web\/wp-json\/wp\/v2\/pages"}],"about":[{"href":"https:\/\/www.szentkuthymiklos.hu\/web\/wp-json\/wp\/v2\/types\/page"}],"author":[{"embeddable":true,"href":"https:\/\/www.szentkuthymiklos.hu\/web\/wp-json\/wp\/v2\/users\/2"}],"replies":[{"embeddable":true,"href":"https:\/\/www.szentkuthymiklos.hu\/web\/wp-json\/wp\/v2\/comments?post=33"}],"version-history":[{"count":4,"href":"https:\/\/www.szentkuthymiklos.hu\/web\/wp-json\/wp\/v2\/pages\/33\/revisions"}],"predecessor-version":[{"id":473,"href":"https:\/\/www.szentkuthymiklos.hu\/web\/wp-json\/wp\/v2\/pages\/33\/revisions\/473"}],"up":[{"embeddable":true,"href":"https:\/\/www.szentkuthymiklos.hu\/web\/wp-json\/wp\/v2\/pages\/31"}],"wp:attachment":[{"href":"https:\/\/www.szentkuthymiklos.hu\/web\/wp-json\/wp\/v2\/media?parent=33"}],"wp:term":[{"taxonomy":"category","embeddable":true,"href":"https:\/\/www.szentkuthymiklos.hu\/web\/wp-json\/wp\/v2\/categories?post=33"}],"curies":[{"name":"wp","href":"https:\/\/api.w.org\/{rel}","templated":true}]}}